{"id":4244,"date":"2022-02-02T08:00:02","date_gmt":"2022-02-02T06:00:02","guid":{"rendered":"https:\/\/theiner.net\/motorprosa-beta\/?page_id=4244"},"modified":"2023-12-19T17:37:41","modified_gmt":"2023-12-19T15:37:41","slug":"new-tales","status":"publish","type":"page","link":"https:\/\/www.motorprosa.com\/en\/new-tales\/","title":{"rendered":"New Tales"},"content":{"rendered":"\n<figure class=\"wp-block-image alignwide size-large\"><img decoding=\"async\" width=\"1024\" height=\"544\" data-src=\"https:\/\/b2642856.assetcdn.net\/2.0\/2642856\/wp-content\/uploads\/2021\/10\/motorprosa-blog-header-neue-geschichten-1-1024x544.jpg?lossy=1&strip=1&webp=1\" alt=\"MotorProsa: Neue Geschichten\" class=\"wp-image-4073 lazyload\" title=\"\" data-srcset=\"https:\/\/b2642856.assetcdn.net\/2.0\/2642856\/wp-content\/uploads\/2021\/10\/motorprosa-blog-header-neue-geschichten-1-1024x544.jpg?lossy=1&strip=1&webp=1 1024w, https:\/\/b2642856.assetcdn.net\/2.0\/2642856\/wp-content\/uploads\/2021\/10\/motorprosa-blog-header-neue-geschichten-1-300x159.jpg?lossy=1&strip=1&webp=1 300w, https:\/\/b2642856.assetcdn.net\/2.0\/2642856\/wp-content\/uploads\/2021\/10\/motorprosa-blog-header-neue-geschichten-1-1536x816.jpg?lossy=1&strip=1&webp=1 1536w, https:\/\/b2642856.assetcdn.net\/2.0\/2642856\/wp-content\/uploads\/2021\/10\/motorprosa-blog-header-neue-geschichten-1-1320x701.jpg?lossy=1&strip=1&webp=1 1320w, https:\/\/b2642856.assetcdn.net\/2.0\/2642856\/wp-content\/uploads\/2021\/10\/motorprosa-blog-header-neue-geschichten-1.jpg?lossy=1&strip=1&webp=1 2048w, https:\/\/b2642856.assetcdn.net\/2.0\/2642856\/wp-content\/uploads\/2021\/10\/motorprosa-blog-header-neue-geschichten-1.jpg?size=240x128&lossy=1&strip=1&webp=1 240w, https:\/\/b2642856.assetcdn.net\/2.0\/2642856\/wp-content\/uploads\/2021\/10\/motorprosa-blog-header-neue-geschichten-1.jpg?size=480x255&lossy=1&strip=1&webp=1 480w, https:\/\/b2642856.assetcdn.net\/2.0\/2642856\/wp-content\/uploads\/2021\/10\/motorprosa-blog-header-neue-geschichten-1.jpg?size=720x383&lossy=1&strip=1&webp=1 720w, https:\/\/b2642856.assetcdn.net\/2.0\/2642856\/wp-content\/uploads\/2021\/10\/motorprosa-blog-header-neue-geschichten-1.jpg?size=960x510&lossy=1&strip=1&webp=1 960w\" data-sizes=\"auto\" src=\"data:image\/svg+xml;base64,PHN2ZyB3aWR0aD0iMSIgaGVpZ2h0PSIxIiB4bWxucz0iaHR0cDovL3d3dy53My5vcmcvMjAwMC9zdmciPjwvc3ZnPg==\" style=\"--smush-placeholder-width: 1024px; --smush-placeholder-aspect-ratio: 1024\/544;\" data-original-sizes=\"(max-width: 1024px) 100vw, 1024px\" \/><\/figure>\n\n\n\n<p class=\"wp-block-paragraph\"><strong><em>All MotorProsa tales at a glance. Just click your way through!<\/em><\/strong><\/p>\n\n\n\n<figure class=\"wp-block-image size-large\"><img decoding=\"async\" width=\"1024\" height=\"60\" data-src=\"https:\/\/b2642856.assetcdn.net\/2.0\/2642856\/wp-content\/uploads\/2020\/02\/Trenner-1024x60-1.png?lossy=1&strip=1&webp=1\" alt=\"Das Symbol von MotorProsa: die F\u00fcllfeder.\" class=\"wp-image-441 lazyload\" title=\"MotorProsa: Motorrad-Geschichten, geschrieben mit Passion\" data-srcset=\"https:\/\/b2642856.assetcdn.net\/2.0\/2642856\/wp-content\/uploads\/2020\/02\/Trenner-1024x60-1.png?lossy=1&strip=1&webp=1 1024w, https:\/\/b2642856.assetcdn.net\/2.0\/2642856\/wp-content\/uploads\/2020\/02\/Trenner-1024x60-1-300x18.png?lossy=1&strip=1&webp=1 300w, https:\/\/b2642856.assetcdn.net\/2.0\/2642856\/wp-content\/uploads\/2020\/02\/Trenner-1024x60-1-768x45.png?lossy=1&strip=1&webp=1 768w, https:\/\/b2642856.assetcdn.net\/2.0\/2642856\/wp-content\/uploads\/2020\/02\/Trenner-1024x60-1.png?size=240x14&lossy=1&strip=1&webp=1 240w, https:\/\/b2642856.assetcdn.net\/2.0\/2642856\/wp-content\/uploads\/2020\/02\/Trenner-1024x60-1.png?size=480x28&lossy=1&strip=1&webp=1 480w, https:\/\/b2642856.assetcdn.net\/2.0\/2642856\/wp-content\/uploads\/2020\/02\/Trenner-1024x60-1.png?size=960x56&lossy=1&strip=1&webp=1 960w\" data-sizes=\"auto\" src=\"data:image\/svg+xml;base64,PHN2ZyB3aWR0aD0iMSIgaGVpZ2h0PSIxIiB4bWxucz0iaHR0cDovL3d3dy53My5vcmcvMjAwMC9zdmciPjwvc3ZnPg==\" style=\"--smush-placeholder-width: 1024px; --smush-placeholder-aspect-ratio: 1024\/60;\" data-original-sizes=\"(max-width: 1024px) 100vw, 1024px\" \/><\/figure>\n\n\n\n<div style=\"height:50px\" aria-hidden=\"true\" class=\"wp-block-spacer\"><\/div>\n\n\n\n\t\t\t<div class=\"wp-block-uagb-post-grid uagb-post-grid  uagb-post__image-position-top uagb-post__image-enabled uagb-block-4ab371ac     uagb-post__items uagb-post__columns-3 is-grid uagb-post__columns-tablet-2 uagb-post__columns-mobile-1\" data-total=\"1\" style=\"\">\n\n\t\t\t\t\t\t\t\t\t\t\t\t<article class=\"uagb-post__inner-wrap\">\t\t\t\t\t\t\t\t<div class='uagb-post__image'>\n\t\t\t\t\t\t\t\t\t<a href=\"https:\/\/www.motorprosa.com\/en\/one-year-with-the-tesla-model-3-long-range\/\" target=\"_self\" rel=\"bookmark noopener noreferrer\" class='uagb-image-ratio-inherit'><img decoding=\"async\" width=\"1024\" height=\"575\" data-src=\"https:\/\/b2642856.assetcdn.net\/2.0\/2642856\/wp-content\/uploads\/2023\/08\/MotorProsa-Blog-Header-Tesla-Model-3-1-Effekt-1024x575.jpg?lossy=1&strip=1&webp=1\" class=\"attachment-large size-large lazyload\" alt=\"\" data-srcset=\"https:\/\/b2642856.assetcdn.net\/2.0\/2642856\/wp-content\/uploads\/2023\/08\/MotorProsa-Blog-Header-Tesla-Model-3-1-Effekt-1024x575.jpg?lossy=1&strip=1&webp=1 1024w, https:\/\/b2642856.assetcdn.net\/2.0\/2642856\/wp-content\/uploads\/2023\/08\/MotorProsa-Blog-Header-Tesla-Model-3-1-Effekt-300x169.jpg?lossy=1&strip=1&webp=1 300w, https:\/\/b2642856.assetcdn.net\/2.0\/2642856\/wp-content\/uploads\/2023\/08\/MotorProsa-Blog-Header-Tesla-Model-3-1-Effekt-768x431.jpg?lossy=1&strip=1&webp=1 768w, https:\/\/b2642856.assetcdn.net\/2.0\/2642856\/wp-content\/uploads\/2023\/08\/MotorProsa-Blog-Header-Tesla-Model-3-1-Effekt.jpg?lossy=1&strip=1&webp=1 1200w, https:\/\/b2642856.assetcdn.net\/2.0\/2642856\/wp-content\/uploads\/2023\/08\/MotorProsa-Blog-Header-Tesla-Model-3-1-Effekt.jpg?size=240x135&lossy=1&strip=1&webp=1 240w, https:\/\/b2642856.assetcdn.net\/2.0\/2642856\/wp-content\/uploads\/2023\/08\/MotorProsa-Blog-Header-Tesla-Model-3-1-Effekt.jpg?size=480x270&lossy=1&strip=1&webp=1 480w, https:\/\/b2642856.assetcdn.net\/2.0\/2642856\/wp-content\/uploads\/2023\/08\/MotorProsa-Blog-Header-Tesla-Model-3-1-Effekt.jpg?size=960x539&lossy=1&strip=1&webp=1 960w\" data-sizes=\"auto\" title=\"\" src=\"data:image\/svg+xml;base64,PHN2ZyB3aWR0aD0iMSIgaGVpZ2h0PSIxIiB4bWxucz0iaHR0cDovL3d3dy53My5vcmcvMjAwMC9zdmciPjwvc3ZnPg==\" style=\"--smush-placeholder-width: 1024px; --smush-placeholder-aspect-ratio: 1024\/575;\" data-original-sizes=\"(max-width: 1024px) 100vw, 1024px\">\t\t\t\t\t<\/a>\n\t\t\t\t\t\t\t<\/div>\n\t\t\t\t\t\t<h4 class=\"uagb-post__title uagb-post__text\">\n\t\t\t\t<a href=\"https:\/\/www.motorprosa.com\/en\/one-year-with-the-tesla-model-3-long-range\/\" target=\"_self\" rel=\"bookmark noopener noreferrer\">One year with the Tesla Model 3 Long Range<\/a>\n\t\t\t<\/h4>\n\t\t\t\t\t\t<div class='uagb-post__text uagb-post-grid-byline'>\n\t\t\t\t\t\t\t\t<span class=\"uagb-post__comment\">\n\t\t\t\t<span class=\"dashicons-admin-comments dashicons\"><\/span>\t\t\t\t\tNo Comments\t\t\t\t<\/span>\n\t\t\t\t\t\t\t<div class=\"uagb-post__text\">\n\t\t\t\t\t<span class='uagb-post__taxonomy'>\n\t\t\t\t\t\t<span class=\"dashicons-tag dashicons\"><\/span>\t\t\t\t\t\t<a href=\"https:\/\/www.motorprosa.com\/en\/category\/electromobility\/\">Electromobility<\/a>,&nbsp;<a href=\"https:\/\/www.motorprosa.com\/en\/category\/tested\/\">Tested<\/a>\t\t\t\t\t<\/span>\n\t\t\t\t<\/div>\n\t\t\t\t\t\t\t<\/div>\n\t\t\t\t\t\t\t<div class='uagb-post__text uagb-post__excerpt'>\n\t\t\t\t\tField report on MotorProsa: One year with the Tesla Model 3 Long Range. How was that?\t\t\t\t<\/div>\n\t\t\t\n\t\t\t\t\t\t\t\t\t<\/article>\n\t\t\t\t\t\t\t\t\t\t\t\t\t\t\t\t<article class=\"uagb-post__inner-wrap\">\t\t\t\t\t\t\t\t<div class='uagb-post__image'>\n\t\t\t\t\t\t\t\t\t<a href=\"https:\/\/www.motorprosa.com\/en\/tested-vario-footrests-by-probrake\/\" target=\"_self\" rel=\"bookmark noopener noreferrer\" class='uagb-image-ratio-inherit'><img decoding=\"async\" width=\"1024\" height=\"575\" data-src=\"https:\/\/b2642856.assetcdn.net\/2.0\/2642856\/wp-content\/uploads\/2026\/06\/MotorProsa-Blog-Header-VarioFussrasten-von-Probrake-Effekt-1024x575.jpg?lossy=1&strip=1&webp=1\" class=\"attachment-large size-large lazyload\" alt=\"\" data-srcset=\"https:\/\/b2642856.assetcdn.net\/2.0\/2642856\/wp-content\/uploads\/2026\/06\/MotorProsa-Blog-Header-VarioFussrasten-von-Probrake-Effekt-1024x575.jpg?lossy=1&strip=1&webp=1 1024w, https:\/\/b2642856.assetcdn.net\/2.0\/2642856\/wp-content\/uploads\/2026\/06\/MotorProsa-Blog-Header-VarioFussrasten-von-Probrake-Effekt-300x169.jpg?lossy=1&strip=1&webp=1 300w, https:\/\/b2642856.assetcdn.net\/2.0\/2642856\/wp-content\/uploads\/2026\/06\/MotorProsa-Blog-Header-VarioFussrasten-von-Probrake-Effekt-768x431.jpg?lossy=1&strip=1&webp=1 768w, https:\/\/b2642856.assetcdn.net\/2.0\/2642856\/wp-content\/uploads\/2026\/06\/MotorProsa-Blog-Header-VarioFussrasten-von-Probrake-Effekt.jpg?lossy=1&strip=1&webp=1 1200w, https:\/\/b2642856.assetcdn.net\/2.0\/2642856\/wp-content\/uploads\/2026\/06\/MotorProsa-Blog-Header-VarioFussrasten-von-Probrake-Effekt.jpg?size=240x135&lossy=1&strip=1&webp=1 240w, https:\/\/b2642856.assetcdn.net\/2.0\/2642856\/wp-content\/uploads\/2026\/06\/MotorProsa-Blog-Header-VarioFussrasten-von-Probrake-Effekt.jpg?size=480x270&lossy=1&strip=1&webp=1 480w, https:\/\/b2642856.assetcdn.net\/2.0\/2642856\/wp-content\/uploads\/2026\/06\/MotorProsa-Blog-Header-VarioFussrasten-von-Probrake-Effekt.jpg?size=960x539&lossy=1&strip=1&webp=1 960w\" data-sizes=\"auto\" title=\"\" src=\"data:image\/svg+xml;base64,PHN2ZyB3aWR0aD0iMSIgaGVpZ2h0PSIxIiB4bWxucz0iaHR0cDovL3d3dy53My5vcmcvMjAwMC9zdmciPjwvc3ZnPg==\" style=\"--smush-placeholder-width: 1024px; --smush-placeholder-aspect-ratio: 1024\/575;\" data-original-sizes=\"(max-width: 1024px) 100vw, 1024px\">\t\t\t\t\t<\/a>\n\t\t\t\t\t\t\t<\/div>\n\t\t\t\t\t\t<h4 class=\"uagb-post__title uagb-post__text\">\n\t\t\t\t<a href=\"https:\/\/www.motorprosa.com\/en\/tested-vario-footrests-by-probrake\/\" target=\"_self\" rel=\"bookmark noopener noreferrer\">Tested: Vario footrests by probrake<\/a>\n\t\t\t<\/h4>\n\t\t\t\t\t\t<div class='uagb-post__text uagb-post-grid-byline'>\n\t\t\t\t\t\t\t\t<span class=\"uagb-post__comment\">\n\t\t\t\t<span class=\"dashicons-admin-comments dashicons\"><\/span>\t\t\t\t\tNo Comments\t\t\t\t<\/span>\n\t\t\t\t\t\t\t<div class=\"uagb-post__text\">\n\t\t\t\t\t<span class='uagb-post__taxonomy'>\n\t\t\t\t\t\t<span class=\"dashicons-tag dashicons\"><\/span>\t\t\t\t\t\t<a href=\"https:\/\/www.motorprosa.com\/en\/category\/tested\/\">Tested<\/a>\t\t\t\t\t<\/span>\n\t\t\t\t<\/div>\n\t\t\t\t\t\t\t<\/div>\n\t\t\t\t\t\t\t<div class='uagb-post__text uagb-post__excerpt'>\n\t\t\t\t\tIntroduction and review of the \u201cVario\u201d footrests from probrake. Another small step toward customizing my Zero SR\/F to suit me.\t\t\t\t<\/div>\n\t\t\t\n\t\t\t\t\t\t\t\t\t<\/article>\n\t\t\t\t\t\t\t\t\t\t\t\t\t\t\t\t<article class=\"uagb-post__inner-wrap\">\t\t\t\t\t\t\t\t<div class='uagb-post__image'>\n\t\t\t\t\t\t\t\t\t<a href=\"https:\/\/www.motorprosa.com\/en\/duoride-motorcycle-sharing-in-south-tyrol\/\" target=\"_self\" rel=\"bookmark noopener noreferrer\" class='uagb-image-ratio-inherit'><img decoding=\"async\" width=\"1024\" height=\"575\" data-src=\"https:\/\/b2642856.assetcdn.net\/2.0\/2642856\/wp-content\/uploads\/2026\/02\/MotorProsa-Blog-Header-DuoRide-Effekt-1024x575.jpg?lossy=1&strip=1&webp=1\" class=\"attachment-large size-large lazyload\" alt=\"\" data-srcset=\"https:\/\/b2642856.assetcdn.net\/2.0\/2642856\/wp-content\/uploads\/2026\/02\/MotorProsa-Blog-Header-DuoRide-Effekt-1024x575.jpg?lossy=1&strip=1&webp=1 1024w, https:\/\/b2642856.assetcdn.net\/2.0\/2642856\/wp-content\/uploads\/2026\/02\/MotorProsa-Blog-Header-DuoRide-Effekt-300x169.jpg?lossy=1&strip=1&webp=1 300w, https:\/\/b2642856.assetcdn.net\/2.0\/2642856\/wp-content\/uploads\/2026\/02\/MotorProsa-Blog-Header-DuoRide-Effekt-768x431.jpg?lossy=1&strip=1&webp=1 768w, https:\/\/b2642856.assetcdn.net\/2.0\/2642856\/wp-content\/uploads\/2026\/02\/MotorProsa-Blog-Header-DuoRide-Effekt.jpg?lossy=1&strip=1&webp=1 1200w, https:\/\/b2642856.assetcdn.net\/2.0\/2642856\/wp-content\/uploads\/2026\/02\/MotorProsa-Blog-Header-DuoRide-Effekt.jpg?size=240x135&lossy=1&strip=1&webp=1 240w, https:\/\/b2642856.assetcdn.net\/2.0\/2642856\/wp-content\/uploads\/2026\/02\/MotorProsa-Blog-Header-DuoRide-Effekt.jpg?size=480x270&lossy=1&strip=1&webp=1 480w, https:\/\/b2642856.assetcdn.net\/2.0\/2642856\/wp-content\/uploads\/2026\/02\/MotorProsa-Blog-Header-DuoRide-Effekt.jpg?size=960x539&lossy=1&strip=1&webp=1 960w\" data-sizes=\"auto\" title=\"\" src=\"data:image\/svg+xml;base64,PHN2ZyB3aWR0aD0iMSIgaGVpZ2h0PSIxIiB4bWxucz0iaHR0cDovL3d3dy53My5vcmcvMjAwMC9zdmciPjwvc3ZnPg==\" style=\"--smush-placeholder-width: 1024px; --smush-placeholder-aspect-ratio: 1024\/575;\" data-original-sizes=\"(max-width: 1024px) 100vw, 1024px\">\t\t\t\t\t<\/a>\n\t\t\t\t\t\t\t<\/div>\n\t\t\t\t\t\t<h4 class=\"uagb-post__title uagb-post__text\">\n\t\t\t\t<a href=\"https:\/\/www.motorprosa.com\/en\/duoride-motorcycle-sharing-in-south-tyrol\/\" target=\"_self\" rel=\"bookmark noopener noreferrer\">DuoRide \u2013 Motorcycle Sharing in South Tyrol<\/a>\n\t\t\t<\/h4>\n\t\t\t\t\t\t<div class='uagb-post__text uagb-post-grid-byline'>\n\t\t\t\t\t\t\t\t<span class=\"uagb-post__comment\">\n\t\t\t\t<span class=\"dashicons-admin-comments dashicons\"><\/span>\t\t\t\t\tNo Comments\t\t\t\t<\/span>\n\t\t\t\t\t\t\t<div class=\"uagb-post__text\">\n\t\t\t\t\t<span class='uagb-post__taxonomy'>\n\t\t\t\t\t\t<span class=\"dashicons-tag dashicons\"><\/span>\t\t\t\t\t\t<a href=\"https:\/\/www.motorprosa.com\/en\/category\/motorcycles\/\">Motorcycles<\/a>,&nbsp;<a href=\"https:\/\/www.motorprosa.com\/en\/category\/on-the-road\/\">On the Road<\/a>\t\t\t\t\t<\/span>\n\t\t\t\t<\/div>\n\t\t\t\t\t\t\t<\/div>\n\t\t\t\t\t\t\t<div class='uagb-post__text uagb-post__excerpt'>\n\t\t\t\t\tNew! An innovative idea to combat traffic congestion in the Alps: DuoRide South Tyrol\t\t\t\t<\/div>\n\t\t\t\n\t\t\t\t\t\t\t\t\t<\/article>\n\t\t\t\t\t\t\t\t\t\t\t\t\t\t\t\t<article class=\"uagb-post__inner-wrap\">\t\t\t\t\t\t\t\t<div class='uagb-post__image'>\n\t\t\t\t\t\t\t\t\t<a href=\"https:\/\/www.motorprosa.com\/en\/a-message-from-your-rear-brake\/\" target=\"_self\" rel=\"bookmark noopener noreferrer\" class='uagb-image-ratio-inherit'><img decoding=\"async\" width=\"1024\" height=\"575\" data-src=\"https:\/\/b2642856.assetcdn.net\/2.0\/2642856\/wp-content\/uploads\/2026\/02\/MotorProsa-Blog-Header-Eine-Nachricht-von-Deiner-Hinterradbremse-Effekt-1024x575.jpg?lossy=1&strip=1&webp=1\" class=\"attachment-large size-large lazyload\" alt=\"\" data-srcset=\"https:\/\/b2642856.assetcdn.net\/2.0\/2642856\/wp-content\/uploads\/2026\/02\/MotorProsa-Blog-Header-Eine-Nachricht-von-Deiner-Hinterradbremse-Effekt-1024x575.jpg?lossy=1&strip=1&webp=1 1024w, https:\/\/b2642856.assetcdn.net\/2.0\/2642856\/wp-content\/uploads\/2026\/02\/MotorProsa-Blog-Header-Eine-Nachricht-von-Deiner-Hinterradbremse-Effekt-300x169.jpg?lossy=1&strip=1&webp=1 300w, https:\/\/b2642856.assetcdn.net\/2.0\/2642856\/wp-content\/uploads\/2026\/02\/MotorProsa-Blog-Header-Eine-Nachricht-von-Deiner-Hinterradbremse-Effekt-768x431.jpg?lossy=1&strip=1&webp=1 768w, https:\/\/b2642856.assetcdn.net\/2.0\/2642856\/wp-content\/uploads\/2026\/02\/MotorProsa-Blog-Header-Eine-Nachricht-von-Deiner-Hinterradbremse-Effekt.jpg?lossy=1&strip=1&webp=1 1200w, https:\/\/b2642856.assetcdn.net\/2.0\/2642856\/wp-content\/uploads\/2026\/02\/MotorProsa-Blog-Header-Eine-Nachricht-von-Deiner-Hinterradbremse-Effekt.jpg?size=240x135&lossy=1&strip=1&webp=1 240w, https:\/\/b2642856.assetcdn.net\/2.0\/2642856\/wp-content\/uploads\/2026\/02\/MotorProsa-Blog-Header-Eine-Nachricht-von-Deiner-Hinterradbremse-Effekt.jpg?size=480x270&lossy=1&strip=1&webp=1 480w, https:\/\/b2642856.assetcdn.net\/2.0\/2642856\/wp-content\/uploads\/2026\/02\/MotorProsa-Blog-Header-Eine-Nachricht-von-Deiner-Hinterradbremse-Effekt.jpg?size=960x539&lossy=1&strip=1&webp=1 960w\" data-sizes=\"auto\" title=\"\" src=\"data:image\/svg+xml;base64,PHN2ZyB3aWR0aD0iMSIgaGVpZ2h0PSIxIiB4bWxucz0iaHR0cDovL3d3dy53My5vcmcvMjAwMC9zdmciPjwvc3ZnPg==\" style=\"--smush-placeholder-width: 1024px; --smush-placeholder-aspect-ratio: 1024\/575;\" data-original-sizes=\"(max-width: 1024px) 100vw, 1024px\">\t\t\t\t\t<\/a>\n\t\t\t\t\t\t\t<\/div>\n\t\t\t\t\t\t<h4 class=\"uagb-post__title uagb-post__text\">\n\t\t\t\t<a href=\"https:\/\/www.motorprosa.com\/en\/a-message-from-your-rear-brake\/\" target=\"_self\" rel=\"bookmark noopener noreferrer\">A message from your rear brake<\/a>\n\t\t\t<\/h4>\n\t\t\t\t\t\t<div class='uagb-post__text uagb-post-grid-byline'>\n\t\t\t\t\t\t\t\t<span class=\"uagb-post__comment\">\n\t\t\t\t<span class=\"dashicons-admin-comments dashicons\"><\/span>\t\t\t\t\tNo Comments\t\t\t\t<\/span>\n\t\t\t\t\t\t\t<div class=\"uagb-post__text\">\n\t\t\t\t\t<span class='uagb-post__taxonomy'>\n\t\t\t\t\t\t<span class=\"dashicons-tag dashicons\"><\/span>\t\t\t\t\t\t<a href=\"https:\/\/www.motorprosa.com\/en\/category\/a-message-from\/\">A Message from &#8230;<\/a>,&nbsp;<a href=\"https:\/\/www.motorprosa.com\/en\/category\/sarcasm\/\">Sarcasm<\/a>\t\t\t\t\t<\/span>\n\t\t\t\t<\/div>\n\t\t\t\t\t\t\t<\/div>\n\t\t\t\t\t\t\t<div class='uagb-post__text uagb-post__excerpt'>\n\t\t\t\t\tSocial Media Know-How: Real motorcyclists don&#8217;t use the rear brake. So I&#8217;m quite sure &#8211; we need to talk.\t\t\t\t<\/div>\n\t\t\t\n\t\t\t\t\t\t\t\t\t<\/article>\n\t\t\t\t\t\t\t\t\t\t\t\t\t\t\t\t<article class=\"uagb-post__inner-wrap\">\t\t\t\t\t\t\t\t<div class='uagb-post__image'>\n\t\t\t\t\t\t\t\t\t<a href=\"https:\/\/www.motorprosa.com\/en\/verge-ts-pro-the-trigger-donut\/\" target=\"_self\" rel=\"bookmark noopener noreferrer\" class='uagb-image-ratio-inherit'><img decoding=\"async\" width=\"1024\" height=\"559\" data-src=\"https:\/\/b2642856.assetcdn.net\/2.0\/2642856\/wp-content\/uploads\/2026\/01\/MotorProsa-Blog-Header-Verge-TS-Effekt-1-1024x559.jpg?lossy=1&strip=1&webp=1\" class=\"attachment-large size-large lazyload\" alt=\"\" data-srcset=\"https:\/\/b2642856.assetcdn.net\/2.0\/2642856\/wp-content\/uploads\/2026\/01\/MotorProsa-Blog-Header-Verge-TS-Effekt-1-1024x559.jpg?lossy=1&strip=1&webp=1 1024w, https:\/\/b2642856.assetcdn.net\/2.0\/2642856\/wp-content\/uploads\/2026\/01\/MotorProsa-Blog-Header-Verge-TS-Effekt-1-300x164.jpg?lossy=1&strip=1&webp=1 300w, https:\/\/b2642856.assetcdn.net\/2.0\/2642856\/wp-content\/uploads\/2026\/01\/MotorProsa-Blog-Header-Verge-TS-Effekt-1-768x419.jpg?lossy=1&strip=1&webp=1 768w, https:\/\/b2642856.assetcdn.net\/2.0\/2642856\/wp-content\/uploads\/2026\/01\/MotorProsa-Blog-Header-Verge-TS-Effekt-1.jpg?lossy=1&strip=1&webp=1 1200w, https:\/\/b2642856.assetcdn.net\/2.0\/2642856\/wp-content\/uploads\/2026\/01\/MotorProsa-Blog-Header-Verge-TS-Effekt-1.jpg?size=240x131&lossy=1&strip=1&webp=1 240w, https:\/\/b2642856.assetcdn.net\/2.0\/2642856\/wp-content\/uploads\/2026\/01\/MotorProsa-Blog-Header-Verge-TS-Effekt-1.jpg?size=480x262&lossy=1&strip=1&webp=1 480w, https:\/\/b2642856.assetcdn.net\/2.0\/2642856\/wp-content\/uploads\/2026\/01\/MotorProsa-Blog-Header-Verge-TS-Effekt-1.jpg?size=960x524&lossy=1&strip=1&webp=1 960w\" data-sizes=\"auto\" title=\"\" src=\"data:image\/svg+xml;base64,PHN2ZyB3aWR0aD0iMSIgaGVpZ2h0PSIxIiB4bWxucz0iaHR0cDovL3d3dy53My5vcmcvMjAwMC9zdmciPjwvc3ZnPg==\" style=\"--smush-placeholder-width: 1024px; --smush-placeholder-aspect-ratio: 1024\/559;\" data-original-sizes=\"(max-width: 1024px) 100vw, 1024px\">\t\t\t\t\t<\/a>\n\t\t\t\t\t\t\t<\/div>\n\t\t\t\t\t\t<h4 class=\"uagb-post__title uagb-post__text\">\n\t\t\t\t<a href=\"https:\/\/www.motorprosa.com\/en\/verge-ts-pro-the-trigger-donut\/\" target=\"_self\" rel=\"bookmark noopener noreferrer\">Verge TS Pro \u2013 The Trigger Donut<\/a>\n\t\t\t<\/h4>\n\t\t\t\t\t\t<div class='uagb-post__text uagb-post-grid-byline'>\n\t\t\t\t\t\t\t\t<span class=\"uagb-post__comment\">\n\t\t\t\t<span class=\"dashicons-admin-comments dashicons\"><\/span>\t\t\t\t\tNo Comments\t\t\t\t<\/span>\n\t\t\t\t\t\t\t<div class=\"uagb-post__text\">\n\t\t\t\t\t<span class='uagb-post__taxonomy'>\n\t\t\t\t\t\t<span class=\"dashicons-tag dashicons\"><\/span>\t\t\t\t\t\t<a href=\"https:\/\/www.motorprosa.com\/en\/category\/electromobility\/\">Electromobility<\/a>,&nbsp;<a href=\"https:\/\/www.motorprosa.com\/en\/category\/motorcycles\/\">Motorcycles<\/a>\t\t\t\t\t<\/span>\n\t\t\t\t<\/div>\n\t\t\t\t\t\t\t<\/div>\n\t\t\t\t\t\t\t<div class='uagb-post__text uagb-post__excerpt'>\n\t\t\t\t\tElectric motorcycle, reimagined. The Verge TS Pro breaks down all previous boundaries.\t\t\t\t<\/div>\n\t\t\t\n\t\t\t\t\t\t\t\t\t<\/article>\n\t\t\t\t\t\t\t\t\t\t\t\t\t\t\t\t<article class=\"uagb-post__inner-wrap\">\t\t\t\t\t\t\t\t<div class='uagb-post__image'>\n\t\t\t\t\t\t\t\t\t<a href=\"https:\/\/www.motorprosa.com\/en\/2026-whats-coming-whats-staying\/\" target=\"_self\" rel=\"bookmark noopener noreferrer\" class='uagb-image-ratio-inherit'><img decoding=\"async\" width=\"1024\" height=\"575\" data-src=\"https:\/\/b2642856.assetcdn.net\/2.0\/2642856\/wp-content\/uploads\/2026\/01\/MotorProsa-Blog-Header-2026-Was-Wird-Was-Bleibt-1-Effekt-1024x575.jpg?lossy=1&strip=1&webp=1\" class=\"attachment-large size-large lazyload\" alt=\"\" data-srcset=\"https:\/\/b2642856.assetcdn.net\/2.0\/2642856\/wp-content\/uploads\/2026\/01\/MotorProsa-Blog-Header-2026-Was-Wird-Was-Bleibt-1-Effekt-1024x575.jpg?lossy=1&strip=1&webp=1 1024w, https:\/\/b2642856.assetcdn.net\/2.0\/2642856\/wp-content\/uploads\/2026\/01\/MotorProsa-Blog-Header-2026-Was-Wird-Was-Bleibt-1-Effekt-300x169.jpg?lossy=1&strip=1&webp=1 300w, https:\/\/b2642856.assetcdn.net\/2.0\/2642856\/wp-content\/uploads\/2026\/01\/MotorProsa-Blog-Header-2026-Was-Wird-Was-Bleibt-1-Effekt-768x431.jpg?lossy=1&strip=1&webp=1 768w, https:\/\/b2642856.assetcdn.net\/2.0\/2642856\/wp-content\/uploads\/2026\/01\/MotorProsa-Blog-Header-2026-Was-Wird-Was-Bleibt-1-Effekt.jpg?lossy=1&strip=1&webp=1 1200w, https:\/\/b2642856.assetcdn.net\/2.0\/2642856\/wp-content\/uploads\/2026\/01\/MotorProsa-Blog-Header-2026-Was-Wird-Was-Bleibt-1-Effekt.jpg?size=240x135&lossy=1&strip=1&webp=1 240w, https:\/\/b2642856.assetcdn.net\/2.0\/2642856\/wp-content\/uploads\/2026\/01\/MotorProsa-Blog-Header-2026-Was-Wird-Was-Bleibt-1-Effekt.jpg?size=480x270&lossy=1&strip=1&webp=1 480w, https:\/\/b2642856.assetcdn.net\/2.0\/2642856\/wp-content\/uploads\/2026\/01\/MotorProsa-Blog-Header-2026-Was-Wird-Was-Bleibt-1-Effekt.jpg?size=960x539&lossy=1&strip=1&webp=1 960w\" data-sizes=\"auto\" title=\"\" src=\"data:image\/svg+xml;base64,PHN2ZyB3aWR0aD0iMSIgaGVpZ2h0PSIxIiB4bWxucz0iaHR0cDovL3d3dy53My5vcmcvMjAwMC9zdmciPjwvc3ZnPg==\" style=\"--smush-placeholder-width: 1024px; --smush-placeholder-aspect-ratio: 1024\/575;\" data-original-sizes=\"(max-width: 1024px) 100vw, 1024px\">\t\t\t\t\t<\/a>\n\t\t\t\t\t\t\t<\/div>\n\t\t\t\t\t\t<h4 class=\"uagb-post__title uagb-post__text\">\n\t\t\t\t<a href=\"https:\/\/www.motorprosa.com\/en\/2026-whats-coming-whats-staying\/\" target=\"_self\" rel=\"bookmark noopener noreferrer\">2026 \u2013 What&#8217;s Coming, What&#8217;s Staying?<\/a>\n\t\t\t<\/h4>\n\t\t\t\t\t\t<div class='uagb-post__text uagb-post-grid-byline'>\n\t\t\t\t\t\t\t\t<span class=\"uagb-post__comment\">\n\t\t\t\t<span class=\"dashicons-admin-comments dashicons\"><\/span>\t\t\t\t\tNo Comments\t\t\t\t<\/span>\n\t\t\t\t\t\t\t<div class=\"uagb-post__text\">\n\t\t\t\t\t<span class='uagb-post__taxonomy'>\n\t\t\t\t\t\t<span class=\"dashicons-tag dashicons\"><\/span>\t\t\t\t\t\t<a href=\"https:\/\/www.motorprosa.com\/en\/category\/motorcycles\/\">Motorcycles<\/a>,&nbsp;<a href=\"https:\/\/www.motorprosa.com\/en\/category\/sarcasm\/\">Sarcasm<\/a>\t\t\t\t\t<\/span>\n\t\t\t\t<\/div>\n\t\t\t\t\t\t\t<\/div>\n\t\t\t\t\t\t\t<div class='uagb-post__text uagb-post__excerpt'>\n\t\t\t\t\tA \u2013 not always entirely serious \u2013 thought experiment looking ahead to the 2026 motorcycle season. What\u2019s coming, and what\u2019s here to stay?\t\t\t\t<\/div>\n\t\t\t\n\t\t\t\t\t\t\t\t\t<\/article>\n\t\t\t\t\t\t\t\t\t\t\t\t\t\t\t\t<article class=\"uagb-post__inner-wrap\">\t\t\t\t\t\t\t\t<div class='uagb-post__image'>\n\t\t\t\t\t\t\t\t\t<a href=\"https:\/\/www.motorprosa.com\/en\/winglets-or-when-motorcycles-learn-to-fly\/\" target=\"_self\" rel=\"bookmark noopener noreferrer\" class='uagb-image-ratio-inherit'><img decoding=\"async\" width=\"1024\" height=\"575\" data-src=\"https:\/\/b2642856.assetcdn.net\/2.0\/2642856\/wp-content\/uploads\/2025\/12\/MotorProsa-Blog-Header-Wenn-Motorraeder-Fliegen-Lernen-1-Effekt-1024x575.jpg?lossy=1&strip=1&webp=1\" class=\"attachment-large size-large lazyload\" alt=\"\" data-srcset=\"https:\/\/b2642856.assetcdn.net\/2.0\/2642856\/wp-content\/uploads\/2025\/12\/MotorProsa-Blog-Header-Wenn-Motorraeder-Fliegen-Lernen-1-Effekt-1024x575.jpg?lossy=1&strip=1&webp=1 1024w, https:\/\/b2642856.assetcdn.net\/2.0\/2642856\/wp-content\/uploads\/2025\/12\/MotorProsa-Blog-Header-Wenn-Motorraeder-Fliegen-Lernen-1-Effekt-300x169.jpg?lossy=1&strip=1&webp=1 300w, https:\/\/b2642856.assetcdn.net\/2.0\/2642856\/wp-content\/uploads\/2025\/12\/MotorProsa-Blog-Header-Wenn-Motorraeder-Fliegen-Lernen-1-Effekt-768x431.jpg?lossy=1&strip=1&webp=1 768w, https:\/\/b2642856.assetcdn.net\/2.0\/2642856\/wp-content\/uploads\/2025\/12\/MotorProsa-Blog-Header-Wenn-Motorraeder-Fliegen-Lernen-1-Effekt.jpg?lossy=1&strip=1&webp=1 1200w, https:\/\/b2642856.assetcdn.net\/2.0\/2642856\/wp-content\/uploads\/2025\/12\/MotorProsa-Blog-Header-Wenn-Motorraeder-Fliegen-Lernen-1-Effekt.jpg?size=240x135&lossy=1&strip=1&webp=1 240w, https:\/\/b2642856.assetcdn.net\/2.0\/2642856\/wp-content\/uploads\/2025\/12\/MotorProsa-Blog-Header-Wenn-Motorraeder-Fliegen-Lernen-1-Effekt.jpg?size=480x270&lossy=1&strip=1&webp=1 480w, https:\/\/b2642856.assetcdn.net\/2.0\/2642856\/wp-content\/uploads\/2025\/12\/MotorProsa-Blog-Header-Wenn-Motorraeder-Fliegen-Lernen-1-Effekt.jpg?size=960x539&lossy=1&strip=1&webp=1 960w\" data-sizes=\"auto\" title=\"\" src=\"data:image\/svg+xml;base64,PHN2ZyB3aWR0aD0iMSIgaGVpZ2h0PSIxIiB4bWxucz0iaHR0cDovL3d3dy53My5vcmcvMjAwMC9zdmciPjwvc3ZnPg==\" style=\"--smush-placeholder-width: 1024px; --smush-placeholder-aspect-ratio: 1024\/575;\" data-original-sizes=\"(max-width: 1024px) 100vw, 1024px\">\t\t\t\t\t<\/a>\n\t\t\t\t\t\t\t<\/div>\n\t\t\t\t\t\t<h4 class=\"uagb-post__title uagb-post__text\">\n\t\t\t\t<a href=\"https:\/\/www.motorprosa.com\/en\/winglets-or-when-motorcycles-learn-to-fly\/\" target=\"_self\" rel=\"bookmark noopener noreferrer\">Winglets, or: When Motorcycles Learn to Fly<\/a>\n\t\t\t<\/h4>\n\t\t\t\t\t\t<div class='uagb-post__text uagb-post-grid-byline'>\n\t\t\t\t\t\t\t\t<span class=\"uagb-post__comment\">\n\t\t\t\t<span class=\"dashicons-admin-comments dashicons\"><\/span>\t\t\t\t\tNo Comments\t\t\t\t<\/span>\n\t\t\t\t\t\t\t<div class=\"uagb-post__text\">\n\t\t\t\t\t<span class='uagb-post__taxonomy'>\n\t\t\t\t\t\t<span class=\"dashicons-tag dashicons\"><\/span>\t\t\t\t\t\t<a href=\"https:\/\/www.motorprosa.com\/en\/category\/motorcycles\/\">Motorcycles<\/a>\t\t\t\t\t<\/span>\n\t\t\t\t<\/div>\n\t\t\t\t\t\t\t<\/div>\n\t\t\t\t\t\t\t<div class='uagb-post__text uagb-post__excerpt'>\n\t\t\t\t\tWinglets \u2013 Today&#8217;s sport motorcycles are coming equipped with increasingly powerful winglets on their fairings. This needs to be discussed.\t\t\t\t<\/div>\n\t\t\t\n\t\t\t\t\t\t\t\t\t<\/article>\n\t\t\t\t\t\t\t\t\t\t\t\t\t\t\t\t<article class=\"uagb-post__inner-wrap\">\t\t\t\t\t\t\t\t<div class='uagb-post__image'>\n\t\t\t\t\t\t\t\t\t<a href=\"https:\/\/www.motorprosa.com\/en\/stilfser-joch-abseits-der-kehren-the-movie\/\" target=\"_self\" rel=\"bookmark noopener noreferrer\" class='uagb-image-ratio-inherit'><img decoding=\"async\" width=\"1024\" height=\"591\" data-src=\"https:\/\/b2642856.assetcdn.net\/2.0\/2642856\/wp-content\/uploads\/2025\/09\/MotorProsa-Blog-Header-Abseits-der-Kehren-Effekt-1024x591.jpg?lossy=1&strip=1&webp=1\" class=\"attachment-large size-large lazyload\" alt=\"MotorProsa Blog: Header &quot;Das Stilfser Joch \u2013 Abseits der Kehren&quot;\" data-srcset=\"https:\/\/b2642856.assetcdn.net\/2.0\/2642856\/wp-content\/uploads\/2025\/09\/MotorProsa-Blog-Header-Abseits-der-Kehren-Effekt-1024x591.jpg?lossy=1&strip=1&webp=1 1024w, https:\/\/b2642856.assetcdn.net\/2.0\/2642856\/wp-content\/uploads\/2025\/09\/MotorProsa-Blog-Header-Abseits-der-Kehren-Effekt-300x173.jpg?lossy=1&strip=1&webp=1 300w, https:\/\/b2642856.assetcdn.net\/2.0\/2642856\/wp-content\/uploads\/2025\/09\/MotorProsa-Blog-Header-Abseits-der-Kehren-Effekt-768x443.jpg?lossy=1&strip=1&webp=1 768w, https:\/\/b2642856.assetcdn.net\/2.0\/2642856\/wp-content\/uploads\/2025\/09\/MotorProsa-Blog-Header-Abseits-der-Kehren-Effekt.jpg?lossy=1&strip=1&webp=1 1200w, https:\/\/b2642856.assetcdn.net\/2.0\/2642856\/wp-content\/uploads\/2025\/09\/MotorProsa-Blog-Header-Abseits-der-Kehren-Effekt.jpg?size=240x139&lossy=1&strip=1&webp=1 240w, https:\/\/b2642856.assetcdn.net\/2.0\/2642856\/wp-content\/uploads\/2025\/09\/MotorProsa-Blog-Header-Abseits-der-Kehren-Effekt.jpg?size=480x277&lossy=1&strip=1&webp=1 480w, https:\/\/b2642856.assetcdn.net\/2.0\/2642856\/wp-content\/uploads\/2025\/09\/MotorProsa-Blog-Header-Abseits-der-Kehren-Effekt.jpg?size=960x554&lossy=1&strip=1&webp=1 960w\" data-sizes=\"auto\" title=\"\" src=\"data:image\/svg+xml;base64,PHN2ZyB3aWR0aD0iMSIgaGVpZ2h0PSIxIiB4bWxucz0iaHR0cDovL3d3dy53My5vcmcvMjAwMC9zdmciPjwvc3ZnPg==\" style=\"--smush-placeholder-width: 1024px; --smush-placeholder-aspect-ratio: 1024\/591;\" data-original-sizes=\"(max-width: 1024px) 100vw, 1024px\">\t\t\t\t\t<\/a>\n\t\t\t\t\t\t\t<\/div>\n\t\t\t\t\t\t<h4 class=\"uagb-post__title uagb-post__text\">\n\t\t\t\t<a href=\"https:\/\/www.motorprosa.com\/en\/stilfser-joch-abseits-der-kehren-the-movie\/\" target=\"_self\" rel=\"bookmark noopener noreferrer\">Stilfser Joch \u2013 Abseits der Kehren. The Movie.<\/a>\n\t\t\t<\/h4>\n\t\t\t\t\t\t<div class='uagb-post__text uagb-post-grid-byline'>\n\t\t\t\t\t\t\t\t<span class=\"uagb-post__comment\">\n\t\t\t\t<span class=\"dashicons-admin-comments dashicons\"><\/span>\t\t\t\t\tNo Comments\t\t\t\t<\/span>\n\t\t\t\t\t\t\t<div class=\"uagb-post__text\">\n\t\t\t\t\t<span class='uagb-post__taxonomy'>\n\t\t\t\t\t\t<span class=\"dashicons-tag dashicons\"><\/span>\t\t\t\t\t\t<a href=\"https:\/\/www.motorprosa.com\/en\/category\/200-years-stelvio-pass\/\">200 years Stelvio Pass<\/a>,&nbsp;<a href=\"https:\/\/www.motorprosa.com\/en\/category\/on-the-road\/\">On the Road<\/a>\t\t\t\t\t<\/span>\n\t\t\t\t<\/div>\n\t\t\t\t\t\t\t<\/div>\n\t\t\t\t\t\t\t<div class='uagb-post__text uagb-post__excerpt'>\n\t\t\t\t\tA special movie marking the 200th anniversary of the legendary Alpine road. Online from December 6!\t\t\t\t<\/div>\n\t\t\t\n\t\t\t\t\t\t\t\t\t<\/article>\n\t\t\t\t\t\t\t\t\t\t\t\t\t\t\t\t<article class=\"uagb-post__inner-wrap\">\t\t\t\t\t\t\t\t<div class='uagb-post__image'>\n\t\t\t\t\t\t\t\t\t<a href=\"https:\/\/www.motorprosa.com\/en\/the-stelvio-pass-rediscovered-after-30-years\/\" target=\"_self\" rel=\"bookmark noopener noreferrer\" class='uagb-image-ratio-inherit'><img decoding=\"async\" width=\"1024\" height=\"575\" data-src=\"https:\/\/b2642856.assetcdn.net\/2.0\/2642856\/wp-content\/uploads\/2025\/08\/MotorProsa-Blog-Header-Stilfserjoch-Neu-Entdeckt-1-Effekt-1024x575.jpg?lossy=1&strip=1&webp=1\" class=\"attachment-large size-large lazyload\" alt=\"\" data-srcset=\"https:\/\/b2642856.assetcdn.net\/2.0\/2642856\/wp-content\/uploads\/2025\/08\/MotorProsa-Blog-Header-Stilfserjoch-Neu-Entdeckt-1-Effekt-1024x575.jpg?lossy=1&strip=1&webp=1 1024w, https:\/\/b2642856.assetcdn.net\/2.0\/2642856\/wp-content\/uploads\/2025\/08\/MotorProsa-Blog-Header-Stilfserjoch-Neu-Entdeckt-1-Effekt-300x169.jpg?lossy=1&strip=1&webp=1 300w, https:\/\/b2642856.assetcdn.net\/2.0\/2642856\/wp-content\/uploads\/2025\/08\/MotorProsa-Blog-Header-Stilfserjoch-Neu-Entdeckt-1-Effekt-768x431.jpg?lossy=1&strip=1&webp=1 768w, https:\/\/b2642856.assetcdn.net\/2.0\/2642856\/wp-content\/uploads\/2025\/08\/MotorProsa-Blog-Header-Stilfserjoch-Neu-Entdeckt-1-Effekt.jpg?lossy=1&strip=1&webp=1 1200w, https:\/\/b2642856.assetcdn.net\/2.0\/2642856\/wp-content\/uploads\/2025\/08\/MotorProsa-Blog-Header-Stilfserjoch-Neu-Entdeckt-1-Effekt.jpg?size=240x135&lossy=1&strip=1&webp=1 240w, https:\/\/b2642856.assetcdn.net\/2.0\/2642856\/wp-content\/uploads\/2025\/08\/MotorProsa-Blog-Header-Stilfserjoch-Neu-Entdeckt-1-Effekt.jpg?size=480x270&lossy=1&strip=1&webp=1 480w, https:\/\/b2642856.assetcdn.net\/2.0\/2642856\/wp-content\/uploads\/2025\/08\/MotorProsa-Blog-Header-Stilfserjoch-Neu-Entdeckt-1-Effekt.jpg?size=960x539&lossy=1&strip=1&webp=1 960w\" data-sizes=\"auto\" title=\"\" src=\"data:image\/svg+xml;base64,PHN2ZyB3aWR0aD0iMSIgaGVpZ2h0PSIxIiB4bWxucz0iaHR0cDovL3d3dy53My5vcmcvMjAwMC9zdmciPjwvc3ZnPg==\" style=\"--smush-placeholder-width: 1024px; --smush-placeholder-aspect-ratio: 1024\/575;\" data-original-sizes=\"(max-width: 1024px) 100vw, 1024px\">\t\t\t\t\t<\/a>\n\t\t\t\t\t\t\t<\/div>\n\t\t\t\t\t\t<h4 class=\"uagb-post__title uagb-post__text\">\n\t\t\t\t<a href=\"https:\/\/www.motorprosa.com\/en\/the-stelvio-pass-rediscovered-after-30-years\/\" target=\"_self\" rel=\"bookmark noopener noreferrer\">The Stelvio Pass \u2013 rediscovered after 30 years<\/a>\n\t\t\t<\/h4>\n\t\t\t\t\t\t<div class='uagb-post__text uagb-post-grid-byline'>\n\t\t\t\t\t\t\t\t<span class=\"uagb-post__comment\">\n\t\t\t\t<span class=\"dashicons-admin-comments dashicons\"><\/span>\t\t\t\t\tNo Comments\t\t\t\t<\/span>\n\t\t\t\t\t\t\t<div class=\"uagb-post__text\">\n\t\t\t\t\t<span class='uagb-post__taxonomy'>\n\t\t\t\t\t\t<span class=\"dashicons-tag dashicons\"><\/span>\t\t\t\t\t\t<a href=\"https:\/\/www.motorprosa.com\/en\/category\/200-years-stelvio-pass\/\">200 years Stelvio Pass<\/a>,&nbsp;<a href=\"https:\/\/www.motorprosa.com\/en\/category\/on-the-road\/\">On the Road<\/a>\t\t\t\t\t<\/span>\n\t\t\t\t<\/div>\n\t\t\t\t\t\t\t<\/div>\n\t\t\t\t\t\t\t<div class='uagb-post__text uagb-post__excerpt'>\n\t\t\t\t\tFor a long time, I thought I knew all the secrets of the Stelvio Pass\u2014but recently I learned that this is far from the truth.\t\t\t\t<\/div>\n\t\t\t\n\t\t\t\t\t\t\t\t\t<\/article>\n\t\t\t\t\t\t\t\t\t\t\t\t\t\t\t\t<article class=\"uagb-post__inner-wrap\">\t\t\t\t\t\t\t\t<div class='uagb-post__image'>\n\t\t\t\t\t\t\t\t\t<a href=\"https:\/\/www.motorprosa.com\/en\/when-motorcycles-learn-to-think\/\" target=\"_self\" rel=\"bookmark noopener noreferrer\" class='uagb-image-ratio-inherit'><img decoding=\"async\" width=\"1024\" height=\"575\" data-src=\"https:\/\/b2642856.assetcdn.net\/2.0\/2642856\/wp-content\/uploads\/2025\/08\/MotorProsa-Blog-Header-Wenn-Motorraeder-denken-Effekt-1024x575.jpg?lossy=1&strip=1&webp=1\" class=\"attachment-large size-large lazyload\" alt=\"\" data-srcset=\"https:\/\/b2642856.assetcdn.net\/2.0\/2642856\/wp-content\/uploads\/2025\/08\/MotorProsa-Blog-Header-Wenn-Motorraeder-denken-Effekt-1024x575.jpg?lossy=1&strip=1&webp=1 1024w, https:\/\/b2642856.assetcdn.net\/2.0\/2642856\/wp-content\/uploads\/2025\/08\/MotorProsa-Blog-Header-Wenn-Motorraeder-denken-Effekt-300x169.jpg?lossy=1&strip=1&webp=1 300w, https:\/\/b2642856.assetcdn.net\/2.0\/2642856\/wp-content\/uploads\/2025\/08\/MotorProsa-Blog-Header-Wenn-Motorraeder-denken-Effekt-768x431.jpg?lossy=1&strip=1&webp=1 768w, https:\/\/b2642856.assetcdn.net\/2.0\/2642856\/wp-content\/uploads\/2025\/08\/MotorProsa-Blog-Header-Wenn-Motorraeder-denken-Effekt.jpg?lossy=1&strip=1&webp=1 1200w, https:\/\/b2642856.assetcdn.net\/2.0\/2642856\/wp-content\/uploads\/2025\/08\/MotorProsa-Blog-Header-Wenn-Motorraeder-denken-Effekt.jpg?size=240x135&lossy=1&strip=1&webp=1 240w, https:\/\/b2642856.assetcdn.net\/2.0\/2642856\/wp-content\/uploads\/2025\/08\/MotorProsa-Blog-Header-Wenn-Motorraeder-denken-Effekt.jpg?size=480x270&lossy=1&strip=1&webp=1 480w, https:\/\/b2642856.assetcdn.net\/2.0\/2642856\/wp-content\/uploads\/2025\/08\/MotorProsa-Blog-Header-Wenn-Motorraeder-denken-Effekt.jpg?size=960x539&lossy=1&strip=1&webp=1 960w\" data-sizes=\"auto\" title=\"\" src=\"data:image\/svg+xml;base64,PHN2ZyB3aWR0aD0iMSIgaGVpZ2h0PSIxIiB4bWxucz0iaHR0cDovL3d3dy53My5vcmcvMjAwMC9zdmciPjwvc3ZnPg==\" style=\"--smush-placeholder-width: 1024px; --smush-placeholder-aspect-ratio: 1024\/575;\" data-original-sizes=\"(max-width: 1024px) 100vw, 1024px\">\t\t\t\t\t<\/a>\n\t\t\t\t\t\t\t<\/div>\n\t\t\t\t\t\t<h4 class=\"uagb-post__title uagb-post__text\">\n\t\t\t\t<a href=\"https:\/\/www.motorprosa.com\/en\/when-motorcycles-learn-to-think\/\" target=\"_self\" rel=\"bookmark noopener noreferrer\">When Motorcycles learn to think<\/a>\n\t\t\t<\/h4>\n\t\t\t\t\t\t<div class='uagb-post__text uagb-post-grid-byline'>\n\t\t\t\t\t\t\t\t<span class=\"uagb-post__comment\">\n\t\t\t\t<span class=\"dashicons-admin-comments dashicons\"><\/span>\t\t\t\t\tNo Comments\t\t\t\t<\/span>\n\t\t\t\t\t\t\t<div class=\"uagb-post__text\">\n\t\t\t\t\t<span class='uagb-post__taxonomy'>\n\t\t\t\t\t\t<span class=\"dashicons-tag dashicons\"><\/span>\t\t\t\t\t\t<a href=\"https:\/\/www.motorprosa.com\/en\/category\/motorcycles\/\">Motorcycles<\/a>\t\t\t\t\t<\/span>\n\t\t\t\t<\/div>\n\t\t\t\t\t\t\t<\/div>\n\t\t\t\t\t\t\t<div class='uagb-post__text uagb-post__excerpt'>\n\t\t\t\t\tThree high-tech motorcycles, one conclusion: progress does not make everything better. \t\t\t\t<\/div>\n\t\t\t\n\t\t\t\t\t\t\t\t\t<\/article>\n\t\t\t\t\t\t\t\t\t\t\t\t\t\t\t\t<article class=\"uagb-post__inner-wrap\">\t\t\t\t\t\t\t\t<div class='uagb-post__image'>\n\t\t\t\t\t\t\t\t\t<a href=\"https:\/\/www.motorprosa.com\/en\/my-best-motorcycle-tour-in-2024\/\" target=\"_self\" rel=\"bookmark noopener noreferrer\" class='uagb-image-ratio-inherit'><img decoding=\"async\" width=\"1024\" height=\"575\" data-src=\"https:\/\/b2642856.assetcdn.net\/2.0\/2642856\/wp-content\/uploads\/2025\/05\/MotorProsa-Blog-Header-Schoenste-Motorradtour-2024-1-Effekt-1024x575.jpg?lossy=1&strip=1&webp=1\" class=\"attachment-large size-large lazyload\" alt=\"Eine Person mit Motorradhelm und Handschuhen sitzt auf einer felsigen Landschaft mit Bergen im Hintergrund. Sie formt mit den behandschuhten H\u00e4nden ein Herz, durch dessen Mitte die untergehende Sonne scheint und einen Sterneneffekt erzeugt. Der Himmel ist teils bew\u00f6lkt, Sonnenstrahlen durchziehen die Szene.\" data-srcset=\"https:\/\/b2642856.assetcdn.net\/2.0\/2642856\/wp-content\/uploads\/2025\/05\/MotorProsa-Blog-Header-Schoenste-Motorradtour-2024-1-Effekt-1024x575.jpg?lossy=1&strip=1&webp=1 1024w, https:\/\/b2642856.assetcdn.net\/2.0\/2642856\/wp-content\/uploads\/2025\/05\/MotorProsa-Blog-Header-Schoenste-Motorradtour-2024-1-Effekt-300x169.jpg?lossy=1&strip=1&webp=1 300w, https:\/\/b2642856.assetcdn.net\/2.0\/2642856\/wp-content\/uploads\/2025\/05\/MotorProsa-Blog-Header-Schoenste-Motorradtour-2024-1-Effekt-768x431.jpg?lossy=1&strip=1&webp=1 768w, https:\/\/b2642856.assetcdn.net\/2.0\/2642856\/wp-content\/uploads\/2025\/05\/MotorProsa-Blog-Header-Schoenste-Motorradtour-2024-1-Effekt.jpg?lossy=1&strip=1&webp=1 1200w, https:\/\/b2642856.assetcdn.net\/2.0\/2642856\/wp-content\/uploads\/2025\/05\/MotorProsa-Blog-Header-Schoenste-Motorradtour-2024-1-Effekt.jpg?size=240x135&lossy=1&strip=1&webp=1 240w, https:\/\/b2642856.assetcdn.net\/2.0\/2642856\/wp-content\/uploads\/2025\/05\/MotorProsa-Blog-Header-Schoenste-Motorradtour-2024-1-Effekt.jpg?size=480x270&lossy=1&strip=1&webp=1 480w, https:\/\/b2642856.assetcdn.net\/2.0\/2642856\/wp-content\/uploads\/2025\/05\/MotorProsa-Blog-Header-Schoenste-Motorradtour-2024-1-Effekt.jpg?size=960x539&lossy=1&strip=1&webp=1 960w\" data-sizes=\"auto\" title=\"\" src=\"data:image\/svg+xml;base64,PHN2ZyB3aWR0aD0iMSIgaGVpZ2h0PSIxIiB4bWxucz0iaHR0cDovL3d3dy53My5vcmcvMjAwMC9zdmciPjwvc3ZnPg==\" style=\"--smush-placeholder-width: 1024px; --smush-placeholder-aspect-ratio: 1024\/575;\" data-original-sizes=\"(max-width: 1024px) 100vw, 1024px\">\t\t\t\t\t<\/a>\n\t\t\t\t\t\t\t<\/div>\n\t\t\t\t\t\t<h4 class=\"uagb-post__title uagb-post__text\">\n\t\t\t\t<a href=\"https:\/\/www.motorprosa.com\/en\/my-best-motorcycle-tour-in-2024\/\" target=\"_self\" rel=\"bookmark noopener noreferrer\">My best motorcycle tour in 2024<\/a>\n\t\t\t<\/h4>\n\t\t\t\t\t\t<div class='uagb-post__text uagb-post-grid-byline'>\n\t\t\t\t\t\t\t\t<span class=\"uagb-post__comment\">\n\t\t\t\t<span class=\"dashicons-admin-comments dashicons\"><\/span>\t\t\t\t\tNo Comments\t\t\t\t<\/span>\n\t\t\t\t\t\t\t<div class=\"uagb-post__text\">\n\t\t\t\t\t<span class='uagb-post__taxonomy'>\n\t\t\t\t\t\t<span class=\"dashicons-tag dashicons\"><\/span>\t\t\t\t\t\t<a href=\"https:\/\/www.motorprosa.com\/en\/category\/motorcycles\/\">Motorcycles<\/a>\t\t\t\t\t<\/span>\n\t\t\t\t<\/div>\n\t\t\t\t\t\t\t<\/div>\n\t\t\t\t\t\t\t<div class='uagb-post__text uagb-post__excerpt'>\n\t\t\t\t\tMy best motorcycle tour of 2024 &#8211; only two days and an unimpressive 650 kilometers in Switzerland. Stunning and beautiful! Let me tell you why.\t\t\t\t<\/div>\n\t\t\t\n\t\t\t\t\t\t\t\t\t<\/article>\n\t\t\t\t\t\t\t\t\t\t\t\t\t\t\t\t<article class=\"uagb-post__inner-wrap\">\t\t\t\t\t\t\t\t<div class='uagb-post__image'>\n\t\t\t\t\t\t\t\t\t<a href=\"https:\/\/www.motorprosa.com\/en\/electric-motorcycles-fact-check-in-the-alps\/\" target=\"_self\" rel=\"bookmark noopener noreferrer\" class='uagb-image-ratio-inherit'><img decoding=\"async\" width=\"1024\" height=\"575\" data-src=\"https:\/\/b2642856.assetcdn.net\/2.0\/2642856\/wp-content\/uploads\/2025\/04\/MotorProsa-Blog-Header-Zero-Verbrauchsfahrt-Effekt-1024x575.jpg?lossy=1&strip=1&webp=1\" class=\"attachment-large size-large lazyload\" alt=\"\" data-srcset=\"https:\/\/b2642856.assetcdn.net\/2.0\/2642856\/wp-content\/uploads\/2025\/04\/MotorProsa-Blog-Header-Zero-Verbrauchsfahrt-Effekt-1024x575.jpg?lossy=1&strip=1&webp=1 1024w, https:\/\/b2642856.assetcdn.net\/2.0\/2642856\/wp-content\/uploads\/2025\/04\/MotorProsa-Blog-Header-Zero-Verbrauchsfahrt-Effekt-300x169.jpg?lossy=1&strip=1&webp=1 300w, https:\/\/b2642856.assetcdn.net\/2.0\/2642856\/wp-content\/uploads\/2025\/04\/MotorProsa-Blog-Header-Zero-Verbrauchsfahrt-Effekt-768x431.jpg?lossy=1&strip=1&webp=1 768w, https:\/\/b2642856.assetcdn.net\/2.0\/2642856\/wp-content\/uploads\/2025\/04\/MotorProsa-Blog-Header-Zero-Verbrauchsfahrt-Effekt.jpg?lossy=1&strip=1&webp=1 1200w, https:\/\/b2642856.assetcdn.net\/2.0\/2642856\/wp-content\/uploads\/2025\/04\/MotorProsa-Blog-Header-Zero-Verbrauchsfahrt-Effekt.jpg?size=240x135&lossy=1&strip=1&webp=1 240w, https:\/\/b2642856.assetcdn.net\/2.0\/2642856\/wp-content\/uploads\/2025\/04\/MotorProsa-Blog-Header-Zero-Verbrauchsfahrt-Effekt.jpg?size=480x270&lossy=1&strip=1&webp=1 480w, https:\/\/b2642856.assetcdn.net\/2.0\/2642856\/wp-content\/uploads\/2025\/04\/MotorProsa-Blog-Header-Zero-Verbrauchsfahrt-Effekt.jpg?size=960x539&lossy=1&strip=1&webp=1 960w\" data-sizes=\"auto\" title=\"\" src=\"data:image\/svg+xml;base64,PHN2ZyB3aWR0aD0iMSIgaGVpZ2h0PSIxIiB4bWxucz0iaHR0cDovL3d3dy53My5vcmcvMjAwMC9zdmciPjwvc3ZnPg==\" style=\"--smush-placeholder-width: 1024px; --smush-placeholder-aspect-ratio: 1024\/575;\" data-original-sizes=\"(max-width: 1024px) 100vw, 1024px\">\t\t\t\t\t<\/a>\n\t\t\t\t\t\t\t<\/div>\n\t\t\t\t\t\t<h4 class=\"uagb-post__title uagb-post__text\">\n\t\t\t\t<a href=\"https:\/\/www.motorprosa.com\/en\/electric-motorcycles-fact-check-in-the-alps\/\" target=\"_self\" rel=\"bookmark noopener noreferrer\">Electric motorcycles \u2013 fact check in the Alps<\/a>\n\t\t\t<\/h4>\n\t\t\t\t\t\t<div class='uagb-post__text uagb-post-grid-byline'>\n\t\t\t\t\t\t\t\t<span class=\"uagb-post__comment\">\n\t\t\t\t<span class=\"dashicons-admin-comments dashicons\"><\/span>\t\t\t\t\tNo Comments\t\t\t\t<\/span>\n\t\t\t\t\t\t\t<div class=\"uagb-post__text\">\n\t\t\t\t\t<span class='uagb-post__taxonomy'>\n\t\t\t\t\t\t<span class=\"dashicons-tag dashicons\"><\/span>\t\t\t\t\t\t<a href=\"https:\/\/www.motorprosa.com\/en\/category\/electromobility\/\">Electromobility<\/a>,&nbsp;<a href=\"https:\/\/www.motorprosa.com\/en\/category\/motorcycles\/harley-davidson-en\/\">Harley Davidson<\/a>,&nbsp;<a href=\"https:\/\/www.motorprosa.com\/en\/category\/motorcycles\/\">Motorcycles<\/a>,&nbsp;<a href=\"https:\/\/www.motorprosa.com\/en\/category\/motorcycles\/zero-motorcycles\/\">Zero Motorcycles<\/a>\t\t\t\t\t<\/span>\n\t\t\t\t<\/div>\n\t\t\t\t\t\t\t<\/div>\n\t\t\t\t\t\t\t<div class='uagb-post__text uagb-post__excerpt'>\n\t\t\t\t\tWe wanted to know exactly &#8211; my friend Ralf and I do the fact check. The report of our fuel consumption trip with a Zero&#8230;\t\t\t\t<\/div>\n\t\t\t\n\t\t\t\t\t\t\t\t\t<\/article>\n\t\t\t\t\t\t\t\t\t\t\t\t\t\t\t\t<article class=\"uagb-post__inner-wrap\">\t\t\t\t\t\t\t\t<div class='uagb-post__image'>\n\t\t\t\t\t\t\t\t\t<a href=\"https:\/\/www.motorprosa.com\/en\/stelvio-pass-on-a-bicycle\/\" target=\"_self\" rel=\"bookmark noopener noreferrer\" class='uagb-image-ratio-inherit'><img decoding=\"async\" width=\"1024\" height=\"575\" data-src=\"https:\/\/b2642856.assetcdn.net\/2.0\/2642856\/wp-content\/uploads\/2025\/01\/MotorProsa-Blog-Header-Mit-dem-Fahrrad-aufs-Joch-Effekt-1024x575.jpg?lossy=1&strip=1&webp=1\" class=\"attachment-large size-large lazyload\" alt=\"\" data-srcset=\"https:\/\/b2642856.assetcdn.net\/2.0\/2642856\/wp-content\/uploads\/2025\/01\/MotorProsa-Blog-Header-Mit-dem-Fahrrad-aufs-Joch-Effekt-1024x575.jpg?lossy=1&strip=1&webp=1 1024w, https:\/\/b2642856.assetcdn.net\/2.0\/2642856\/wp-content\/uploads\/2025\/01\/MotorProsa-Blog-Header-Mit-dem-Fahrrad-aufs-Joch-Effekt-300x169.jpg?lossy=1&strip=1&webp=1 300w, https:\/\/b2642856.assetcdn.net\/2.0\/2642856\/wp-content\/uploads\/2025\/01\/MotorProsa-Blog-Header-Mit-dem-Fahrrad-aufs-Joch-Effekt-768x431.jpg?lossy=1&strip=1&webp=1 768w, https:\/\/b2642856.assetcdn.net\/2.0\/2642856\/wp-content\/uploads\/2025\/01\/MotorProsa-Blog-Header-Mit-dem-Fahrrad-aufs-Joch-Effekt.jpg?lossy=1&strip=1&webp=1 1200w, https:\/\/b2642856.assetcdn.net\/2.0\/2642856\/wp-content\/uploads\/2025\/01\/MotorProsa-Blog-Header-Mit-dem-Fahrrad-aufs-Joch-Effekt.jpg?size=240x135&lossy=1&strip=1&webp=1 240w, https:\/\/b2642856.assetcdn.net\/2.0\/2642856\/wp-content\/uploads\/2025\/01\/MotorProsa-Blog-Header-Mit-dem-Fahrrad-aufs-Joch-Effekt.jpg?size=480x270&lossy=1&strip=1&webp=1 480w, https:\/\/b2642856.assetcdn.net\/2.0\/2642856\/wp-content\/uploads\/2025\/01\/MotorProsa-Blog-Header-Mit-dem-Fahrrad-aufs-Joch-Effekt.jpg?size=960x539&lossy=1&strip=1&webp=1 960w\" data-sizes=\"auto\" title=\"\" src=\"data:image\/svg+xml;base64,PHN2ZyB3aWR0aD0iMSIgaGVpZ2h0PSIxIiB4bWxucz0iaHR0cDovL3d3dy53My5vcmcvMjAwMC9zdmciPjwvc3ZnPg==\" style=\"--smush-placeholder-width: 1024px; --smush-placeholder-aspect-ratio: 1024\/575;\" data-original-sizes=\"(max-width: 1024px) 100vw, 1024px\">\t\t\t\t\t<\/a>\n\t\t\t\t\t\t\t<\/div>\n\t\t\t\t\t\t<h4 class=\"uagb-post__title uagb-post__text\">\n\t\t\t\t<a href=\"https:\/\/www.motorprosa.com\/en\/stelvio-pass-on-a-bicycle\/\" target=\"_self\" rel=\"bookmark noopener noreferrer\">Stelvio Pass on a bicycle<\/a>\n\t\t\t<\/h4>\n\t\t\t\t\t\t<div class='uagb-post__text uagb-post-grid-byline'>\n\t\t\t\t\t\t\t\t<span class=\"uagb-post__comment\">\n\t\t\t\t<span class=\"dashicons-admin-comments dashicons\"><\/span>\t\t\t\t\t1 Comment\t\t\t\t<\/span>\n\t\t\t\t\t\t\t<div class=\"uagb-post__text\">\n\t\t\t\t\t<span class='uagb-post__taxonomy'>\n\t\t\t\t\t\t<span class=\"dashicons-tag dashicons\"><\/span>\t\t\t\t\t\t<a href=\"https:\/\/www.motorprosa.com\/en\/category\/about-me\/project-2018\/\">Project 2018<\/a>,&nbsp;<a href=\"https:\/\/www.motorprosa.com\/en\/category\/200-years-stelvio-pass\/\">200 years Stelvio Pass<\/a>\t\t\t\t\t<\/span>\n\t\t\t\t<\/div>\n\t\t\t\t\t\t\t<\/div>\n\t\t\t\t\t\t\t<div class='uagb-post__text uagb-post__excerpt'>\n\t\t\t\t\tA long-cherished dream: getting up to the Stelvio Pass on a bicycle. I was able to fulfil it in late autumn 2018 after a long&#8230;\t\t\t\t<\/div>\n\t\t\t\n\t\t\t\t\t\t\t\t\t<\/article>\n\t\t\t\t\t\t\t\t\t\t\t\t\t\t\t\t<article class=\"uagb-post__inner-wrap\">\t\t\t\t\t\t\t\t<div class='uagb-post__image'>\n\t\t\t\t\t\t\t\t\t<a href=\"https:\/\/www.motorprosa.com\/en\/alpine-passes-my-top-10\/\" target=\"_self\" rel=\"bookmark noopener noreferrer\" class='uagb-image-ratio-inherit'><img decoding=\"async\" width=\"1024\" height=\"575\" data-src=\"https:\/\/b2642856.assetcdn.net\/2.0\/2642856\/wp-content\/uploads\/2025\/01\/MotorProsa-Blog-Header-Top-10-Alpenpaesse-Effekt-1024x575.jpg?lossy=1&strip=1&webp=1\" class=\"attachment-large size-large lazyload\" alt=\"MotorProsa Blog: Meine Top 10-Alpenp\u00e4sse (Header)\n(Foto: www.moppetfoto.de\" data-srcset=\"https:\/\/b2642856.assetcdn.net\/2.0\/2642856\/wp-content\/uploads\/2025\/01\/MotorProsa-Blog-Header-Top-10-Alpenpaesse-Effekt-1024x575.jpg?lossy=1&strip=1&webp=1 1024w, https:\/\/b2642856.assetcdn.net\/2.0\/2642856\/wp-content\/uploads\/2025\/01\/MotorProsa-Blog-Header-Top-10-Alpenpaesse-Effekt-300x169.jpg?lossy=1&strip=1&webp=1 300w, https:\/\/b2642856.assetcdn.net\/2.0\/2642856\/wp-content\/uploads\/2025\/01\/MotorProsa-Blog-Header-Top-10-Alpenpaesse-Effekt-768x431.jpg?lossy=1&strip=1&webp=1 768w, https:\/\/b2642856.assetcdn.net\/2.0\/2642856\/wp-content\/uploads\/2025\/01\/MotorProsa-Blog-Header-Top-10-Alpenpaesse-Effekt.jpg?lossy=1&strip=1&webp=1 1200w, https:\/\/b2642856.assetcdn.net\/2.0\/2642856\/wp-content\/uploads\/2025\/01\/MotorProsa-Blog-Header-Top-10-Alpenpaesse-Effekt.jpg?size=240x135&lossy=1&strip=1&webp=1 240w, https:\/\/b2642856.assetcdn.net\/2.0\/2642856\/wp-content\/uploads\/2025\/01\/MotorProsa-Blog-Header-Top-10-Alpenpaesse-Effekt.jpg?size=480x270&lossy=1&strip=1&webp=1 480w, https:\/\/b2642856.assetcdn.net\/2.0\/2642856\/wp-content\/uploads\/2025\/01\/MotorProsa-Blog-Header-Top-10-Alpenpaesse-Effekt.jpg?size=960x539&lossy=1&strip=1&webp=1 960w\" data-sizes=\"auto\" title=\"\" src=\"data:image\/svg+xml;base64,PHN2ZyB3aWR0aD0iMSIgaGVpZ2h0PSIxIiB4bWxucz0iaHR0cDovL3d3dy53My5vcmcvMjAwMC9zdmciPjwvc3ZnPg==\" style=\"--smush-placeholder-width: 1024px; --smush-placeholder-aspect-ratio: 1024\/575;\" data-original-sizes=\"(max-width: 1024px) 100vw, 1024px\">\t\t\t\t\t<\/a>\n\t\t\t\t\t\t\t<\/div>\n\t\t\t\t\t\t<h4 class=\"uagb-post__title uagb-post__text\">\n\t\t\t\t<a href=\"https:\/\/www.motorprosa.com\/en\/alpine-passes-my-top-10\/\" target=\"_self\" rel=\"bookmark noopener noreferrer\">Alpine passes: My top 10<\/a>\n\t\t\t<\/h4>\n\t\t\t\t\t\t<div class='uagb-post__text uagb-post-grid-byline'>\n\t\t\t\t\t\t\t\t<span class=\"uagb-post__comment\">\n\t\t\t\t<span class=\"dashicons-admin-comments dashicons\"><\/span>\t\t\t\t\t2 Comments\t\t\t\t<\/span>\n\t\t\t\t\t\t\t<div class=\"uagb-post__text\">\n\t\t\t\t\t<span class='uagb-post__taxonomy'>\n\t\t\t\t\t\t<span class=\"dashicons-tag dashicons\"><\/span>\t\t\t\t\t\t<a href=\"https:\/\/www.motorprosa.com\/en\/category\/200-years-stelvio-pass\/\">200 years Stelvio Pass<\/a>,&nbsp;<a href=\"https:\/\/www.motorprosa.com\/en\/category\/dream-roads\/\">Dream Roads<\/a>,&nbsp;<a href=\"https:\/\/www.motorprosa.com\/en\/category\/on-the-road\/\">On the Road<\/a>\t\t\t\t\t<\/span>\n\t\t\t\t<\/div>\n\t\t\t\t\t\t\t<\/div>\n\t\t\t\t\t\t\t<div class='uagb-post__text uagb-post__excerpt'>\n\t\t\t\t\t<p><span class=\"wtr-time-wrap block after-title\">Lesedauer \/\/ Reading time: <span class=\"wtr-time-number\">1<\/span> Min.<\/span> I learned to ride a motorcycle on the Stelvio Pass. Over 30 years ago, I steered into one of the 48 famous hairpin bends&#8230;\t\t\t\t<\/div>\n\t\t\t\n\t\t\t\t\t\t\t\t\t<\/article>\n\t\t\t\t\t\t\t\t\t\t\t\t\t\t\t\t<article class=\"uagb-post__inner-wrap\">\t\t\t\t\t\t\t\t<div class='uagb-post__image'>\n\t\t\t\t\t\t\t\t\t<a href=\"https:\/\/www.motorprosa.com\/en\/2024-a-year-full-of-stories-and-curves\/\" target=\"_self\" rel=\"bookmark noopener noreferrer\" class='uagb-image-ratio-inherit'><img decoding=\"async\" width=\"1024\" height=\"575\" data-src=\"https:\/\/b2642856.assetcdn.net\/2.0\/2642856\/wp-content\/uploads\/2024\/12\/MotorProsa-Blog-Header-Jahresrueckblick-2024-Effekt-1024x575.jpg?lossy=1&strip=1&webp=1\" class=\"attachment-large size-large lazyload\" alt=\"Das Bild zeigt eine Strassenszene in den Alpen. Ein Motorradfahrer f\u00e4hrt in der Bildmitte eine kurvige Pass-Strasse entlang - die Strasse ist von St\u00fctzmauern aus Naturstein begrenzt. Im Hintergrund sind an den Bergh\u00e4ngen vereeinzelte Nadelb\u00e4ume zu erkennen.\" data-srcset=\"https:\/\/b2642856.assetcdn.net\/2.0\/2642856\/wp-content\/uploads\/2024\/12\/MotorProsa-Blog-Header-Jahresrueckblick-2024-Effekt-1024x575.jpg?lossy=1&strip=1&webp=1 1024w, https:\/\/b2642856.assetcdn.net\/2.0\/2642856\/wp-content\/uploads\/2024\/12\/MotorProsa-Blog-Header-Jahresrueckblick-2024-Effekt-300x169.jpg?lossy=1&strip=1&webp=1 300w, https:\/\/b2642856.assetcdn.net\/2.0\/2642856\/wp-content\/uploads\/2024\/12\/MotorProsa-Blog-Header-Jahresrueckblick-2024-Effekt-768x431.jpg?lossy=1&strip=1&webp=1 768w, https:\/\/b2642856.assetcdn.net\/2.0\/2642856\/wp-content\/uploads\/2024\/12\/MotorProsa-Blog-Header-Jahresrueckblick-2024-Effekt.jpg?lossy=1&strip=1&webp=1 1200w, https:\/\/b2642856.assetcdn.net\/2.0\/2642856\/wp-content\/uploads\/2024\/12\/MotorProsa-Blog-Header-Jahresrueckblick-2024-Effekt.jpg?size=240x135&lossy=1&strip=1&webp=1 240w, https:\/\/b2642856.assetcdn.net\/2.0\/2642856\/wp-content\/uploads\/2024\/12\/MotorProsa-Blog-Header-Jahresrueckblick-2024-Effekt.jpg?size=480x270&lossy=1&strip=1&webp=1 480w, https:\/\/b2642856.assetcdn.net\/2.0\/2642856\/wp-content\/uploads\/2024\/12\/MotorProsa-Blog-Header-Jahresrueckblick-2024-Effekt.jpg?size=960x539&lossy=1&strip=1&webp=1 960w\" data-sizes=\"auto\" title=\"\" src=\"data:image\/svg+xml;base64,PHN2ZyB3aWR0aD0iMSIgaGVpZ2h0PSIxIiB4bWxucz0iaHR0cDovL3d3dy53My5vcmcvMjAwMC9zdmciPjwvc3ZnPg==\" style=\"--smush-placeholder-width: 1024px; --smush-placeholder-aspect-ratio: 1024\/575;\" data-original-sizes=\"(max-width: 1024px) 100vw, 1024px\">\t\t\t\t\t<\/a>\n\t\t\t\t\t\t\t<\/div>\n\t\t\t\t\t\t<h4 class=\"uagb-post__title uagb-post__text\">\n\t\t\t\t<a href=\"https:\/\/www.motorprosa.com\/en\/2024-a-year-full-of-stories-and-curves\/\" target=\"_self\" rel=\"bookmark noopener noreferrer\">2024: A year full of stories and curves<\/a>\n\t\t\t<\/h4>\n\t\t\t\t\t\t<div class='uagb-post__text uagb-post-grid-byline'>\n\t\t\t\t\t\t\t\t<span class=\"uagb-post__comment\">\n\t\t\t\t<span class=\"dashicons-admin-comments dashicons\"><\/span>\t\t\t\t\tNo Comments\t\t\t\t<\/span>\n\t\t\t\t\t\t\t<div class=\"uagb-post__text\">\n\t\t\t\t\t<span class='uagb-post__taxonomy'>\n\t\t\t\t\t\t<span class=\"dashicons-tag dashicons\"><\/span>\t\t\t\t\t\t<a href=\"https:\/\/www.motorprosa.com\/en\/category\/thoughts\/\">Thoughts<\/a>,&nbsp;<a href=\"https:\/\/www.motorprosa.com\/en\/category\/about-me\/\">About Me<\/a>\t\t\t\t\t<\/span>\n\t\t\t\t<\/div>\n\t\t\t\t\t\t\t<\/div>\n\t\t\t\t\t\t\t<div class='uagb-post__text uagb-post__excerpt'>\n\t\t\t\t\tMy review of the past, eventful 2024. \t\t\t\t<\/div>\n\t\t\t\n\t\t\t\t\t\t\t\t\t<\/article>\n\t\t\t\t\t\t\t\t\t\t\t\t\t\t\t\t<article class=\"uagb-post__inner-wrap\">\t\t\t\t\t\t\t\t<div class='uagb-post__image'>\n\t\t\t\t\t\t\t\t\t<a href=\"https:\/\/www.motorprosa.com\/en\/100000-kilometres-on-the-ducati-748s\/\" target=\"_self\" rel=\"bookmark noopener noreferrer\" class='uagb-image-ratio-inherit'><img decoding=\"async\" width=\"1024\" height=\"575\" data-src=\"https:\/\/b2642856.assetcdn.net\/2.0\/2642856\/wp-content\/uploads\/2023\/03\/MotorProsa-Blog-Header-Zieh-Dich-an-in-Pakistan-Effekt-1024x575.jpg?lossy=1&strip=1&webp=1\" class=\"attachment-large size-large lazyload\" alt=\"\" data-srcset=\"https:\/\/b2642856.assetcdn.net\/2.0\/2642856\/wp-content\/uploads\/2023\/03\/MotorProsa-Blog-Header-Zieh-Dich-an-in-Pakistan-Effekt-1024x575.jpg?lossy=1&strip=1&webp=1 1024w, https:\/\/b2642856.assetcdn.net\/2.0\/2642856\/wp-content\/uploads\/2023\/03\/MotorProsa-Blog-Header-Zieh-Dich-an-in-Pakistan-Effekt-300x169.jpg?lossy=1&strip=1&webp=1 300w, https:\/\/b2642856.assetcdn.net\/2.0\/2642856\/wp-content\/uploads\/2023\/03\/MotorProsa-Blog-Header-Zieh-Dich-an-in-Pakistan-Effekt-768x431.jpg?lossy=1&strip=1&webp=1 768w, https:\/\/b2642856.assetcdn.net\/2.0\/2642856\/wp-content\/uploads\/2023\/03\/MotorProsa-Blog-Header-Zieh-Dich-an-in-Pakistan-Effekt.jpg?lossy=1&strip=1&webp=1 1200w, https:\/\/b2642856.assetcdn.net\/2.0\/2642856\/wp-content\/uploads\/2023\/03\/MotorProsa-Blog-Header-Zieh-Dich-an-in-Pakistan-Effekt.jpg?size=240x135&lossy=1&strip=1&webp=1 240w, https:\/\/b2642856.assetcdn.net\/2.0\/2642856\/wp-content\/uploads\/2023\/03\/MotorProsa-Blog-Header-Zieh-Dich-an-in-Pakistan-Effekt.jpg?size=480x270&lossy=1&strip=1&webp=1 480w, https:\/\/b2642856.assetcdn.net\/2.0\/2642856\/wp-content\/uploads\/2023\/03\/MotorProsa-Blog-Header-Zieh-Dich-an-in-Pakistan-Effekt.jpg?size=960x539&lossy=1&strip=1&webp=1 960w\" data-sizes=\"auto\" title=\"\" src=\"data:image\/svg+xml;base64,PHN2ZyB3aWR0aD0iMSIgaGVpZ2h0PSIxIiB4bWxucz0iaHR0cDovL3d3dy53My5vcmcvMjAwMC9zdmciPjwvc3ZnPg==\" style=\"--smush-placeholder-width: 1024px; --smush-placeholder-aspect-ratio: 1024\/575;\" data-original-sizes=\"(max-width: 1024px) 100vw, 1024px\">\t\t\t\t\t<\/a>\n\t\t\t\t\t\t\t<\/div>\n\t\t\t\t\t\t<h4 class=\"uagb-post__title uagb-post__text\">\n\t\t\t\t<a href=\"https:\/\/www.motorprosa.com\/en\/100000-kilometres-on-the-ducati-748s\/\" target=\"_self\" rel=\"bookmark noopener noreferrer\">100,000 kilometres on the Ducati 748s<\/a>\n\t\t\t<\/h4>\n\t\t\t\t\t\t<div class='uagb-post__text uagb-post-grid-byline'>\n\t\t\t\t\t\t\t\t<span class=\"uagb-post__comment\">\n\t\t\t\t<span class=\"dashicons-admin-comments dashicons\"><\/span>\t\t\t\t\tNo Comments\t\t\t\t<\/span>\n\t\t\t\t\t\t\t<div class=\"uagb-post__text\">\n\t\t\t\t\t<span class='uagb-post__taxonomy'>\n\t\t\t\t\t\t<span class=\"dashicons-tag dashicons\"><\/span>\t\t\t\t\t\t<a href=\"https:\/\/www.motorprosa.com\/en\/category\/motorcycles\/ducati-en\/\">Ducati<\/a>,&nbsp;<a href=\"https:\/\/www.motorprosa.com\/en\/category\/motorcycles\/\">Motorcycles<\/a>\t\t\t\t\t<\/span>\n\t\t\t\t<\/div>\n\t\t\t\t\t\t\t<\/div>\n\t\t\t\t\t\t\t<div class='uagb-post__text uagb-post__excerpt'>\n\t\t\t\t\tDucati 748s: Not the bike best known for long-distance touring and conquering the steep passes of the Alps. But who says it can&#8217;t be done?\t\t\t\t<\/div>\n\t\t\t\n\t\t\t\t\t\t\t\t\t<\/article>\n\t\t\t\t\t\t\t\t\t\t\t\t\t\t\t\t<article class=\"uagb-post__inner-wrap\">\t\t\t\t\t\t\t\t<div class='uagb-post__image'>\n\t\t\t\t\t\t\t\t\t<a href=\"https:\/\/www.motorprosa.com\/en\/with-open-eyes-through-the-lower-engadine\/\" target=\"_self\" rel=\"bookmark noopener noreferrer\" class='uagb-image-ratio-inherit'><img decoding=\"async\" width=\"1024\" height=\"575\" data-src=\"https:\/\/b2642856.assetcdn.net\/2.0\/2642856\/wp-content\/uploads\/2024\/10\/MotorProsa-Blog-Header-Unterengadin-Effekt-1024x575.jpg?lossy=1&strip=1&webp=1\" class=\"attachment-large size-large lazyload\" alt=\"Ein sonniger Platz in einer kleinen Ortschaft im Unterengadin. Im Vordergrund steht ein graues Elektromotorrad neben einem Brunnen, dessen klares Wasser ruhig in das rechteckige Becken flie\u00dft. Im Hintergrund parkt ein gelber Schweizer Postbus vor einem eleganten historischen Geb\u00e4ude. Dahinter ragt der Kirchturm einer alten Dorfkirche in den blauen Himmel, eingerahmt von schneebedeckten Bergen und einigen B\u00e4umen.\" data-srcset=\"https:\/\/b2642856.assetcdn.net\/2.0\/2642856\/wp-content\/uploads\/2024\/10\/MotorProsa-Blog-Header-Unterengadin-Effekt-1024x575.jpg?lossy=1&strip=1&webp=1 1024w, https:\/\/b2642856.assetcdn.net\/2.0\/2642856\/wp-content\/uploads\/2024\/10\/MotorProsa-Blog-Header-Unterengadin-Effekt-300x169.jpg?lossy=1&strip=1&webp=1 300w, https:\/\/b2642856.assetcdn.net\/2.0\/2642856\/wp-content\/uploads\/2024\/10\/MotorProsa-Blog-Header-Unterengadin-Effekt-768x431.jpg?lossy=1&strip=1&webp=1 768w, https:\/\/b2642856.assetcdn.net\/2.0\/2642856\/wp-content\/uploads\/2024\/10\/MotorProsa-Blog-Header-Unterengadin-Effekt.jpg?lossy=1&strip=1&webp=1 1200w, https:\/\/b2642856.assetcdn.net\/2.0\/2642856\/wp-content\/uploads\/2024\/10\/MotorProsa-Blog-Header-Unterengadin-Effekt.jpg?size=240x135&lossy=1&strip=1&webp=1 240w, https:\/\/b2642856.assetcdn.net\/2.0\/2642856\/wp-content\/uploads\/2024\/10\/MotorProsa-Blog-Header-Unterengadin-Effekt.jpg?size=480x270&lossy=1&strip=1&webp=1 480w, https:\/\/b2642856.assetcdn.net\/2.0\/2642856\/wp-content\/uploads\/2024\/10\/MotorProsa-Blog-Header-Unterengadin-Effekt.jpg?size=960x539&lossy=1&strip=1&webp=1 960w\" data-sizes=\"auto\" title=\"\" src=\"data:image\/svg+xml;base64,PHN2ZyB3aWR0aD0iMSIgaGVpZ2h0PSIxIiB4bWxucz0iaHR0cDovL3d3dy53My5vcmcvMjAwMC9zdmciPjwvc3ZnPg==\" style=\"--smush-placeholder-width: 1024px; --smush-placeholder-aspect-ratio: 1024\/575;\" data-original-sizes=\"(max-width: 1024px) 100vw, 1024px\">\t\t\t\t\t<\/a>\n\t\t\t\t\t\t\t<\/div>\n\t\t\t\t\t\t<h4 class=\"uagb-post__title uagb-post__text\">\n\t\t\t\t<a href=\"https:\/\/www.motorprosa.com\/en\/with-open-eyes-through-the-lower-engadine\/\" target=\"_self\" rel=\"bookmark noopener noreferrer\">With open eyes through the Lower Engadine<\/a>\n\t\t\t<\/h4>\n\t\t\t\t\t\t<div class='uagb-post__text uagb-post-grid-byline'>\n\t\t\t\t\t\t\t\t<span class=\"uagb-post__comment\">\n\t\t\t\t<span class=\"dashicons-admin-comments dashicons\"><\/span>\t\t\t\t\tNo Comments\t\t\t\t<\/span>\n\t\t\t\t\t\t\t<div class=\"uagb-post__text\">\n\t\t\t\t\t<span class='uagb-post__taxonomy'>\n\t\t\t\t\t\t<span class=\"dashicons-tag dashicons\"><\/span>\t\t\t\t\t\t<a href=\"https:\/\/www.motorprosa.com\/en\/category\/dream-roads\/\">Dream Roads<\/a>,&nbsp;<a href=\"https:\/\/www.motorprosa.com\/en\/category\/on-the-road\/\">On the Road<\/a>,&nbsp;<a href=\"https:\/\/www.motorprosa.com\/en\/category\/travel-reports\/\">Travel Reports<\/a>\t\t\t\t\t<\/span>\n\t\t\t\t<\/div>\n\t\t\t\t\t\t\t<\/div>\n\t\t\t\t\t\t\t<div class='uagb-post__text uagb-post__excerpt'>\n\t\t\t\t\t<p><span class=\"wtr-time-wrap block after-title\">Lesedauer \/\/ Reading time: <span class=\"wtr-time-number\">1<\/span> Min.<\/span> Whilst driving through the Lower Engadine, Goethe came to mind: \u2018Do you want to ramble on and on? Look, the good is so close.\u2019&#8230;\t\t\t\t<\/div>\n\t\t\t\n\t\t\t\t\t\t\t\t\t<\/article>\n\t\t\t\t\t\t\t\t\t\t\t\t\t\t\t\t<article class=\"uagb-post__inner-wrap\">\t\t\t\t\t\t\t\t<div class='uagb-post__image'>\n\t\t\t\t\t\t\t\t\t<a href=\"https:\/\/www.motorprosa.com\/en\/photo-parade-travel-photos-2024\/\" target=\"_self\" rel=\"bookmark noopener noreferrer\" class='uagb-image-ratio-inherit'><img decoding=\"async\" width=\"1024\" height=\"575\" data-src=\"https:\/\/b2642856.assetcdn.net\/2.0\/2642856\/wp-content\/uploads\/2024\/10\/MotorProsa-Blog-Header-Fotoparade-2024-Effekt-1024x575.jpg?lossy=1&strip=1&webp=1\" class=\"attachment-large size-large lazyload\" alt=\"**ALT-Text:** Eine malerische, von der Abendsonne beleuchtete Felsformation erhebt sich \u00fcber einem kleinen Dorf, das sich entlang eines Flusses erstreckt. Eine historische Steinbr\u00fccke f\u00fchrt \u00fcber das Wasser und verbindet die beiden Ufer. Die H\u00e4user des Dorfes schmiegen sich an den Fu\u00df des Felsens, w\u00e4hrend im Hintergrund gr\u00fcne H\u00fcgel und B\u00e4ume die Szenerie abrunden. Der Himmel ist von sanften Wolken bedeckt, die das warme Licht des Sonnenuntergangs reflektieren.\" data-srcset=\"https:\/\/b2642856.assetcdn.net\/2.0\/2642856\/wp-content\/uploads\/2024\/10\/MotorProsa-Blog-Header-Fotoparade-2024-Effekt-1024x575.jpg?lossy=1&strip=1&webp=1 1024w, https:\/\/b2642856.assetcdn.net\/2.0\/2642856\/wp-content\/uploads\/2024\/10\/MotorProsa-Blog-Header-Fotoparade-2024-Effekt-300x169.jpg?lossy=1&strip=1&webp=1 300w, https:\/\/b2642856.assetcdn.net\/2.0\/2642856\/wp-content\/uploads\/2024\/10\/MotorProsa-Blog-Header-Fotoparade-2024-Effekt-768x431.jpg?lossy=1&strip=1&webp=1 768w, https:\/\/b2642856.assetcdn.net\/2.0\/2642856\/wp-content\/uploads\/2024\/10\/MotorProsa-Blog-Header-Fotoparade-2024-Effekt.jpg?lossy=1&strip=1&webp=1 1200w, https:\/\/b2642856.assetcdn.net\/2.0\/2642856\/wp-content\/uploads\/2024\/10\/MotorProsa-Blog-Header-Fotoparade-2024-Effekt.jpg?size=240x135&lossy=1&strip=1&webp=1 240w, https:\/\/b2642856.assetcdn.net\/2.0\/2642856\/wp-content\/uploads\/2024\/10\/MotorProsa-Blog-Header-Fotoparade-2024-Effekt.jpg?size=480x270&lossy=1&strip=1&webp=1 480w, https:\/\/b2642856.assetcdn.net\/2.0\/2642856\/wp-content\/uploads\/2024\/10\/MotorProsa-Blog-Header-Fotoparade-2024-Effekt.jpg?size=960x539&lossy=1&strip=1&webp=1 960w\" data-sizes=\"auto\" title=\"\" src=\"data:image\/svg+xml;base64,PHN2ZyB3aWR0aD0iMSIgaGVpZ2h0PSIxIiB4bWxucz0iaHR0cDovL3d3dy53My5vcmcvMjAwMC9zdmciPjwvc3ZnPg==\" style=\"--smush-placeholder-width: 1024px; --smush-placeholder-aspect-ratio: 1024\/575;\" data-original-sizes=\"(max-width: 1024px) 100vw, 1024px\">\t\t\t\t\t<\/a>\n\t\t\t\t\t\t\t<\/div>\n\t\t\t\t\t\t<h4 class=\"uagb-post__title uagb-post__text\">\n\t\t\t\t<a href=\"https:\/\/www.motorprosa.com\/en\/photo-parade-travel-photos-2024\/\" target=\"_self\" rel=\"bookmark noopener noreferrer\">Photo parade: My most beautiful travel photos 2024<\/a>\n\t\t\t<\/h4>\n\t\t\t\t\t\t<div class='uagb-post__text uagb-post-grid-byline'>\n\t\t\t\t\t\t\t\t<span class=\"uagb-post__comment\">\n\t\t\t\t<span class=\"dashicons-admin-comments dashicons\"><\/span>\t\t\t\t\tNo Comments\t\t\t\t<\/span>\n\t\t\t\t\t\t\t<div class=\"uagb-post__text\">\n\t\t\t\t\t<span class='uagb-post__taxonomy'>\n\t\t\t\t\t\t<span class=\"dashicons-tag dashicons\"><\/span>\t\t\t\t\t\t<a href=\"https:\/\/www.motorprosa.com\/en\/category\/photography\/\">Photography<\/a>,&nbsp;<a href=\"https:\/\/www.motorprosa.com\/en\/category\/picture-gallery\/\">Picture gallery<\/a>\t\t\t\t\t<\/span>\n\t\t\t\t<\/div>\n\t\t\t\t\t\t\t<\/div>\n\t\t\t\t\t\t\t<div class='uagb-post__text uagb-post__excerpt'>\n\t\t\t\t\tMichael from the travel and photography blog \u2018Erkunde die Welt&#8221; invites to the next edition of his photo parade.\t\t\t\t<\/div>\n\t\t\t\n\t\t\t\t\t\t\t\t\t<\/article>\n\t\t\t\t\t\t\t\t\t\t\t\t\t\t\t\t<article class=\"uagb-post__inner-wrap\">\t\t\t\t\t\t\t\t<div class='uagb-post__image'>\n\t\t\t\t\t\t\t\t\t<a href=\"https:\/\/www.motorprosa.com\/en\/ive-had-enough-im-dropping-it\/\" target=\"_self\" rel=\"bookmark noopener noreferrer\" class='uagb-image-ratio-inherit'><img decoding=\"async\" width=\"1024\" height=\"575\" data-src=\"https:\/\/b2642856.assetcdn.net\/2.0\/2642856\/wp-content\/uploads\/2024\/08\/MotorProsa-Blog-Header-Mir-reicht-es-Effekt-1024x575.jpg?lossy=1&strip=1&webp=1\" class=\"attachment-large size-large lazyload\" alt=\"Eine dramatische Szene auf einer kurvigen Gebirgsstra\u00dfe. Im Vordergrund liegt ein Motorrad quer auf der Stra\u00dfe, w\u00e4hrend zwei Motorradfahrer in Schutzkleidung daneben stehen und die Situation begutachten.\" data-srcset=\"https:\/\/b2642856.assetcdn.net\/2.0\/2642856\/wp-content\/uploads\/2024\/08\/MotorProsa-Blog-Header-Mir-reicht-es-Effekt-1024x575.jpg?lossy=1&strip=1&webp=1 1024w, https:\/\/b2642856.assetcdn.net\/2.0\/2642856\/wp-content\/uploads\/2024\/08\/MotorProsa-Blog-Header-Mir-reicht-es-Effekt-300x169.jpg?lossy=1&strip=1&webp=1 300w, https:\/\/b2642856.assetcdn.net\/2.0\/2642856\/wp-content\/uploads\/2024\/08\/MotorProsa-Blog-Header-Mir-reicht-es-Effekt-768x431.jpg?lossy=1&strip=1&webp=1 768w, https:\/\/b2642856.assetcdn.net\/2.0\/2642856\/wp-content\/uploads\/2024\/08\/MotorProsa-Blog-Header-Mir-reicht-es-Effekt.jpg?lossy=1&strip=1&webp=1 1200w, https:\/\/b2642856.assetcdn.net\/2.0\/2642856\/wp-content\/uploads\/2024\/08\/MotorProsa-Blog-Header-Mir-reicht-es-Effekt.jpg?size=240x135&lossy=1&strip=1&webp=1 240w, https:\/\/b2642856.assetcdn.net\/2.0\/2642856\/wp-content\/uploads\/2024\/08\/MotorProsa-Blog-Header-Mir-reicht-es-Effekt.jpg?size=480x270&lossy=1&strip=1&webp=1 480w, https:\/\/b2642856.assetcdn.net\/2.0\/2642856\/wp-content\/uploads\/2024\/08\/MotorProsa-Blog-Header-Mir-reicht-es-Effekt.jpg?size=960x539&lossy=1&strip=1&webp=1 960w\" data-sizes=\"auto\" title=\"\" src=\"data:image\/svg+xml;base64,PHN2ZyB3aWR0aD0iMSIgaGVpZ2h0PSIxIiB4bWxucz0iaHR0cDovL3d3dy53My5vcmcvMjAwMC9zdmciPjwvc3ZnPg==\" style=\"--smush-placeholder-width: 1024px; --smush-placeholder-aspect-ratio: 1024\/575;\" data-original-sizes=\"(max-width: 1024px) 100vw, 1024px\">\t\t\t\t\t<\/a>\n\t\t\t\t\t\t\t<\/div>\n\t\t\t\t\t\t<h4 class=\"uagb-post__title uagb-post__text\">\n\t\t\t\t<a href=\"https:\/\/www.motorprosa.com\/en\/ive-had-enough-im-dropping-it\/\" target=\"_self\" rel=\"bookmark noopener noreferrer\">I&#8217;ve had enough. I&#8217;m dropping it.<\/a>\n\t\t\t<\/h4>\n\t\t\t\t\t\t<div class='uagb-post__text uagb-post-grid-byline'>\n\t\t\t\t\t\t\t\t<span class=\"uagb-post__comment\">\n\t\t\t\t<span class=\"dashicons-admin-comments dashicons\"><\/span>\t\t\t\t\tNo Comments\t\t\t\t<\/span>\n\t\t\t\t\t\t\t<div class=\"uagb-post__text\">\n\t\t\t\t\t<span class='uagb-post__taxonomy'>\n\t\t\t\t\t\t<span class=\"dashicons-tag dashicons\"><\/span>\t\t\t\t\t\t<a href=\"https:\/\/www.motorprosa.com\/en\/category\/200-years-stelvio-pass\/\">200 years Stelvio Pass<\/a>,&nbsp;<a href=\"https:\/\/www.motorprosa.com\/en\/category\/thoughts\/\">Thoughts<\/a>\t\t\t\t\t<\/span>\n\t\t\t\t<\/div>\n\t\t\t\t\t\t\t<\/div>\n\t\t\t\t\t\t\t<div class='uagb-post__text uagb-post__excerpt'>\n\t\t\t\t\tDropping the motorcycle. You know that feeling? And do you know the feeling when someone makes fun about that?\t\t\t\t<\/div>\n\t\t\t\n\t\t\t\t\t\t\t\t\t<\/article>\n\t\t\t\t\t\t\t\t\t\t\t\t\t\t\t\t<article class=\"uagb-post__inner-wrap\">\t\t\t\t\t\t\t\t<div class='uagb-post__image'>\n\t\t\t\t\t\t\t\t\t<a href=\"https:\/\/www.motorprosa.com\/en\/memories-of-my-motorcycles\/\" target=\"_self\" rel=\"bookmark noopener noreferrer\" class='uagb-image-ratio-inherit'><img decoding=\"async\" width=\"1024\" height=\"575\" data-src=\"https:\/\/b2642856.assetcdn.net\/2.0\/2642856\/wp-content\/uploads\/2024\/08\/MotorProsa-Blog-Header-Erinnerungen-Effekt-1-1024x575.jpg?lossy=1&strip=1&webp=1\" class=\"attachment-large size-large lazyload\" alt=\"Das Bild zeigt eine Doppelseite aus dem Buch &quot;Motorprosa - Geschichten aus der Kurve&quot;. Auf der linken Seite des Bildes ist ein Foto einer wei\u00dfen Yamaha FZR 1000 zu sehen. Auf der rechten Seite ist ein Text \u00fcber die Maschine zu sehen.\" data-srcset=\"https:\/\/b2642856.assetcdn.net\/2.0\/2642856\/wp-content\/uploads\/2024\/08\/MotorProsa-Blog-Header-Erinnerungen-Effekt-1-1024x575.jpg?lossy=1&strip=1&webp=1 1024w, https:\/\/b2642856.assetcdn.net\/2.0\/2642856\/wp-content\/uploads\/2024\/08\/MotorProsa-Blog-Header-Erinnerungen-Effekt-1-300x169.jpg?lossy=1&strip=1&webp=1 300w, https:\/\/b2642856.assetcdn.net\/2.0\/2642856\/wp-content\/uploads\/2024\/08\/MotorProsa-Blog-Header-Erinnerungen-Effekt-1-768x431.jpg?lossy=1&strip=1&webp=1 768w, https:\/\/b2642856.assetcdn.net\/2.0\/2642856\/wp-content\/uploads\/2024\/08\/MotorProsa-Blog-Header-Erinnerungen-Effekt-1.jpg?lossy=1&strip=1&webp=1 1200w, https:\/\/b2642856.assetcdn.net\/2.0\/2642856\/wp-content\/uploads\/2024\/08\/MotorProsa-Blog-Header-Erinnerungen-Effekt-1.jpg?size=240x135&lossy=1&strip=1&webp=1 240w, https:\/\/b2642856.assetcdn.net\/2.0\/2642856\/wp-content\/uploads\/2024\/08\/MotorProsa-Blog-Header-Erinnerungen-Effekt-1.jpg?size=480x270&lossy=1&strip=1&webp=1 480w, https:\/\/b2642856.assetcdn.net\/2.0\/2642856\/wp-content\/uploads\/2024\/08\/MotorProsa-Blog-Header-Erinnerungen-Effekt-1.jpg?size=960x539&lossy=1&strip=1&webp=1 960w\" data-sizes=\"auto\" title=\"\" src=\"data:image\/svg+xml;base64,PHN2ZyB3aWR0aD0iMSIgaGVpZ2h0PSIxIiB4bWxucz0iaHR0cDovL3d3dy53My5vcmcvMjAwMC9zdmciPjwvc3ZnPg==\" style=\"--smush-placeholder-width: 1024px; --smush-placeholder-aspect-ratio: 1024\/575;\" data-original-sizes=\"(max-width: 1024px) 100vw, 1024px\">\t\t\t\t\t<\/a>\n\t\t\t\t\t\t\t<\/div>\n\t\t\t\t\t\t<h4 class=\"uagb-post__title uagb-post__text\">\n\t\t\t\t<a href=\"https:\/\/www.motorprosa.com\/en\/memories-of-my-motorcycles\/\" target=\"_self\" rel=\"bookmark noopener noreferrer\">Memories of my motorcycles<\/a>\n\t\t\t<\/h4>\n\t\t\t\t\t\t<div class='uagb-post__text uagb-post-grid-byline'>\n\t\t\t\t\t\t\t\t<span class=\"uagb-post__comment\">\n\t\t\t\t<span class=\"dashicons-admin-comments dashicons\"><\/span>\t\t\t\t\tNo Comments\t\t\t\t<\/span>\n\t\t\t\t\t\t\t<div class=\"uagb-post__text\">\n\t\t\t\t\t<span class='uagb-post__taxonomy'>\n\t\t\t\t\t\t<span class=\"dashicons-tag dashicons\"><\/span>\t\t\t\t\t\t<a href=\"https:\/\/www.motorprosa.com\/en\/category\/motorcycles\/\">Motorcycles<\/a>\t\t\t\t\t<\/span>\n\t\t\t\t<\/div>\n\t\t\t\t\t\t\t<\/div>\n\t\t\t\t\t\t\t<div class='uagb-post__text uagb-post__excerpt'>\n\t\t\t\t\t<p><span class=\"wtr-time-wrap block after-title\">Lesedauer \/\/ Reading time: <span class=\"wtr-time-number\">1<\/span> Min.<\/span> Motorcyclists are often said to develop an intimate \u201crelationship\u201d with their vehicles. Some give their machines names, park them in the garage on soft&#8230;\t\t\t\t<\/div>\n\t\t\t\n\t\t\t\t\t\t\t\t\t<\/article>\n\t\t\t\t\t\t\t\t\t\t\t\t\t\t\t\t<article class=\"uagb-post__inner-wrap\">\t\t\t\t\t\t\t\t<div class='uagb-post__image'>\n\t\t\t\t\t\t\t\t\t<a href=\"https:\/\/www.motorprosa.com\/en\/dolomites-2024-new-restrictions\/\" target=\"_self\" rel=\"bookmark noopener noreferrer\" class='uagb-image-ratio-inherit'><img decoding=\"async\" width=\"1024\" height=\"556\" data-src=\"https:\/\/b2642856.assetcdn.net\/2.0\/2642856\/wp-content\/uploads\/2024\/03\/MotorProsa-Blog-Header-Hm-Kontingent-1-Effekt-1024x556.jpg?lossy=1&strip=1&webp=1\" class=\"attachment-large size-large lazyload\" alt=\"\" data-srcset=\"https:\/\/b2642856.assetcdn.net\/2.0\/2642856\/wp-content\/uploads\/2024\/03\/MotorProsa-Blog-Header-Hm-Kontingent-1-Effekt-1024x556.jpg?lossy=1&strip=1&webp=1 1024w, https:\/\/b2642856.assetcdn.net\/2.0\/2642856\/wp-content\/uploads\/2024\/03\/MotorProsa-Blog-Header-Hm-Kontingent-1-Effekt-300x163.jpg?lossy=1&strip=1&webp=1 300w, https:\/\/b2642856.assetcdn.net\/2.0\/2642856\/wp-content\/uploads\/2024\/03\/MotorProsa-Blog-Header-Hm-Kontingent-1-Effekt-768x417.jpg?lossy=1&strip=1&webp=1 768w, https:\/\/b2642856.assetcdn.net\/2.0\/2642856\/wp-content\/uploads\/2024\/03\/MotorProsa-Blog-Header-Hm-Kontingent-1-Effekt.jpg?lossy=1&strip=1&webp=1 1200w, https:\/\/b2642856.assetcdn.net\/2.0\/2642856\/wp-content\/uploads\/2024\/03\/MotorProsa-Blog-Header-Hm-Kontingent-1-Effekt.jpg?size=240x130&lossy=1&strip=1&webp=1 240w, https:\/\/b2642856.assetcdn.net\/2.0\/2642856\/wp-content\/uploads\/2024\/03\/MotorProsa-Blog-Header-Hm-Kontingent-1-Effekt.jpg?size=480x261&lossy=1&strip=1&webp=1 480w, https:\/\/b2642856.assetcdn.net\/2.0\/2642856\/wp-content\/uploads\/2024\/03\/MotorProsa-Blog-Header-Hm-Kontingent-1-Effekt.jpg?size=960x521&lossy=1&strip=1&webp=1 960w\" data-sizes=\"auto\" title=\"\" src=\"data:image\/svg+xml;base64,PHN2ZyB3aWR0aD0iMSIgaGVpZ2h0PSIxIiB4bWxucz0iaHR0cDovL3d3dy53My5vcmcvMjAwMC9zdmciPjwvc3ZnPg==\" style=\"--smush-placeholder-width: 1024px; --smush-placeholder-aspect-ratio: 1024\/556;\" data-original-sizes=\"(max-width: 1024px) 100vw, 1024px\">\t\t\t\t\t<\/a>\n\t\t\t\t\t\t\t<\/div>\n\t\t\t\t\t\t<h4 class=\"uagb-post__title uagb-post__text\">\n\t\t\t\t<a href=\"https:\/\/www.motorprosa.com\/en\/dolomites-2024-new-restrictions\/\" target=\"_self\" rel=\"bookmark noopener noreferrer\">Dolomites 2024 \u2013 New restrictions<\/a>\n\t\t\t<\/h4>\n\t\t\t\t\t\t<div class='uagb-post__text uagb-post-grid-byline'>\n\t\t\t\t\t\t\t\t<span class=\"uagb-post__comment\">\n\t\t\t\t<span class=\"dashicons-admin-comments dashicons\"><\/span>\t\t\t\t\tNo Comments\t\t\t\t<\/span>\n\t\t\t\t\t\t\t<div class=\"uagb-post__text\">\n\t\t\t\t\t<span class='uagb-post__taxonomy'>\n\t\t\t\t\t\t<span class=\"dashicons-tag dashicons\"><\/span>\t\t\t\t\t\t<a href=\"https:\/\/www.motorprosa.com\/en\/category\/on-the-road\/\">On the Road<\/a>,&nbsp;<a href=\"https:\/\/www.motorprosa.com\/en\/category\/sarcasm\/\">Sarcasm<\/a>\t\t\t\t\t<\/span>\n\t\t\t\t<\/div>\n\t\t\t\t\t\t\t<\/div>\n\t\t\t\t\t\t\t<div class='uagb-post__text uagb-post__excerpt'>\n\t\t\t\t\tFrom June 2024, an innovative attempt will be made to reduce the impact of motorised traffic in the Dolomites\u00a0\u2013 an altitude limit for driving on&#8230;\t\t\t\t<\/div>\n\t\t\t\n\t\t\t\t\t\t\t\t\t<\/article>\n\t\t\t\t\t\t\t\t\t\t\t\t\t\t\t\t<article class=\"uagb-post__inner-wrap\">\t\t\t\t\t\t\t\t<div class='uagb-post__image'>\n\t\t\t\t\t\t\t\t\t<a href=\"https:\/\/www.motorprosa.com\/en\/my-emotions-when-riding-a-motorcycle\/\" target=\"_self\" rel=\"bookmark noopener noreferrer\" class='uagb-image-ratio-inherit'><img decoding=\"async\" width=\"1024\" height=\"575\" data-src=\"https:\/\/b2642856.assetcdn.net\/2.0\/2642856\/wp-content\/uploads\/2024\/03\/MotorProsa-Blog-Header-Emotionen-1-Effekt-1024x575.jpg?lossy=1&strip=1&webp=1\" class=\"attachment-large size-large lazyload\" alt=\"Ein Motorradfahrer sitzt im Gr\u00fcnen auf einer Wiese voller gelber Blumen und genie\u00dft die Aussicht. Neben ihm steht ein modernes Motorrad.\" data-srcset=\"https:\/\/b2642856.assetcdn.net\/2.0\/2642856\/wp-content\/uploads\/2024\/03\/MotorProsa-Blog-Header-Emotionen-1-Effekt-1024x575.jpg?lossy=1&strip=1&webp=1 1024w, https:\/\/b2642856.assetcdn.net\/2.0\/2642856\/wp-content\/uploads\/2024\/03\/MotorProsa-Blog-Header-Emotionen-1-Effekt-300x169.jpg?lossy=1&strip=1&webp=1 300w, https:\/\/b2642856.assetcdn.net\/2.0\/2642856\/wp-content\/uploads\/2024\/03\/MotorProsa-Blog-Header-Emotionen-1-Effekt-768x431.jpg?lossy=1&strip=1&webp=1 768w, https:\/\/b2642856.assetcdn.net\/2.0\/2642856\/wp-content\/uploads\/2024\/03\/MotorProsa-Blog-Header-Emotionen-1-Effekt.jpg?lossy=1&strip=1&webp=1 1200w, https:\/\/b2642856.assetcdn.net\/2.0\/2642856\/wp-content\/uploads\/2024\/03\/MotorProsa-Blog-Header-Emotionen-1-Effekt.jpg?size=240x135&lossy=1&strip=1&webp=1 240w, https:\/\/b2642856.assetcdn.net\/2.0\/2642856\/wp-content\/uploads\/2024\/03\/MotorProsa-Blog-Header-Emotionen-1-Effekt.jpg?size=480x270&lossy=1&strip=1&webp=1 480w, https:\/\/b2642856.assetcdn.net\/2.0\/2642856\/wp-content\/uploads\/2024\/03\/MotorProsa-Blog-Header-Emotionen-1-Effekt.jpg?size=960x539&lossy=1&strip=1&webp=1 960w\" data-sizes=\"auto\" title=\"\" src=\"data:image\/svg+xml;base64,PHN2ZyB3aWR0aD0iMSIgaGVpZ2h0PSIxIiB4bWxucz0iaHR0cDovL3d3dy53My5vcmcvMjAwMC9zdmciPjwvc3ZnPg==\" style=\"--smush-placeholder-width: 1024px; --smush-placeholder-aspect-ratio: 1024\/575;\" data-original-sizes=\"(max-width: 1024px) 100vw, 1024px\">\t\t\t\t\t<\/a>\n\t\t\t\t\t\t\t<\/div>\n\t\t\t\t\t\t<h4 class=\"uagb-post__title uagb-post__text\">\n\t\t\t\t<a href=\"https:\/\/www.motorprosa.com\/en\/my-emotions-when-riding-a-motorcycle\/\" target=\"_self\" rel=\"bookmark noopener noreferrer\">(My) Emotions when riding a motorcycle<\/a>\n\t\t\t<\/h4>\n\t\t\t\t\t\t<div class='uagb-post__text uagb-post-grid-byline'>\n\t\t\t\t\t\t\t\t<span class=\"uagb-post__comment\">\n\t\t\t\t<span class=\"dashicons-admin-comments dashicons\"><\/span>\t\t\t\t\tNo Comments\t\t\t\t<\/span>\n\t\t\t\t\t\t\t<div class=\"uagb-post__text\">\n\t\t\t\t\t<span class='uagb-post__taxonomy'>\n\t\t\t\t\t\t<span class=\"dashicons-tag dashicons\"><\/span>\t\t\t\t\t\t<a href=\"https:\/\/www.motorprosa.com\/en\/category\/about-me\/\">About Me<\/a>,&nbsp;<a href=\"https:\/\/www.motorprosa.com\/en\/category\/electromobility\/\">Electromobility<\/a>,&nbsp;<a href=\"https:\/\/www.motorprosa.com\/en\/category\/thoughts\/\">Thoughts<\/a>\t\t\t\t\t<\/span>\n\t\t\t\t<\/div>\n\t\t\t\t\t\t\t<\/div>\n\t\t\t\t\t\t\t<div class='uagb-post__text uagb-post__excerpt'>\n\t\t\t\t\tWill the era of electromobility go down in history as the age of emotionlessness? Emotions \u2013 what are we actually talking about?\t\t\t\t<\/div>\n\t\t\t\n\t\t\t\t\t\t\t\t\t<\/article>\n\t\t\t\t\t\t\t\t\t\t\t\t\t\t\t\t<article class=\"uagb-post__inner-wrap\">\t\t\t\t\t\t\t\t<div class='uagb-post__image'>\n\t\t\t\t\t\t\t\t\t<a href=\"https:\/\/www.motorprosa.com\/en\/etschside-custom-a-portrait\/\" target=\"_self\" rel=\"bookmark noopener noreferrer\" class='uagb-image-ratio-inherit'><img decoding=\"async\" width=\"1024\" height=\"575\" data-src=\"https:\/\/b2642856.assetcdn.net\/2.0\/2642856\/wp-content\/uploads\/2024\/03\/MotorProsa-Blog-Header-Etschside-Custom-1-Effekt-1024x575.jpg?lossy=1&strip=1&webp=1\" class=\"attachment-large size-large lazyload\" alt=\"Portrait: das Team von Etschside Custom\" data-srcset=\"https:\/\/b2642856.assetcdn.net\/2.0\/2642856\/wp-content\/uploads\/2024\/03\/MotorProsa-Blog-Header-Etschside-Custom-1-Effekt-1024x575.jpg?lossy=1&strip=1&webp=1 1024w, https:\/\/b2642856.assetcdn.net\/2.0\/2642856\/wp-content\/uploads\/2024\/03\/MotorProsa-Blog-Header-Etschside-Custom-1-Effekt-300x169.jpg?lossy=1&strip=1&webp=1 300w, https:\/\/b2642856.assetcdn.net\/2.0\/2642856\/wp-content\/uploads\/2024\/03\/MotorProsa-Blog-Header-Etschside-Custom-1-Effekt-768x431.jpg?lossy=1&strip=1&webp=1 768w, https:\/\/b2642856.assetcdn.net\/2.0\/2642856\/wp-content\/uploads\/2024\/03\/MotorProsa-Blog-Header-Etschside-Custom-1-Effekt.jpg?lossy=1&strip=1&webp=1 1200w, https:\/\/b2642856.assetcdn.net\/2.0\/2642856\/wp-content\/uploads\/2024\/03\/MotorProsa-Blog-Header-Etschside-Custom-1-Effekt.jpg?size=240x135&lossy=1&strip=1&webp=1 240w, https:\/\/b2642856.assetcdn.net\/2.0\/2642856\/wp-content\/uploads\/2024\/03\/MotorProsa-Blog-Header-Etschside-Custom-1-Effekt.jpg?size=480x270&lossy=1&strip=1&webp=1 480w, https:\/\/b2642856.assetcdn.net\/2.0\/2642856\/wp-content\/uploads\/2024\/03\/MotorProsa-Blog-Header-Etschside-Custom-1-Effekt.jpg?size=960x539&lossy=1&strip=1&webp=1 960w\" data-sizes=\"auto\" title=\"\" src=\"data:image\/svg+xml;base64,PHN2ZyB3aWR0aD0iMSIgaGVpZ2h0PSIxIiB4bWxucz0iaHR0cDovL3d3dy53My5vcmcvMjAwMC9zdmciPjwvc3ZnPg==\" style=\"--smush-placeholder-width: 1024px; --smush-placeholder-aspect-ratio: 1024\/575;\" data-original-sizes=\"(max-width: 1024px) 100vw, 1024px\">\t\t\t\t\t<\/a>\n\t\t\t\t\t\t\t<\/div>\n\t\t\t\t\t\t<h4 class=\"uagb-post__title uagb-post__text\">\n\t\t\t\t<a href=\"https:\/\/www.motorprosa.com\/en\/etschside-custom-a-portrait\/\" target=\"_self\" rel=\"bookmark noopener noreferrer\">Etschside Custom \u2013 a Portrait<\/a>\n\t\t\t<\/h4>\n\t\t\t\t\t\t<div class='uagb-post__text uagb-post-grid-byline'>\n\t\t\t\t\t\t\t\t<span class=\"uagb-post__comment\">\n\t\t\t\t<span class=\"dashicons-admin-comments dashicons\"><\/span>\t\t\t\t\tNo Comments\t\t\t\t<\/span>\n\t\t\t\t\t\t\t<div class=\"uagb-post__text\">\n\t\t\t\t\t<span class='uagb-post__taxonomy'>\n\t\t\t\t\t\t<span class=\"dashicons-tag dashicons\"><\/span>\t\t\t\t\t\t<a href=\"https:\/\/www.motorprosa.com\/en\/category\/portraits-en\/\">Portraits<\/a>,&nbsp;<a href=\"https:\/\/www.motorprosa.com\/en\/category\/extremes\/\">Extremes<\/a>\t\t\t\t\t<\/span>\n\t\t\t\t<\/div>\n\t\t\t\t\t\t\t<\/div>\n\t\t\t\t\t\t\t<div class='uagb-post__text uagb-post__excerpt'>\n\t\t\t\t\tPortrait of Jonny Huber, one of the first master mechanics in a wheelchair and owner of Etschside Custom in South Tyrol. \t\t\t\t<\/div>\n\t\t\t\n\t\t\t\t\t\t\t\t\t<\/article>\n\t\t\t\t\t\t\t\t\t\t\t\t\t\t\t\t<article class=\"uagb-post__inner-wrap\">\t\t\t\t\t\t\t\t<div class='uagb-post__image'>\n\t\t\t\t\t\t\t\t\t<a href=\"https:\/\/www.motorprosa.com\/en\/dream-roads-the-manghen-2047-m\/\" target=\"_self\" rel=\"bookmark noopener noreferrer\" class='uagb-image-ratio-inherit'><img decoding=\"async\" width=\"1024\" height=\"575\" data-src=\"https:\/\/b2642856.assetcdn.net\/2.0\/2642856\/wp-content\/uploads\/2024\/02\/MotorProsa-Blog-Header-Passportrait-Manghen-Effekt-1024x575.jpg?lossy=1&strip=1&webp=1\" class=\"attachment-large size-large lazyload\" alt=\"\" data-srcset=\"https:\/\/b2642856.assetcdn.net\/2.0\/2642856\/wp-content\/uploads\/2024\/02\/MotorProsa-Blog-Header-Passportrait-Manghen-Effekt-1024x575.jpg?lossy=1&strip=1&webp=1 1024w, https:\/\/b2642856.assetcdn.net\/2.0\/2642856\/wp-content\/uploads\/2024\/02\/MotorProsa-Blog-Header-Passportrait-Manghen-Effekt-300x169.jpg?lossy=1&strip=1&webp=1 300w, https:\/\/b2642856.assetcdn.net\/2.0\/2642856\/wp-content\/uploads\/2024\/02\/MotorProsa-Blog-Header-Passportrait-Manghen-Effekt-768x431.jpg?lossy=1&strip=1&webp=1 768w, https:\/\/b2642856.assetcdn.net\/2.0\/2642856\/wp-content\/uploads\/2024\/02\/MotorProsa-Blog-Header-Passportrait-Manghen-Effekt.jpg?lossy=1&strip=1&webp=1 1200w, https:\/\/b2642856.assetcdn.net\/2.0\/2642856\/wp-content\/uploads\/2024\/02\/MotorProsa-Blog-Header-Passportrait-Manghen-Effekt.jpg?size=240x135&lossy=1&strip=1&webp=1 240w, https:\/\/b2642856.assetcdn.net\/2.0\/2642856\/wp-content\/uploads\/2024\/02\/MotorProsa-Blog-Header-Passportrait-Manghen-Effekt.jpg?size=480x270&lossy=1&strip=1&webp=1 480w, https:\/\/b2642856.assetcdn.net\/2.0\/2642856\/wp-content\/uploads\/2024\/02\/MotorProsa-Blog-Header-Passportrait-Manghen-Effekt.jpg?size=960x539&lossy=1&strip=1&webp=1 960w\" data-sizes=\"auto\" title=\"\" src=\"data:image\/svg+xml;base64,PHN2ZyB3aWR0aD0iMSIgaGVpZ2h0PSIxIiB4bWxucz0iaHR0cDovL3d3dy53My5vcmcvMjAwMC9zdmciPjwvc3ZnPg==\" style=\"--smush-placeholder-width: 1024px; --smush-placeholder-aspect-ratio: 1024\/575;\" data-original-sizes=\"(max-width: 1024px) 100vw, 1024px\">\t\t\t\t\t<\/a>\n\t\t\t\t\t\t\t<\/div>\n\t\t\t\t\t\t<h4 class=\"uagb-post__title uagb-post__text\">\n\t\t\t\t<a href=\"https:\/\/www.motorprosa.com\/en\/dream-roads-the-manghen-2047-m\/\" target=\"_self\" rel=\"bookmark noopener noreferrer\">Dream Roads: The Manghen (2047 m)<\/a>\n\t\t\t<\/h4>\n\t\t\t\t\t\t<div class='uagb-post__text uagb-post-grid-byline'>\n\t\t\t\t\t\t\t\t<span class=\"uagb-post__comment\">\n\t\t\t\t<span class=\"dashicons-admin-comments dashicons\"><\/span>\t\t\t\t\tNo Comments\t\t\t\t<\/span>\n\t\t\t\t\t\t\t<div class=\"uagb-post__text\">\n\t\t\t\t\t<span class='uagb-post__taxonomy'>\n\t\t\t\t\t\t<span class=\"dashicons-tag dashicons\"><\/span>\t\t\t\t\t\t<a href=\"https:\/\/www.motorprosa.com\/en\/category\/dream-roads\/\">Dream Roads<\/a>,&nbsp;<a href=\"https:\/\/www.motorprosa.com\/en\/category\/publications\/\">Publications<\/a>\t\t\t\t\t<\/span>\n\t\t\t\t<\/div>\n\t\t\t\t\t\t\t<\/div>\n\t\t\t\t\t\t\t<div class='uagb-post__text uagb-post__excerpt'>\n\t\t\t\t\tVisiting the Manghen was a first for me in more ways: it was the first time I&#8217;d ridden a BMW GS off-road and the first&#8230;\t\t\t\t<\/div>\n\t\t\t\n\t\t\t\t\t\t\t\t\t<\/article>\n\t\t\t\t\t\t\t\t\t\t\t\t\t\t\t\t<article class=\"uagb-post__inner-wrap\">\t\t\t\t\t\t\t\t<div class='uagb-post__image'>\n\t\t\t\t\t\t\t\t\t<a href=\"https:\/\/www.motorprosa.com\/en\/the-stelvio-pass-in-autumn\/\" target=\"_self\" rel=\"bookmark noopener noreferrer\" class='uagb-image-ratio-inherit'><img decoding=\"async\" width=\"1024\" height=\"582\" data-src=\"https:\/\/b2642856.assetcdn.net\/2.0\/2642856\/wp-content\/uploads\/2023\/12\/MotorProsa-Blog-Header-Im-Herbst-aufs-Joch-1-Effekt-1024x582.jpg?lossy=1&strip=1&webp=1\" class=\"attachment-large size-large lazyload\" alt=\"\" data-srcset=\"https:\/\/b2642856.assetcdn.net\/2.0\/2642856\/wp-content\/uploads\/2023\/12\/MotorProsa-Blog-Header-Im-Herbst-aufs-Joch-1-Effekt-1024x582.jpg?lossy=1&strip=1&webp=1 1024w, https:\/\/b2642856.assetcdn.net\/2.0\/2642856\/wp-content\/uploads\/2023\/12\/MotorProsa-Blog-Header-Im-Herbst-aufs-Joch-1-Effekt-300x171.jpg?lossy=1&strip=1&webp=1 300w, https:\/\/b2642856.assetcdn.net\/2.0\/2642856\/wp-content\/uploads\/2023\/12\/MotorProsa-Blog-Header-Im-Herbst-aufs-Joch-1-Effekt-768x436.jpg?lossy=1&strip=1&webp=1 768w, https:\/\/b2642856.assetcdn.net\/2.0\/2642856\/wp-content\/uploads\/2023\/12\/MotorProsa-Blog-Header-Im-Herbst-aufs-Joch-1-Effekt.jpg?lossy=1&strip=1&webp=1 1200w, https:\/\/b2642856.assetcdn.net\/2.0\/2642856\/wp-content\/uploads\/2023\/12\/MotorProsa-Blog-Header-Im-Herbst-aufs-Joch-1-Effekt.jpg?size=240x136&lossy=1&strip=1&webp=1 240w, https:\/\/b2642856.assetcdn.net\/2.0\/2642856\/wp-content\/uploads\/2023\/12\/MotorProsa-Blog-Header-Im-Herbst-aufs-Joch-1-Effekt.jpg?size=480x273&lossy=1&strip=1&webp=1 480w, https:\/\/b2642856.assetcdn.net\/2.0\/2642856\/wp-content\/uploads\/2023\/12\/MotorProsa-Blog-Header-Im-Herbst-aufs-Joch-1-Effekt.jpg?size=960x546&lossy=1&strip=1&webp=1 960w\" data-sizes=\"auto\" title=\"\" src=\"data:image\/svg+xml;base64,PHN2ZyB3aWR0aD0iMSIgaGVpZ2h0PSIxIiB4bWxucz0iaHR0cDovL3d3dy53My5vcmcvMjAwMC9zdmciPjwvc3ZnPg==\" style=\"--smush-placeholder-width: 1024px; --smush-placeholder-aspect-ratio: 1024\/582;\" data-original-sizes=\"(max-width: 1024px) 100vw, 1024px\">\t\t\t\t\t<\/a>\n\t\t\t\t\t\t\t<\/div>\n\t\t\t\t\t\t<h4 class=\"uagb-post__title uagb-post__text\">\n\t\t\t\t<a href=\"https:\/\/www.motorprosa.com\/en\/the-stelvio-pass-in-autumn\/\" target=\"_self\" rel=\"bookmark noopener noreferrer\">The awesome Stelvio Pass in autumn<\/a>\n\t\t\t<\/h4>\n\t\t\t\t\t\t<div class='uagb-post__text uagb-post-grid-byline'>\n\t\t\t\t\t\t\t\t<span class=\"uagb-post__comment\">\n\t\t\t\t<span class=\"dashicons-admin-comments dashicons\"><\/span>\t\t\t\t\tNo Comments\t\t\t\t<\/span>\n\t\t\t\t\t\t\t<div class=\"uagb-post__text\">\n\t\t\t\t\t<span class='uagb-post__taxonomy'>\n\t\t\t\t\t\t<span class=\"dashicons-tag dashicons\"><\/span>\t\t\t\t\t\t<a href=\"https:\/\/www.motorprosa.com\/en\/category\/200-years-stelvio-pass\/\">200 years Stelvio Pass<\/a>,&nbsp;<a href=\"https:\/\/www.motorprosa.com\/en\/category\/dream-roads\/\">Dream Roads<\/a>,&nbsp;<a href=\"https:\/\/www.motorprosa.com\/en\/category\/thoughts\/\">Thoughts<\/a>\t\t\t\t\t<\/span>\n\t\t\t\t<\/div>\n\t\t\t\t\t\t\t<\/div>\n\t\t\t\t\t\t\t<div class='uagb-post__text uagb-post__excerpt'>\n\t\t\t\t\tAutumn is giving way, inexorably. A few days before the winter closure, I take the Road King out on the Stelvio.\t\t\t\t<\/div>\n\t\t\t\n\t\t\t\t\t\t\t\t\t<\/article>\n\t\t\t\t\t\t\t\t\t\t\t\t\t\t\t\t<article class=\"uagb-post__inner-wrap\">\t\t\t\t\t\t\t\t<div class='uagb-post__image'>\n\t\t\t\t\t\t\t\t\t<a href=\"https:\/\/www.motorprosa.com\/en\/dream-roads-the-nufenen-2478-m\/\" target=\"_self\" rel=\"bookmark noopener noreferrer\" class='uagb-image-ratio-inherit'><img decoding=\"async\" width=\"1024\" height=\"575\" data-src=\"https:\/\/b2642856.assetcdn.net\/2.0\/2642856\/wp-content\/uploads\/2023\/12\/MotorProsa-Blog-Header-Passportrait-Nufenen-Effekt-1-1024x575.jpg?lossy=1&strip=1&webp=1\" class=\"attachment-large size-large lazyload\" alt=\"\" data-srcset=\"https:\/\/b2642856.assetcdn.net\/2.0\/2642856\/wp-content\/uploads\/2023\/12\/MotorProsa-Blog-Header-Passportrait-Nufenen-Effekt-1-1024x575.jpg?lossy=1&strip=1&webp=1 1024w, https:\/\/b2642856.assetcdn.net\/2.0\/2642856\/wp-content\/uploads\/2023\/12\/MotorProsa-Blog-Header-Passportrait-Nufenen-Effekt-1-300x169.jpg?lossy=1&strip=1&webp=1 300w, https:\/\/b2642856.assetcdn.net\/2.0\/2642856\/wp-content\/uploads\/2023\/12\/MotorProsa-Blog-Header-Passportrait-Nufenen-Effekt-1-768x431.jpg?lossy=1&strip=1&webp=1 768w, https:\/\/b2642856.assetcdn.net\/2.0\/2642856\/wp-content\/uploads\/2023\/12\/MotorProsa-Blog-Header-Passportrait-Nufenen-Effekt-1.jpg?lossy=1&strip=1&webp=1 1200w, https:\/\/b2642856.assetcdn.net\/2.0\/2642856\/wp-content\/uploads\/2023\/12\/MotorProsa-Blog-Header-Passportrait-Nufenen-Effekt-1.jpg?size=240x135&lossy=1&strip=1&webp=1 240w, https:\/\/b2642856.assetcdn.net\/2.0\/2642856\/wp-content\/uploads\/2023\/12\/MotorProsa-Blog-Header-Passportrait-Nufenen-Effekt-1.jpg?size=480x270&lossy=1&strip=1&webp=1 480w, https:\/\/b2642856.assetcdn.net\/2.0\/2642856\/wp-content\/uploads\/2023\/12\/MotorProsa-Blog-Header-Passportrait-Nufenen-Effekt-1.jpg?size=960x539&lossy=1&strip=1&webp=1 960w\" data-sizes=\"auto\" title=\"\" src=\"data:image\/svg+xml;base64,PHN2ZyB3aWR0aD0iMSIgaGVpZ2h0PSIxIiB4bWxucz0iaHR0cDovL3d3dy53My5vcmcvMjAwMC9zdmciPjwvc3ZnPg==\" style=\"--smush-placeholder-width: 1024px; --smush-placeholder-aspect-ratio: 1024\/575;\" data-original-sizes=\"(max-width: 1024px) 100vw, 1024px\">\t\t\t\t\t<\/a>\n\t\t\t\t\t\t\t<\/div>\n\t\t\t\t\t\t<h4 class=\"uagb-post__title uagb-post__text\">\n\t\t\t\t<a href=\"https:\/\/www.motorprosa.com\/en\/dream-roads-the-nufenen-2478-m\/\" target=\"_self\" rel=\"bookmark noopener noreferrer\">Dream Roads: The Nufenen (2478 m)<\/a>\n\t\t\t<\/h4>\n\t\t\t\t\t\t<div class='uagb-post__text uagb-post-grid-byline'>\n\t\t\t\t\t\t\t\t<span class=\"uagb-post__comment\">\n\t\t\t\t<span class=\"dashicons-admin-comments dashicons\"><\/span>\t\t\t\t\tNo Comments\t\t\t\t<\/span>\n\t\t\t\t\t\t\t<div class=\"uagb-post__text\">\n\t\t\t\t\t<span class='uagb-post__taxonomy'>\n\t\t\t\t\t\t<span class=\"dashicons-tag dashicons\"><\/span>\t\t\t\t\t\t<a href=\"https:\/\/www.motorprosa.com\/en\/category\/dream-roads\/\">Dream Roads<\/a>,&nbsp;<a href=\"https:\/\/www.motorprosa.com\/en\/category\/publications\/\">Publications<\/a>\t\t\t\t\t<\/span>\n\t\t\t\t<\/div>\n\t\t\t\t\t\t\t<\/div>\n\t\t\t\t\t\t\t<div class='uagb-post__text uagb-post__excerpt'>\n\t\t\t\t\tThe Nufenen is a pass of cultural and linguistic contrasts. Its height makes it unique in Switzerland.\t\t\t\t<\/div>\n\t\t\t\n\t\t\t\t\t\t\t\t\t<\/article>\n\t\t\t\t\t\t\t\t\t\t\t\t\t\t\t\t<article class=\"uagb-post__inner-wrap\">\t\t\t\t\t\t\t\t<div class='uagb-post__image'>\n\t\t\t\t\t\t\t\t\t<a href=\"https:\/\/www.motorprosa.com\/en\/photo-parade-my-best-photos-of-2023\/\" target=\"_self\" rel=\"bookmark noopener noreferrer\" class='uagb-image-ratio-inherit'><img decoding=\"async\" width=\"1024\" height=\"575\" data-src=\"https:\/\/b2642856.assetcdn.net\/2.0\/2642856\/wp-content\/uploads\/2023\/11\/MotorProsa-Blog-Header-Fotoparade-2023-Effekt-1024x575.jpg?lossy=1&strip=1&webp=1\" class=\"attachment-large size-large lazyload\" alt=\"MotorProsa BlogPost: Fotoparade 2023 (Header)\" data-srcset=\"https:\/\/b2642856.assetcdn.net\/2.0\/2642856\/wp-content\/uploads\/2023\/11\/MotorProsa-Blog-Header-Fotoparade-2023-Effekt-1024x575.jpg?lossy=1&strip=1&webp=1 1024w, https:\/\/b2642856.assetcdn.net\/2.0\/2642856\/wp-content\/uploads\/2023\/11\/MotorProsa-Blog-Header-Fotoparade-2023-Effekt-300x169.jpg?lossy=1&strip=1&webp=1 300w, https:\/\/b2642856.assetcdn.net\/2.0\/2642856\/wp-content\/uploads\/2023\/11\/MotorProsa-Blog-Header-Fotoparade-2023-Effekt-768x431.jpg?lossy=1&strip=1&webp=1 768w, https:\/\/b2642856.assetcdn.net\/2.0\/2642856\/wp-content\/uploads\/2023\/11\/MotorProsa-Blog-Header-Fotoparade-2023-Effekt.jpg?lossy=1&strip=1&webp=1 1200w, https:\/\/b2642856.assetcdn.net\/2.0\/2642856\/wp-content\/uploads\/2023\/11\/MotorProsa-Blog-Header-Fotoparade-2023-Effekt.jpg?size=240x135&lossy=1&strip=1&webp=1 240w, https:\/\/b2642856.assetcdn.net\/2.0\/2642856\/wp-content\/uploads\/2023\/11\/MotorProsa-Blog-Header-Fotoparade-2023-Effekt.jpg?size=480x270&lossy=1&strip=1&webp=1 480w, https:\/\/b2642856.assetcdn.net\/2.0\/2642856\/wp-content\/uploads\/2023\/11\/MotorProsa-Blog-Header-Fotoparade-2023-Effekt.jpg?size=960x539&lossy=1&strip=1&webp=1 960w\" data-sizes=\"auto\" title=\"\" src=\"data:image\/svg+xml;base64,PHN2ZyB3aWR0aD0iMSIgaGVpZ2h0PSIxIiB4bWxucz0iaHR0cDovL3d3dy53My5vcmcvMjAwMC9zdmciPjwvc3ZnPg==\" style=\"--smush-placeholder-width: 1024px; --smush-placeholder-aspect-ratio: 1024\/575;\" data-original-sizes=\"(max-width: 1024px) 100vw, 1024px\">\t\t\t\t\t<\/a>\n\t\t\t\t\t\t\t<\/div>\n\t\t\t\t\t\t<h4 class=\"uagb-post__title uagb-post__text\">\n\t\t\t\t<a href=\"https:\/\/www.motorprosa.com\/en\/photo-parade-my-best-photos-of-2023\/\" target=\"_self\" rel=\"bookmark noopener noreferrer\">Photo parade: My best photos of 2023<\/a>\n\t\t\t<\/h4>\n\t\t\t\t\t\t<div class='uagb-post__text uagb-post-grid-byline'>\n\t\t\t\t\t\t\t\t<span class=\"uagb-post__comment\">\n\t\t\t\t<span class=\"dashicons-admin-comments dashicons\"><\/span>\t\t\t\t\tNo Comments\t\t\t\t<\/span>\n\t\t\t\t\t\t\t<div class=\"uagb-post__text\">\n\t\t\t\t\t<span class='uagb-post__taxonomy'>\n\t\t\t\t\t\t<span class=\"dashicons-tag dashicons\"><\/span>\t\t\t\t\t\t<a href=\"https:\/\/www.motorprosa.com\/en\/category\/photography\/\">Photography<\/a>,&nbsp;<a href=\"https:\/\/www.motorprosa.com\/en\/category\/picture-gallery\/\">Picture gallery<\/a>\t\t\t\t\t<\/span>\n\t\t\t\t<\/div>\n\t\t\t\t\t\t\t<\/div>\n\t\t\t\t\t\t\t<div class='uagb-post__text uagb-post__excerpt'>\n\t\t\t\t\tMichael from the travel and photography blog \u201eErkunde die Welt\u201c is once again inviting to his photo parade &#8211; now in its 13th year. This&#8230;\t\t\t\t<\/div>\n\t\t\t\n\t\t\t\t\t\t\t\t\t<\/article>\n\t\t\t\t\t\t\t\t\t\t\t\t\t\t\t\t<article class=\"uagb-post__inner-wrap\">\t\t\t\t\t\t\t\t<div class='uagb-post__image'>\n\t\t\t\t\t\t\t\t\t<a href=\"https:\/\/www.motorprosa.com\/en\/triumph-daytona-t595-the-powerhouse\/\" target=\"_self\" rel=\"bookmark noopener noreferrer\" class='uagb-image-ratio-inherit'><img decoding=\"async\" width=\"1024\" height=\"575\" data-src=\"https:\/\/b2642856.assetcdn.net\/2.0\/2642856\/wp-content\/uploads\/2020\/02\/MotorProsa-Blog-Header-Das-Kraftwerk-1-Effekt-1024x575.jpg?lossy=1&strip=1&webp=1\" class=\"attachment-large size-large lazyload\" alt=\"\" data-srcset=\"https:\/\/b2642856.assetcdn.net\/2.0\/2642856\/wp-content\/uploads\/2020\/02\/MotorProsa-Blog-Header-Das-Kraftwerk-1-Effekt-1024x575.jpg?lossy=1&strip=1&webp=1 1024w, https:\/\/b2642856.assetcdn.net\/2.0\/2642856\/wp-content\/uploads\/2020\/02\/MotorProsa-Blog-Header-Das-Kraftwerk-1-Effekt-300x169.jpg?lossy=1&strip=1&webp=1 300w, https:\/\/b2642856.assetcdn.net\/2.0\/2642856\/wp-content\/uploads\/2020\/02\/MotorProsa-Blog-Header-Das-Kraftwerk-1-Effekt-768x431.jpg?lossy=1&strip=1&webp=1 768w, https:\/\/b2642856.assetcdn.net\/2.0\/2642856\/wp-content\/uploads\/2020\/02\/MotorProsa-Blog-Header-Das-Kraftwerk-1-Effekt.jpg?lossy=1&strip=1&webp=1 1200w, https:\/\/b2642856.assetcdn.net\/2.0\/2642856\/wp-content\/uploads\/2020\/02\/MotorProsa-Blog-Header-Das-Kraftwerk-1-Effekt.jpg?size=240x135&lossy=1&strip=1&webp=1 240w, https:\/\/b2642856.assetcdn.net\/2.0\/2642856\/wp-content\/uploads\/2020\/02\/MotorProsa-Blog-Header-Das-Kraftwerk-1-Effekt.jpg?size=480x270&lossy=1&strip=1&webp=1 480w, https:\/\/b2642856.assetcdn.net\/2.0\/2642856\/wp-content\/uploads\/2020\/02\/MotorProsa-Blog-Header-Das-Kraftwerk-1-Effekt.jpg?size=960x539&lossy=1&strip=1&webp=1 960w\" data-sizes=\"auto\" title=\"\" src=\"data:image\/svg+xml;base64,PHN2ZyB3aWR0aD0iMSIgaGVpZ2h0PSIxIiB4bWxucz0iaHR0cDovL3d3dy53My5vcmcvMjAwMC9zdmciPjwvc3ZnPg==\" style=\"--smush-placeholder-width: 1024px; --smush-placeholder-aspect-ratio: 1024\/575;\" data-original-sizes=\"(max-width: 1024px) 100vw, 1024px\">\t\t\t\t\t<\/a>\n\t\t\t\t\t\t\t<\/div>\n\t\t\t\t\t\t<h4 class=\"uagb-post__title uagb-post__text\">\n\t\t\t\t<a href=\"https:\/\/www.motorprosa.com\/en\/triumph-daytona-t595-the-powerhouse\/\" target=\"_self\" rel=\"bookmark noopener noreferrer\">Triumph Daytona T595 &#8211; The powerhouse<\/a>\n\t\t\t<\/h4>\n\t\t\t\t\t\t<div class='uagb-post__text uagb-post-grid-byline'>\n\t\t\t\t\t\t\t\t<span class=\"uagb-post__comment\">\n\t\t\t\t<span class=\"dashicons-admin-comments dashicons\"><\/span>\t\t\t\t\tNo Comments\t\t\t\t<\/span>\n\t\t\t\t\t\t\t<div class=\"uagb-post__text\">\n\t\t\t\t\t<span class='uagb-post__taxonomy'>\n\t\t\t\t\t\t<span class=\"dashicons-tag dashicons\"><\/span>\t\t\t\t\t\t<a href=\"https:\/\/www.motorprosa.com\/en\/category\/motorcycles\/\">Motorcycles<\/a>\t\t\t\t\t<\/span>\n\t\t\t\t<\/div>\n\t\t\t\t\t\t\t<\/div>\n\t\t\t\t\t\t\t<div class='uagb-post__text uagb-post__excerpt'>\n\t\t\t\t\tThe story of a short ride on the Triumph Daytona T595. Unlike my own Daytonas, this one had the infamous Race Can &#8211; and this&#8230;\t\t\t\t<\/div>\n\t\t\t\n\t\t\t\t\t\t\t\t\t<\/article>\n\t\t\t\t\t\t\t\t\t\t\t\t\t\t\t\t<article class=\"uagb-post__inner-wrap\">\t\t\t\t\t\t\t\t<div class='uagb-post__image'>\n\t\t\t\t\t\t\t\t\t<a href=\"https:\/\/www.motorprosa.com\/en\/thoughts-30-years-on-the-motorbike\/\" target=\"_self\" rel=\"bookmark noopener noreferrer\" class='uagb-image-ratio-inherit'><img decoding=\"async\" width=\"1024\" height=\"575\" data-src=\"https:\/\/b2642856.assetcdn.net\/2.0\/2642856\/wp-content\/uploads\/2023\/10\/MotorProsa-Blog-Header-30-Jahre-Motorrad-1-Effekt-1024x575.jpg?lossy=1&strip=1&webp=1\" class=\"attachment-large size-large lazyload\" alt=\"\" data-srcset=\"https:\/\/b2642856.assetcdn.net\/2.0\/2642856\/wp-content\/uploads\/2023\/10\/MotorProsa-Blog-Header-30-Jahre-Motorrad-1-Effekt-1024x575.jpg?lossy=1&strip=1&webp=1 1024w, https:\/\/b2642856.assetcdn.net\/2.0\/2642856\/wp-content\/uploads\/2023\/10\/MotorProsa-Blog-Header-30-Jahre-Motorrad-1-Effekt-300x169.jpg?lossy=1&strip=1&webp=1 300w, https:\/\/b2642856.assetcdn.net\/2.0\/2642856\/wp-content\/uploads\/2023\/10\/MotorProsa-Blog-Header-30-Jahre-Motorrad-1-Effekt-768x431.jpg?lossy=1&strip=1&webp=1 768w, https:\/\/b2642856.assetcdn.net\/2.0\/2642856\/wp-content\/uploads\/2023\/10\/MotorProsa-Blog-Header-30-Jahre-Motorrad-1-Effekt.jpg?lossy=1&strip=1&webp=1 1200w, https:\/\/b2642856.assetcdn.net\/2.0\/2642856\/wp-content\/uploads\/2023\/10\/MotorProsa-Blog-Header-30-Jahre-Motorrad-1-Effekt.jpg?size=240x135&lossy=1&strip=1&webp=1 240w, https:\/\/b2642856.assetcdn.net\/2.0\/2642856\/wp-content\/uploads\/2023\/10\/MotorProsa-Blog-Header-30-Jahre-Motorrad-1-Effekt.jpg?size=480x270&lossy=1&strip=1&webp=1 480w, https:\/\/b2642856.assetcdn.net\/2.0\/2642856\/wp-content\/uploads\/2023\/10\/MotorProsa-Blog-Header-30-Jahre-Motorrad-1-Effekt.jpg?size=960x539&lossy=1&strip=1&webp=1 960w\" data-sizes=\"auto\" title=\"\" src=\"data:image\/svg+xml;base64,PHN2ZyB3aWR0aD0iMSIgaGVpZ2h0PSIxIiB4bWxucz0iaHR0cDovL3d3dy53My5vcmcvMjAwMC9zdmciPjwvc3ZnPg==\" style=\"--smush-placeholder-width: 1024px; --smush-placeholder-aspect-ratio: 1024\/575;\" data-original-sizes=\"(max-width: 1024px) 100vw, 1024px\">\t\t\t\t\t<\/a>\n\t\t\t\t\t\t\t<\/div>\n\t\t\t\t\t\t<h4 class=\"uagb-post__title uagb-post__text\">\n\t\t\t\t<a href=\"https:\/\/www.motorprosa.com\/en\/thoughts-30-years-on-the-motorbike\/\" target=\"_self\" rel=\"bookmark noopener noreferrer\">Thoughts \u2013 30 years on the motorbike<\/a>\n\t\t\t<\/h4>\n\t\t\t\t\t\t<div class='uagb-post__text uagb-post-grid-byline'>\n\t\t\t\t\t\t\t\t<span class=\"uagb-post__comment\">\n\t\t\t\t<span class=\"dashicons-admin-comments dashicons\"><\/span>\t\t\t\t\t3 Comments\t\t\t\t<\/span>\n\t\t\t\t\t\t\t<div class=\"uagb-post__text\">\n\t\t\t\t\t<span class='uagb-post__taxonomy'>\n\t\t\t\t\t\t<span class=\"dashicons-tag dashicons\"><\/span>\t\t\t\t\t\t<a href=\"https:\/\/www.motorprosa.com\/en\/category\/about-me\/\">About Me<\/a>,&nbsp;<a href=\"https:\/\/www.motorprosa.com\/en\/category\/thoughts\/\">Thoughts<\/a>\t\t\t\t\t<\/span>\n\t\t\t\t<\/div>\n\t\t\t\t\t\t\t<\/div>\n\t\t\t\t\t\t\t<div class='uagb-post__text uagb-post__excerpt'>\n\t\t\t\t\tThoughts of good times: Riding a motorbike for over 30 years. I take off my helmet for a moment and look back.\t\t\t\t<\/div>\n\t\t\t\n\t\t\t\t\t\t\t\t\t<\/article>\n\t\t\t\t\t\t\t\t\t\t\t\t\t\t\t\t<article class=\"uagb-post__inner-wrap\">\t\t\t\t\t\t\t\t<div class='uagb-post__image'>\n\t\t\t\t\t\t\t\t\t<a href=\"https:\/\/www.motorprosa.com\/en\/dream-roads-the-passo-di-giau-2236-m\/\" target=\"_self\" rel=\"bookmark noopener noreferrer\" class='uagb-image-ratio-inherit'><img decoding=\"async\" width=\"1024\" height=\"575\" data-src=\"https:\/\/b2642856.assetcdn.net\/2.0\/2642856\/wp-content\/uploads\/2023\/10\/MotorProsa-Blog-Header-Passo-di-Giau-Effekt-1024x575.jpg?lossy=1&strip=1&webp=1\" class=\"attachment-large size-large lazyload\" alt=\"\" data-srcset=\"https:\/\/b2642856.assetcdn.net\/2.0\/2642856\/wp-content\/uploads\/2023\/10\/MotorProsa-Blog-Header-Passo-di-Giau-Effekt-1024x575.jpg?lossy=1&strip=1&webp=1 1024w, https:\/\/b2642856.assetcdn.net\/2.0\/2642856\/wp-content\/uploads\/2023\/10\/MotorProsa-Blog-Header-Passo-di-Giau-Effekt-300x169.jpg?lossy=1&strip=1&webp=1 300w, https:\/\/b2642856.assetcdn.net\/2.0\/2642856\/wp-content\/uploads\/2023\/10\/MotorProsa-Blog-Header-Passo-di-Giau-Effekt-768x431.jpg?lossy=1&strip=1&webp=1 768w, https:\/\/b2642856.assetcdn.net\/2.0\/2642856\/wp-content\/uploads\/2023\/10\/MotorProsa-Blog-Header-Passo-di-Giau-Effekt.jpg?lossy=1&strip=1&webp=1 1200w, https:\/\/b2642856.assetcdn.net\/2.0\/2642856\/wp-content\/uploads\/2023\/10\/MotorProsa-Blog-Header-Passo-di-Giau-Effekt.jpg?size=240x135&lossy=1&strip=1&webp=1 240w, https:\/\/b2642856.assetcdn.net\/2.0\/2642856\/wp-content\/uploads\/2023\/10\/MotorProsa-Blog-Header-Passo-di-Giau-Effekt.jpg?size=480x270&lossy=1&strip=1&webp=1 480w, https:\/\/b2642856.assetcdn.net\/2.0\/2642856\/wp-content\/uploads\/2023\/10\/MotorProsa-Blog-Header-Passo-di-Giau-Effekt.jpg?size=960x539&lossy=1&strip=1&webp=1 960w\" data-sizes=\"auto\" title=\"\" src=\"data:image\/svg+xml;base64,PHN2ZyB3aWR0aD0iMSIgaGVpZ2h0PSIxIiB4bWxucz0iaHR0cDovL3d3dy53My5vcmcvMjAwMC9zdmciPjwvc3ZnPg==\" style=\"--smush-placeholder-width: 1024px; --smush-placeholder-aspect-ratio: 1024\/575;\" data-original-sizes=\"(max-width: 1024px) 100vw, 1024px\">\t\t\t\t\t<\/a>\n\t\t\t\t\t\t\t<\/div>\n\t\t\t\t\t\t<h4 class=\"uagb-post__title uagb-post__text\">\n\t\t\t\t<a href=\"https:\/\/www.motorprosa.com\/en\/dream-roads-the-passo-di-giau-2236-m\/\" target=\"_self\" rel=\"bookmark noopener noreferrer\">Dream Roads: The Passo di Giau (2236 m)<\/a>\n\t\t\t<\/h4>\n\t\t\t\t\t\t<div class='uagb-post__text uagb-post-grid-byline'>\n\t\t\t\t\t\t\t\t<span class=\"uagb-post__comment\">\n\t\t\t\t<span class=\"dashicons-admin-comments dashicons\"><\/span>\t\t\t\t\tNo Comments\t\t\t\t<\/span>\n\t\t\t\t\t\t\t<div class=\"uagb-post__text\">\n\t\t\t\t\t<span class='uagb-post__taxonomy'>\n\t\t\t\t\t\t<span class=\"dashicons-tag dashicons\"><\/span>\t\t\t\t\t\t<a href=\"https:\/\/www.motorprosa.com\/en\/category\/dream-roads\/\">Dream Roads<\/a>,&nbsp;<a href=\"https:\/\/www.motorprosa.com\/en\/category\/publications\/\">Publications<\/a>\t\t\t\t\t<\/span>\n\t\t\t\t<\/div>\n\t\t\t\t\t\t\t<\/div>\n\t\t\t\t\t\t\t<div class='uagb-post__text uagb-post__excerpt'>\n\t\t\t\t\tPortrait of the marvellous Passo di Giau in the Belluno Dolomites. Uli and I were out and about again with camera and pen.\t\t\t\t<\/div>\n\t\t\t\n\t\t\t\t\t\t\t\t\t<\/article>\n\t\t\t\t\t\t\t\t\t\t\t\t\t\t\t\t<article class=\"uagb-post__inner-wrap\">\t\t\t\t\t\t\t\t<div class='uagb-post__image'>\n\t\t\t\t\t\t\t\t\t<a href=\"https:\/\/www.motorprosa.com\/en\/professional-line-photobook-saal-digital\/\" target=\"_self\" rel=\"bookmark noopener noreferrer\" class='uagb-image-ratio-inherit'><img decoding=\"async\" width=\"1024\" height=\"575\" data-src=\"https:\/\/b2642856.assetcdn.net\/2.0\/2642856\/wp-content\/uploads\/2023\/09\/MotorProsa-Blog-Header-Fotobuch-Saal-Digital-Effekt-1024x575.jpg?lossy=1&strip=1&webp=1\" class=\"attachment-large size-large lazyload\" alt=\"\" data-srcset=\"https:\/\/b2642856.assetcdn.net\/2.0\/2642856\/wp-content\/uploads\/2023\/09\/MotorProsa-Blog-Header-Fotobuch-Saal-Digital-Effekt-1024x575.jpg?lossy=1&strip=1&webp=1 1024w, https:\/\/b2642856.assetcdn.net\/2.0\/2642856\/wp-content\/uploads\/2023\/09\/MotorProsa-Blog-Header-Fotobuch-Saal-Digital-Effekt-300x169.jpg?lossy=1&strip=1&webp=1 300w, https:\/\/b2642856.assetcdn.net\/2.0\/2642856\/wp-content\/uploads\/2023\/09\/MotorProsa-Blog-Header-Fotobuch-Saal-Digital-Effekt-768x431.jpg?lossy=1&strip=1&webp=1 768w, https:\/\/b2642856.assetcdn.net\/2.0\/2642856\/wp-content\/uploads\/2023\/09\/MotorProsa-Blog-Header-Fotobuch-Saal-Digital-Effekt.jpg?lossy=1&strip=1&webp=1 1200w, https:\/\/b2642856.assetcdn.net\/2.0\/2642856\/wp-content\/uploads\/2023\/09\/MotorProsa-Blog-Header-Fotobuch-Saal-Digital-Effekt.jpg?size=240x135&lossy=1&strip=1&webp=1 240w, https:\/\/b2642856.assetcdn.net\/2.0\/2642856\/wp-content\/uploads\/2023\/09\/MotorProsa-Blog-Header-Fotobuch-Saal-Digital-Effekt.jpg?size=480x270&lossy=1&strip=1&webp=1 480w, https:\/\/b2642856.assetcdn.net\/2.0\/2642856\/wp-content\/uploads\/2023\/09\/MotorProsa-Blog-Header-Fotobuch-Saal-Digital-Effekt.jpg?size=960x539&lossy=1&strip=1&webp=1 960w\" data-sizes=\"auto\" title=\"\" src=\"data:image\/svg+xml;base64,PHN2ZyB3aWR0aD0iMSIgaGVpZ2h0PSIxIiB4bWxucz0iaHR0cDovL3d3dy53My5vcmcvMjAwMC9zdmciPjwvc3ZnPg==\" style=\"--smush-placeholder-width: 1024px; --smush-placeholder-aspect-ratio: 1024\/575;\" data-original-sizes=\"(max-width: 1024px) 100vw, 1024px\">\t\t\t\t\t<\/a>\n\t\t\t\t\t\t\t<\/div>\n\t\t\t\t\t\t<h4 class=\"uagb-post__title uagb-post__text\">\n\t\t\t\t<a href=\"https:\/\/www.motorprosa.com\/en\/professional-line-photobook-saal-digital\/\" target=\"_self\" rel=\"bookmark noopener noreferrer\">Tried it out: Professional Line photo book from Saal Digital<\/a>\n\t\t\t<\/h4>\n\t\t\t\t\t\t<div class='uagb-post__text uagb-post-grid-byline'>\n\t\t\t\t\t\t\t\t<span class=\"uagb-post__comment\">\n\t\t\t\t<span class=\"dashicons-admin-comments dashicons\"><\/span>\t\t\t\t\tNo Comments\t\t\t\t<\/span>\n\t\t\t\t\t\t\t<div class=\"uagb-post__text\">\n\t\t\t\t\t<span class='uagb-post__taxonomy'>\n\t\t\t\t\t\t<span class=\"dashicons-tag dashicons\"><\/span>\t\t\t\t\t\t<a href=\"https:\/\/www.motorprosa.com\/en\/category\/tested\/\">Tested<\/a>,&nbsp;<a href=\"https:\/\/www.motorprosa.com\/en\/category\/photography\/\">Photography<\/a>\t\t\t\t\t<\/span>\n\t\t\t\t<\/div>\n\t\t\t\t\t\t\t<\/div>\n\t\t\t\t\t\t\t<div class='uagb-post__text uagb-post__excerpt'>\n\t\t\t\t\tField report on MotorProsa: Creation of a photo book from Saal Digital&#8217;s Professional Line.\t\t\t\t<\/div>\n\t\t\t\n\t\t\t\t\t\t\t\t\t<\/article>\n\t\t\t\t\t\t\t\t\t\t\t\t\t\t\t\t<article class=\"uagb-post__inner-wrap\">\t\t\t\t\t\t\t\t<div class='uagb-post__image'>\n\t\t\t\t\t\t\t\t\t<a href=\"https:\/\/www.motorprosa.com\/en\/dream-roads-the-col-dizoard-2360-m\/\" target=\"_self\" rel=\"bookmark noopener noreferrer\" class='uagb-image-ratio-inherit'><img decoding=\"async\" width=\"1024\" height=\"575\" data-src=\"https:\/\/b2642856.assetcdn.net\/2.0\/2642856\/wp-content\/uploads\/2023\/09\/MotorProsa-Blog-Header-Col-d-Izoard-Effekt-1024x575.jpg?lossy=1&strip=1&webp=1\" class=\"attachment-large size-large lazyload\" alt=\"MotorProsa Blog: Header Col d&#039;Izoard (Foto: www.moppetfoto.de)\" data-srcset=\"https:\/\/b2642856.assetcdn.net\/2.0\/2642856\/wp-content\/uploads\/2023\/09\/MotorProsa-Blog-Header-Col-d-Izoard-Effekt-1024x575.jpg?lossy=1&strip=1&webp=1 1024w, https:\/\/b2642856.assetcdn.net\/2.0\/2642856\/wp-content\/uploads\/2023\/09\/MotorProsa-Blog-Header-Col-d-Izoard-Effekt-300x169.jpg?lossy=1&strip=1&webp=1 300w, https:\/\/b2642856.assetcdn.net\/2.0\/2642856\/wp-content\/uploads\/2023\/09\/MotorProsa-Blog-Header-Col-d-Izoard-Effekt-768x431.jpg?lossy=1&strip=1&webp=1 768w, https:\/\/b2642856.assetcdn.net\/2.0\/2642856\/wp-content\/uploads\/2023\/09\/MotorProsa-Blog-Header-Col-d-Izoard-Effekt.jpg?lossy=1&strip=1&webp=1 1200w, https:\/\/b2642856.assetcdn.net\/2.0\/2642856\/wp-content\/uploads\/2023\/09\/MotorProsa-Blog-Header-Col-d-Izoard-Effekt.jpg?size=240x135&lossy=1&strip=1&webp=1 240w, https:\/\/b2642856.assetcdn.net\/2.0\/2642856\/wp-content\/uploads\/2023\/09\/MotorProsa-Blog-Header-Col-d-Izoard-Effekt.jpg?size=480x270&lossy=1&strip=1&webp=1 480w, https:\/\/b2642856.assetcdn.net\/2.0\/2642856\/wp-content\/uploads\/2023\/09\/MotorProsa-Blog-Header-Col-d-Izoard-Effekt.jpg?size=960x539&lossy=1&strip=1&webp=1 960w\" data-sizes=\"auto\" title=\"\" src=\"data:image\/svg+xml;base64,PHN2ZyB3aWR0aD0iMSIgaGVpZ2h0PSIxIiB4bWxucz0iaHR0cDovL3d3dy53My5vcmcvMjAwMC9zdmciPjwvc3ZnPg==\" style=\"--smush-placeholder-width: 1024px; --smush-placeholder-aspect-ratio: 1024\/575;\" data-original-sizes=\"(max-width: 1024px) 100vw, 1024px\">\t\t\t\t\t<\/a>\n\t\t\t\t\t\t\t<\/div>\n\t\t\t\t\t\t<h4 class=\"uagb-post__title uagb-post__text\">\n\t\t\t\t<a href=\"https:\/\/www.motorprosa.com\/en\/dream-roads-the-col-dizoard-2360-m\/\" target=\"_self\" rel=\"bookmark noopener noreferrer\">Dream Roads: The Col d\u2019Izoard (2360 m)<\/a>\n\t\t\t<\/h4>\n\t\t\t\t\t\t<div class='uagb-post__text uagb-post-grid-byline'>\n\t\t\t\t\t\t\t\t<span class=\"uagb-post__comment\">\n\t\t\t\t<span class=\"dashicons-admin-comments dashicons\"><\/span>\t\t\t\t\tNo Comments\t\t\t\t<\/span>\n\t\t\t\t\t\t\t<div class=\"uagb-post__text\">\n\t\t\t\t\t<span class='uagb-post__taxonomy'>\n\t\t\t\t\t\t<span class=\"dashicons-tag dashicons\"><\/span>\t\t\t\t\t\t<a href=\"https:\/\/www.motorprosa.com\/en\/category\/dream-roads\/\">Dream Roads<\/a>,&nbsp;<a href=\"https:\/\/www.motorprosa.com\/en\/category\/publications\/\">Publications<\/a>\t\t\t\t\t<\/span>\n\t\t\t\t<\/div>\n\t\t\t\t\t\t\t<\/div>\n\t\t\t\t\t\t\t<div class='uagb-post__text uagb-post__excerpt'>\n\t\t\t\t\tThe Col d&#8217;Izoard: I rode it many years ago on a Harley-Davidson as part of an extremely speedy tour group, bringing back only a single&#8230;\t\t\t\t<\/div>\n\t\t\t\n\t\t\t\t\t\t\t\t\t<\/article>\n\t\t\t\t\t\t\t\t\t\t\t\t\t\t\t\t<article class=\"uagb-post__inner-wrap\">\t\t\t\t\t\t\t\t<div class='uagb-post__image'>\n\t\t\t\t\t\t\t\t\t<a href=\"https:\/\/www.motorprosa.com\/en\/dream-roads-the-col-du-galibier-2642-m\/\" target=\"_self\" rel=\"bookmark noopener noreferrer\" class='uagb-image-ratio-inherit'><img decoding=\"async\" width=\"1024\" height=\"575\" data-src=\"https:\/\/b2642856.assetcdn.net\/2.0\/2642856\/wp-content\/uploads\/2023\/08\/MotorProsa-Blog-Header-Col-du-Galibier-1-Effekt-1024x575.jpg?lossy=1&strip=1&webp=1\" class=\"attachment-large size-large lazyload\" alt=\"\" data-srcset=\"https:\/\/b2642856.assetcdn.net\/2.0\/2642856\/wp-content\/uploads\/2023\/08\/MotorProsa-Blog-Header-Col-du-Galibier-1-Effekt-1024x575.jpg?lossy=1&strip=1&webp=1 1024w, https:\/\/b2642856.assetcdn.net\/2.0\/2642856\/wp-content\/uploads\/2023\/08\/MotorProsa-Blog-Header-Col-du-Galibier-1-Effekt-300x169.jpg?lossy=1&strip=1&webp=1 300w, https:\/\/b2642856.assetcdn.net\/2.0\/2642856\/wp-content\/uploads\/2023\/08\/MotorProsa-Blog-Header-Col-du-Galibier-1-Effekt-768x431.jpg?lossy=1&strip=1&webp=1 768w, https:\/\/b2642856.assetcdn.net\/2.0\/2642856\/wp-content\/uploads\/2023\/08\/MotorProsa-Blog-Header-Col-du-Galibier-1-Effekt.jpg?lossy=1&strip=1&webp=1 1200w, https:\/\/b2642856.assetcdn.net\/2.0\/2642856\/wp-content\/uploads\/2023\/08\/MotorProsa-Blog-Header-Col-du-Galibier-1-Effekt.jpg?size=240x135&lossy=1&strip=1&webp=1 240w, https:\/\/b2642856.assetcdn.net\/2.0\/2642856\/wp-content\/uploads\/2023\/08\/MotorProsa-Blog-Header-Col-du-Galibier-1-Effekt.jpg?size=480x270&lossy=1&strip=1&webp=1 480w, https:\/\/b2642856.assetcdn.net\/2.0\/2642856\/wp-content\/uploads\/2023\/08\/MotorProsa-Blog-Header-Col-du-Galibier-1-Effekt.jpg?size=960x539&lossy=1&strip=1&webp=1 960w\" data-sizes=\"auto\" title=\"\" src=\"data:image\/svg+xml;base64,PHN2ZyB3aWR0aD0iMSIgaGVpZ2h0PSIxIiB4bWxucz0iaHR0cDovL3d3dy53My5vcmcvMjAwMC9zdmciPjwvc3ZnPg==\" style=\"--smush-placeholder-width: 1024px; --smush-placeholder-aspect-ratio: 1024\/575;\" data-original-sizes=\"(max-width: 1024px) 100vw, 1024px\">\t\t\t\t\t<\/a>\n\t\t\t\t\t\t\t<\/div>\n\t\t\t\t\t\t<h4 class=\"uagb-post__title uagb-post__text\">\n\t\t\t\t<a href=\"https:\/\/www.motorprosa.com\/en\/dream-roads-the-col-du-galibier-2642-m\/\" target=\"_self\" rel=\"bookmark noopener noreferrer\">Dream Roads: The Col du Galibier (2642 m)<\/a>\n\t\t\t<\/h4>\n\t\t\t\t\t\t<div class='uagb-post__text uagb-post-grid-byline'>\n\t\t\t\t\t\t\t\t<span class=\"uagb-post__comment\">\n\t\t\t\t<span class=\"dashicons-admin-comments dashicons\"><\/span>\t\t\t\t\tNo Comments\t\t\t\t<\/span>\n\t\t\t\t\t\t\t<div class=\"uagb-post__text\">\n\t\t\t\t\t<span class='uagb-post__taxonomy'>\n\t\t\t\t\t\t<span class=\"dashicons-tag dashicons\"><\/span>\t\t\t\t\t\t<a href=\"https:\/\/www.motorprosa.com\/en\/category\/dream-roads\/\">Dream Roads<\/a>,&nbsp;<a href=\"https:\/\/www.motorprosa.com\/en\/category\/publications\/\">Publications<\/a>\t\t\t\t\t<\/span>\n\t\t\t\t<\/div>\n\t\t\t\t\t\t\t<\/div>\n\t\t\t\t\t\t\t<div class='uagb-post__text uagb-post__excerpt'>\n\t\t\t\t\tThe Col du Galibier\u00a0\u2013 we visited this French giant in summer 2022. An impressive landscape experience.\t\t\t\t<\/div>\n\t\t\t\n\t\t\t\t\t\t\t\t\t<\/article>\n\t\t\t\t\t\t\t\t\t\t\t\t\t\t\t\t<article class=\"uagb-post__inner-wrap\">\t\t\t\t\t\t\t\t<div class='uagb-post__image'>\n\t\t\t\t\t\t\t\t\t<a href=\"https:\/\/www.motorprosa.com\/en\/one-way-regulation-on-the-stelvio-2023\/\" target=\"_self\" rel=\"bookmark noopener noreferrer\" class='uagb-image-ratio-inherit'><img decoding=\"async\" width=\"1024\" height=\"575\" data-src=\"https:\/\/b2642856.assetcdn.net\/2.0\/2642856\/wp-content\/uploads\/2023\/03\/MotorProsa-Blog-Header-Aprilscherz-2023-EN-Effekt-1024x575.jpg?lossy=1&strip=1&webp=1\" class=\"attachment-large size-large lazyload\" alt=\"\" data-srcset=\"https:\/\/b2642856.assetcdn.net\/2.0\/2642856\/wp-content\/uploads\/2023\/03\/MotorProsa-Blog-Header-Aprilscherz-2023-EN-Effekt-1024x575.jpg?lossy=1&strip=1&webp=1 1024w, https:\/\/b2642856.assetcdn.net\/2.0\/2642856\/wp-content\/uploads\/2023\/03\/MotorProsa-Blog-Header-Aprilscherz-2023-EN-Effekt-300x169.jpg?lossy=1&strip=1&webp=1 300w, https:\/\/b2642856.assetcdn.net\/2.0\/2642856\/wp-content\/uploads\/2023\/03\/MotorProsa-Blog-Header-Aprilscherz-2023-EN-Effekt-768x431.jpg?lossy=1&strip=1&webp=1 768w, https:\/\/b2642856.assetcdn.net\/2.0\/2642856\/wp-content\/uploads\/2023\/03\/MotorProsa-Blog-Header-Aprilscherz-2023-EN-Effekt.jpg?lossy=1&strip=1&webp=1 1200w, https:\/\/b2642856.assetcdn.net\/2.0\/2642856\/wp-content\/uploads\/2023\/03\/MotorProsa-Blog-Header-Aprilscherz-2023-EN-Effekt.jpg?size=240x135&lossy=1&strip=1&webp=1 240w, https:\/\/b2642856.assetcdn.net\/2.0\/2642856\/wp-content\/uploads\/2023\/03\/MotorProsa-Blog-Header-Aprilscherz-2023-EN-Effekt.jpg?size=480x270&lossy=1&strip=1&webp=1 480w, https:\/\/b2642856.assetcdn.net\/2.0\/2642856\/wp-content\/uploads\/2023\/03\/MotorProsa-Blog-Header-Aprilscherz-2023-EN-Effekt.jpg?size=960x539&lossy=1&strip=1&webp=1 960w\" data-sizes=\"auto\" title=\"\" src=\"data:image\/svg+xml;base64,PHN2ZyB3aWR0aD0iMSIgaGVpZ2h0PSIxIiB4bWxucz0iaHR0cDovL3d3dy53My5vcmcvMjAwMC9zdmciPjwvc3ZnPg==\" style=\"--smush-placeholder-width: 1024px; --smush-placeholder-aspect-ratio: 1024\/575;\" data-original-sizes=\"(max-width: 1024px) 100vw, 1024px\">\t\t\t\t\t<\/a>\n\t\t\t\t\t\t\t<\/div>\n\t\t\t\t\t\t<h4 class=\"uagb-post__title uagb-post__text\">\n\t\t\t\t<a href=\"https:\/\/www.motorprosa.com\/en\/one-way-regulation-on-the-stelvio-2023\/\" target=\"_self\" rel=\"bookmark noopener noreferrer\">New for 2023: One-way regulation on the Stelvio Pass<\/a>\n\t\t\t<\/h4>\n\t\t\t\t\t\t<div class='uagb-post__text uagb-post-grid-byline'>\n\t\t\t\t\t\t\t\t<span class=\"uagb-post__comment\">\n\t\t\t\t<span class=\"dashicons-admin-comments dashicons\"><\/span>\t\t\t\t\tNo Comments\t\t\t\t<\/span>\n\t\t\t\t\t\t\t<div class=\"uagb-post__text\">\n\t\t\t\t\t<span class='uagb-post__taxonomy'>\n\t\t\t\t\t\t<span class=\"dashicons-tag dashicons\"><\/span>\t\t\t\t\t\t<a href=\"https:\/\/www.motorprosa.com\/en\/category\/dream-roads\/\">Dream Roads<\/a>,&nbsp;<a href=\"https:\/\/www.motorprosa.com\/en\/category\/200-years-stelvio-pass\/\">200 years Stelvio Pass<\/a>,&nbsp;<a href=\"https:\/\/www.motorprosa.com\/en\/category\/sarcasm\/\">Sarcasm<\/a>\t\t\t\t\t<\/span>\n\t\t\t\t<\/div>\n\t\t\t\t\t\t\t<\/div>\n\t\t\t\t\t\t\t<div class='uagb-post__text uagb-post__excerpt'>\n\t\t\t\t\tIn summer 2023, a one-way system will be introduced on the Stelvio Pass. Here you can find all important information.\t\t\t\t<\/div>\n\t\t\t\n\t\t\t\t\t\t\t\t\t<\/article>\n\t\t\t\t\t\t\t\t\t\t\t\t\t\t\t\t<article class=\"uagb-post__inner-wrap\">\t\t\t\t\t\t\t\t<div class='uagb-post__image'>\n\t\t\t\t\t\t\t\t\t<a href=\"https:\/\/www.motorprosa.com\/en\/customised-leather-suit\/\" target=\"_self\" rel=\"bookmark noopener noreferrer\" class='uagb-image-ratio-inherit'><img decoding=\"async\" width=\"1024\" height=\"575\" data-src=\"https:\/\/b2642856.assetcdn.net\/2.0\/2642856\/wp-content\/uploads\/2023\/03\/MotorProsa-Blog-Header-Zieh-Dich-an-in-Pakistan-Effekt-1024x575.jpg?lossy=1&strip=1&webp=1\" class=\"attachment-large size-large lazyload\" alt=\"\" data-srcset=\"https:\/\/b2642856.assetcdn.net\/2.0\/2642856\/wp-content\/uploads\/2023\/03\/MotorProsa-Blog-Header-Zieh-Dich-an-in-Pakistan-Effekt-1024x575.jpg?lossy=1&strip=1&webp=1 1024w, https:\/\/b2642856.assetcdn.net\/2.0\/2642856\/wp-content\/uploads\/2023\/03\/MotorProsa-Blog-Header-Zieh-Dich-an-in-Pakistan-Effekt-300x169.jpg?lossy=1&strip=1&webp=1 300w, https:\/\/b2642856.assetcdn.net\/2.0\/2642856\/wp-content\/uploads\/2023\/03\/MotorProsa-Blog-Header-Zieh-Dich-an-in-Pakistan-Effekt-768x431.jpg?lossy=1&strip=1&webp=1 768w, https:\/\/b2642856.assetcdn.net\/2.0\/2642856\/wp-content\/uploads\/2023\/03\/MotorProsa-Blog-Header-Zieh-Dich-an-in-Pakistan-Effekt.jpg?lossy=1&strip=1&webp=1 1200w, https:\/\/b2642856.assetcdn.net\/2.0\/2642856\/wp-content\/uploads\/2023\/03\/MotorProsa-Blog-Header-Zieh-Dich-an-in-Pakistan-Effekt.jpg?size=240x135&lossy=1&strip=1&webp=1 240w, https:\/\/b2642856.assetcdn.net\/2.0\/2642856\/wp-content\/uploads\/2023\/03\/MotorProsa-Blog-Header-Zieh-Dich-an-in-Pakistan-Effekt.jpg?size=480x270&lossy=1&strip=1&webp=1 480w, https:\/\/b2642856.assetcdn.net\/2.0\/2642856\/wp-content\/uploads\/2023\/03\/MotorProsa-Blog-Header-Zieh-Dich-an-in-Pakistan-Effekt.jpg?size=960x539&lossy=1&strip=1&webp=1 960w\" data-sizes=\"auto\" title=\"\" src=\"data:image\/svg+xml;base64,PHN2ZyB3aWR0aD0iMSIgaGVpZ2h0PSIxIiB4bWxucz0iaHR0cDovL3d3dy53My5vcmcvMjAwMC9zdmciPjwvc3ZnPg==\" style=\"--smush-placeholder-width: 1024px; --smush-placeholder-aspect-ratio: 1024\/575;\" data-original-sizes=\"(max-width: 1024px) 100vw, 1024px\">\t\t\t\t\t<\/a>\n\t\t\t\t\t\t\t<\/div>\n\t\t\t\t\t\t<h4 class=\"uagb-post__title uagb-post__text\">\n\t\t\t\t<a href=\"https:\/\/www.motorprosa.com\/en\/customised-leather-suit\/\" target=\"_self\" rel=\"bookmark noopener noreferrer\">Get Dressed in Pakistan \u2013 Customised Leather Suit<\/a>\n\t\t\t<\/h4>\n\t\t\t\t\t\t<div class='uagb-post__text uagb-post-grid-byline'>\n\t\t\t\t\t\t\t\t<span class=\"uagb-post__comment\">\n\t\t\t\t<span class=\"dashicons-admin-comments dashicons\"><\/span>\t\t\t\t\tNo Comments\t\t\t\t<\/span>\n\t\t\t\t\t\t\t<div class=\"uagb-post__text\">\n\t\t\t\t\t<span class='uagb-post__taxonomy'>\n\t\t\t\t\t\t<span class=\"dashicons-tag dashicons\"><\/span>\t\t\t\t\t\t<a href=\"https:\/\/www.motorprosa.com\/en\/category\/tested\/\">Tested<\/a>,&nbsp;<a href=\"https:\/\/www.motorprosa.com\/en\/category\/tested\/motorcycle-clothing\/\">Motorcycle clothing<\/a>\t\t\t\t\t<\/span>\n\t\t\t\t<\/div>\n\t\t\t\t\t\t\t<\/div>\n\t\t\t\t\t\t\t<div class='uagb-post__text uagb-post__excerpt'>\n\t\t\t\t\tMotorProsa field report: I bought a leather suit in Pakistan &#8211; tailor-made and in the design of my choice. \t\t\t\t<\/div>\n\t\t\t\n\t\t\t\t\t\t\t\t\t<\/article>\n\t\t\t\t\t\t\t\t\t\t\t\t\t\t\t\t<article class=\"uagb-post__inner-wrap\">\t\t\t\t\t\t\t\t<div class='uagb-post__image'>\n\t\t\t\t\t\t\t\t\t<a href=\"https:\/\/www.motorprosa.com\/en\/new-boots-daytona-security-evo-g3\/\" target=\"_self\" rel=\"bookmark noopener noreferrer\" class='uagb-image-ratio-inherit'><img decoding=\"async\" width=\"1024\" height=\"575\" data-src=\"https:\/\/b2642856.assetcdn.net\/2.0\/2642856\/wp-content\/uploads\/2023\/03\/MotorProsa-Blog-Header-Daytona-Security-Evo-Effekt-1024x575.jpg?lossy=1&strip=1&webp=1\" class=\"attachment-large size-large lazyload\" alt=\"Daytona Security Evo G3 - und meine 20 Jahre alten Evo Sports GTX\" data-srcset=\"https:\/\/b2642856.assetcdn.net\/2.0\/2642856\/wp-content\/uploads\/2023\/03\/MotorProsa-Blog-Header-Daytona-Security-Evo-Effekt-1024x575.jpg?lossy=1&strip=1&webp=1 1024w, https:\/\/b2642856.assetcdn.net\/2.0\/2642856\/wp-content\/uploads\/2023\/03\/MotorProsa-Blog-Header-Daytona-Security-Evo-Effekt-300x169.jpg?lossy=1&strip=1&webp=1 300w, https:\/\/b2642856.assetcdn.net\/2.0\/2642856\/wp-content\/uploads\/2023\/03\/MotorProsa-Blog-Header-Daytona-Security-Evo-Effekt-768x431.jpg?lossy=1&strip=1&webp=1 768w, https:\/\/b2642856.assetcdn.net\/2.0\/2642856\/wp-content\/uploads\/2023\/03\/MotorProsa-Blog-Header-Daytona-Security-Evo-Effekt.jpg?lossy=1&strip=1&webp=1 1200w, https:\/\/b2642856.assetcdn.net\/2.0\/2642856\/wp-content\/uploads\/2023\/03\/MotorProsa-Blog-Header-Daytona-Security-Evo-Effekt.jpg?size=240x135&lossy=1&strip=1&webp=1 240w, https:\/\/b2642856.assetcdn.net\/2.0\/2642856\/wp-content\/uploads\/2023\/03\/MotorProsa-Blog-Header-Daytona-Security-Evo-Effekt.jpg?size=480x270&lossy=1&strip=1&webp=1 480w, https:\/\/b2642856.assetcdn.net\/2.0\/2642856\/wp-content\/uploads\/2023\/03\/MotorProsa-Blog-Header-Daytona-Security-Evo-Effekt.jpg?size=960x539&lossy=1&strip=1&webp=1 960w\" data-sizes=\"auto\" title=\"\" src=\"data:image\/svg+xml;base64,PHN2ZyB3aWR0aD0iMSIgaGVpZ2h0PSIxIiB4bWxucz0iaHR0cDovL3d3dy53My5vcmcvMjAwMC9zdmciPjwvc3ZnPg==\" style=\"--smush-placeholder-width: 1024px; --smush-placeholder-aspect-ratio: 1024\/575;\" data-original-sizes=\"(max-width: 1024px) 100vw, 1024px\">\t\t\t\t\t<\/a>\n\t\t\t\t\t\t\t<\/div>\n\t\t\t\t\t\t<h4 class=\"uagb-post__title uagb-post__text\">\n\t\t\t\t<a href=\"https:\/\/www.motorprosa.com\/en\/new-boots-daytona-security-evo-g3\/\" target=\"_self\" rel=\"bookmark noopener noreferrer\">New boots for MotorProsa: Daytona Security Evo G3<\/a>\n\t\t\t<\/h4>\n\t\t\t\t\t\t<div class='uagb-post__text uagb-post-grid-byline'>\n\t\t\t\t\t\t\t\t<span class=\"uagb-post__comment\">\n\t\t\t\t<span class=\"dashicons-admin-comments dashicons\"><\/span>\t\t\t\t\tNo Comments\t\t\t\t<\/span>\n\t\t\t\t\t\t\t<div class=\"uagb-post__text\">\n\t\t\t\t\t<span class='uagb-post__taxonomy'>\n\t\t\t\t\t\t<span class=\"dashicons-tag dashicons\"><\/span>\t\t\t\t\t\t<a href=\"https:\/\/www.motorprosa.com\/en\/category\/tested\/\">Tested<\/a>,&nbsp;<a href=\"https:\/\/www.motorprosa.com\/en\/category\/tested\/motorcycle-clothing\/\">Motorcycle clothing<\/a>\t\t\t\t\t<\/span>\n\t\t\t\t<\/div>\n\t\t\t\t\t\t\t<\/div>\n\t\t\t\t\t\t\t<div class='uagb-post__text uagb-post__excerpt'>\n\t\t\t\t\tNew boots for MotorProsa. Finally, the first-class Daytona Security Evo G3 found their way into the wardrobe.\t\t\t\t<\/div>\n\t\t\t\n\t\t\t\t\t\t\t\t\t<\/article>\n\t\t\t\t\t\t\t\t\t\t\t\t\t\t\t\t<article class=\"uagb-post__inner-wrap\">\t\t\t\t\t\t\t\t<div class='uagb-post__image'>\n\t\t\t\t\t\t\t\t\t<a href=\"https:\/\/www.motorprosa.com\/en\/dream-roads-the-col-de-liseran-2770-m\/\" target=\"_self\" rel=\"bookmark noopener noreferrer\" class='uagb-image-ratio-inherit'><img decoding=\"async\" width=\"1024\" height=\"575\" data-src=\"https:\/\/b2642856.assetcdn.net\/2.0\/2642856\/wp-content\/uploads\/2022\/10\/motorprosa-blog-header-col-de-l-iseran-1-effekt-1024x575.jpg?lossy=1&strip=1&webp=1\" class=\"attachment-large size-large lazyload\" alt=\"MotorProsa Blog Header: Col de l&#039;Iseran (Effekt)\" data-srcset=\"https:\/\/b2642856.assetcdn.net\/2.0\/2642856\/wp-content\/uploads\/2022\/10\/motorprosa-blog-header-col-de-l-iseran-1-effekt-1024x575.jpg?lossy=1&strip=1&webp=1 1024w, https:\/\/b2642856.assetcdn.net\/2.0\/2642856\/wp-content\/uploads\/2022\/10\/motorprosa-blog-header-col-de-l-iseran-1-effekt-300x169.jpg?lossy=1&strip=1&webp=1 300w, https:\/\/b2642856.assetcdn.net\/2.0\/2642856\/wp-content\/uploads\/2022\/10\/motorprosa-blog-header-col-de-l-iseran-1-effekt-768x431.jpg?lossy=1&strip=1&webp=1 768w, https:\/\/b2642856.assetcdn.net\/2.0\/2642856\/wp-content\/uploads\/2022\/10\/motorprosa-blog-header-col-de-l-iseran-1-effekt.jpg?lossy=1&strip=1&webp=1 1200w, https:\/\/b2642856.assetcdn.net\/2.0\/2642856\/wp-content\/uploads\/2022\/10\/motorprosa-blog-header-col-de-l-iseran-1-effekt.jpg?size=240x135&lossy=1&strip=1&webp=1 240w, https:\/\/b2642856.assetcdn.net\/2.0\/2642856\/wp-content\/uploads\/2022\/10\/motorprosa-blog-header-col-de-l-iseran-1-effekt.jpg?size=480x270&lossy=1&strip=1&webp=1 480w, https:\/\/b2642856.assetcdn.net\/2.0\/2642856\/wp-content\/uploads\/2022\/10\/motorprosa-blog-header-col-de-l-iseran-1-effekt.jpg?size=960x539&lossy=1&strip=1&webp=1 960w\" data-sizes=\"auto\" title=\"\" src=\"data:image\/svg+xml;base64,PHN2ZyB3aWR0aD0iMSIgaGVpZ2h0PSIxIiB4bWxucz0iaHR0cDovL3d3dy53My5vcmcvMjAwMC9zdmciPjwvc3ZnPg==\" style=\"--smush-placeholder-width: 1024px; --smush-placeholder-aspect-ratio: 1024\/575;\" data-original-sizes=\"(max-width: 1024px) 100vw, 1024px\">\t\t\t\t\t<\/a>\n\t\t\t\t\t\t\t<\/div>\n\t\t\t\t\t\t<h4 class=\"uagb-post__title uagb-post__text\">\n\t\t\t\t<a href=\"https:\/\/www.motorprosa.com\/en\/dream-roads-the-col-de-liseran-2770-m\/\" target=\"_self\" rel=\"bookmark noopener noreferrer\">Dream Roads: The Col de l\u2019Iseran (2770 m)<\/a>\n\t\t\t<\/h4>\n\t\t\t\t\t\t<div class='uagb-post__text uagb-post-grid-byline'>\n\t\t\t\t\t\t\t\t<span class=\"uagb-post__comment\">\n\t\t\t\t<span class=\"dashicons-admin-comments dashicons\"><\/span>\t\t\t\t\tNo Comments\t\t\t\t<\/span>\n\t\t\t\t\t\t\t<div class=\"uagb-post__text\">\n\t\t\t\t\t<span class='uagb-post__taxonomy'>\n\t\t\t\t\t\t<span class=\"dashicons-tag dashicons\"><\/span>\t\t\t\t\t\t<a href=\"https:\/\/www.motorprosa.com\/en\/category\/dream-roads\/\">Dream Roads<\/a>,&nbsp;<a href=\"https:\/\/www.motorprosa.com\/en\/category\/publications\/\">Publications<\/a>\t\t\t\t\t<\/span>\n\t\t\t\t<\/div>\n\t\t\t\t\t\t\t<\/div>\n\t\t\t\t\t\t\t<div class='uagb-post__text uagb-post__excerpt'>\n\t\t\t\t\tThe Col de l\u2019Iseran \u2013 my highlight of the summer 2022. Because you can\u2019t get any higher over a pass in the Alps.\t\t\t\t<\/div>\n\t\t\t\n\t\t\t\t\t\t\t\t\t<\/article>\n\t\t\t\t\t\t\t\t\t\t\t\t\t\t\t\t<article class=\"uagb-post__inner-wrap\">\t\t\t\t\t\t\t\t<div class='uagb-post__image'>\n\t\t\t\t\t\t\t\t\t<a href=\"https:\/\/www.motorprosa.com\/en\/dream-roads-the-grimsel-pass-2164-m\/\" target=\"_self\" rel=\"bookmark noopener noreferrer\" class='uagb-image-ratio-inherit'><img decoding=\"async\" width=\"1024\" height=\"575\" data-src=\"https:\/\/b2642856.assetcdn.net\/2.0\/2642856\/wp-content\/uploads\/2023\/03\/MotorProsa-Blog-Header-Grimselpass-2-Effekt-1024x575.jpg?lossy=1&strip=1&webp=1\" class=\"attachment-large size-large lazyload\" alt=\"Faszinierend: die Nordrampe des Grimselpasses\" data-srcset=\"https:\/\/b2642856.assetcdn.net\/2.0\/2642856\/wp-content\/uploads\/2023\/03\/MotorProsa-Blog-Header-Grimselpass-2-Effekt-1024x575.jpg?lossy=1&strip=1&webp=1 1024w, https:\/\/b2642856.assetcdn.net\/2.0\/2642856\/wp-content\/uploads\/2023\/03\/MotorProsa-Blog-Header-Grimselpass-2-Effekt-300x169.jpg?lossy=1&strip=1&webp=1 300w, https:\/\/b2642856.assetcdn.net\/2.0\/2642856\/wp-content\/uploads\/2023\/03\/MotorProsa-Blog-Header-Grimselpass-2-Effekt-768x431.jpg?lossy=1&strip=1&webp=1 768w, https:\/\/b2642856.assetcdn.net\/2.0\/2642856\/wp-content\/uploads\/2023\/03\/MotorProsa-Blog-Header-Grimselpass-2-Effekt.jpg?lossy=1&strip=1&webp=1 1200w, https:\/\/b2642856.assetcdn.net\/2.0\/2642856\/wp-content\/uploads\/2023\/03\/MotorProsa-Blog-Header-Grimselpass-2-Effekt.jpg?size=240x135&lossy=1&strip=1&webp=1 240w, https:\/\/b2642856.assetcdn.net\/2.0\/2642856\/wp-content\/uploads\/2023\/03\/MotorProsa-Blog-Header-Grimselpass-2-Effekt.jpg?size=480x270&lossy=1&strip=1&webp=1 480w, https:\/\/b2642856.assetcdn.net\/2.0\/2642856\/wp-content\/uploads\/2023\/03\/MotorProsa-Blog-Header-Grimselpass-2-Effekt.jpg?size=960x539&lossy=1&strip=1&webp=1 960w\" data-sizes=\"auto\" title=\"\" src=\"data:image\/svg+xml;base64,PHN2ZyB3aWR0aD0iMSIgaGVpZ2h0PSIxIiB4bWxucz0iaHR0cDovL3d3dy53My5vcmcvMjAwMC9zdmciPjwvc3ZnPg==\" style=\"--smush-placeholder-width: 1024px; --smush-placeholder-aspect-ratio: 1024\/575;\" data-original-sizes=\"(max-width: 1024px) 100vw, 1024px\">\t\t\t\t\t<\/a>\n\t\t\t\t\t\t\t<\/div>\n\t\t\t\t\t\t<h4 class=\"uagb-post__title uagb-post__text\">\n\t\t\t\t<a href=\"https:\/\/www.motorprosa.com\/en\/dream-roads-the-grimsel-pass-2164-m\/\" target=\"_self\" rel=\"bookmark noopener noreferrer\">Dream Roads: The Grimsel Pass (2164 m)<\/a>\n\t\t\t<\/h4>\n\t\t\t\t\t\t<div class='uagb-post__text uagb-post-grid-byline'>\n\t\t\t\t\t\t\t\t<span class=\"uagb-post__comment\">\n\t\t\t\t<span class=\"dashicons-admin-comments dashicons\"><\/span>\t\t\t\t\tNo Comments\t\t\t\t<\/span>\n\t\t\t\t\t\t\t<div class=\"uagb-post__text\">\n\t\t\t\t\t<span class='uagb-post__taxonomy'>\n\t\t\t\t\t\t<span class=\"dashicons-tag dashicons\"><\/span>\t\t\t\t\t\t<a href=\"https:\/\/www.motorprosa.com\/en\/category\/dream-roads\/\">Dream Roads<\/a>,&nbsp;<a href=\"https:\/\/www.motorprosa.com\/en\/category\/publications\/\">Publications<\/a>\t\t\t\t\t<\/span>\n\t\t\t\t<\/div>\n\t\t\t\t\t\t\t<\/div>\n\t\t\t\t\t\t\t<div class='uagb-post__text uagb-post__excerpt'>\n\t\t\t\t\tThe Grimsel Pass. I can&#8217;t recall a landscape that mesmerised me as much as the northern ramp of this dream road.\t\t\t\t<\/div>\n\t\t\t\n\t\t\t\t\t\t\t\t\t<\/article>\n\t\t\t\t\t\t\t\t\t\t\t\t\t\t\t\t<article class=\"uagb-post__inner-wrap\">\t\t\t\t\t\t\t\t<div class='uagb-post__image'>\n\t\t\t\t\t\t\t\t\t<a href=\"https:\/\/www.motorprosa.com\/en\/robert-friedrich-the-racer-in-the-wheelchair\/\" target=\"_self\" rel=\"bookmark noopener noreferrer\" class='uagb-image-ratio-inherit'><img decoding=\"async\" width=\"1024\" height=\"575\" data-src=\"https:\/\/b2642856.assetcdn.net\/2.0\/2642856\/wp-content\/uploads\/2023\/02\/MotorProsa-Blog-Header-Robert-Friedrich-Effekt-1024x575.jpg?lossy=1&strip=1&webp=1\" class=\"attachment-large size-large lazyload\" alt=\"\" data-srcset=\"https:\/\/b2642856.assetcdn.net\/2.0\/2642856\/wp-content\/uploads\/2023\/02\/MotorProsa-Blog-Header-Robert-Friedrich-Effekt-1024x575.jpg?lossy=1&strip=1&webp=1 1024w, https:\/\/b2642856.assetcdn.net\/2.0\/2642856\/wp-content\/uploads\/2023\/02\/MotorProsa-Blog-Header-Robert-Friedrich-Effekt-300x169.jpg?lossy=1&strip=1&webp=1 300w, https:\/\/b2642856.assetcdn.net\/2.0\/2642856\/wp-content\/uploads\/2023\/02\/MotorProsa-Blog-Header-Robert-Friedrich-Effekt-768x431.jpg?lossy=1&strip=1&webp=1 768w, https:\/\/b2642856.assetcdn.net\/2.0\/2642856\/wp-content\/uploads\/2023\/02\/MotorProsa-Blog-Header-Robert-Friedrich-Effekt.jpg?lossy=1&strip=1&webp=1 1200w, https:\/\/b2642856.assetcdn.net\/2.0\/2642856\/wp-content\/uploads\/2023\/02\/MotorProsa-Blog-Header-Robert-Friedrich-Effekt.jpg?size=240x135&lossy=1&strip=1&webp=1 240w, https:\/\/b2642856.assetcdn.net\/2.0\/2642856\/wp-content\/uploads\/2023\/02\/MotorProsa-Blog-Header-Robert-Friedrich-Effekt.jpg?size=480x270&lossy=1&strip=1&webp=1 480w, https:\/\/b2642856.assetcdn.net\/2.0\/2642856\/wp-content\/uploads\/2023\/02\/MotorProsa-Blog-Header-Robert-Friedrich-Effekt.jpg?size=960x539&lossy=1&strip=1&webp=1 960w\" data-sizes=\"auto\" title=\"\" src=\"data:image\/svg+xml;base64,PHN2ZyB3aWR0aD0iMSIgaGVpZ2h0PSIxIiB4bWxucz0iaHR0cDovL3d3dy53My5vcmcvMjAwMC9zdmciPjwvc3ZnPg==\" style=\"--smush-placeholder-width: 1024px; --smush-placeholder-aspect-ratio: 1024\/575;\" data-original-sizes=\"(max-width: 1024px) 100vw, 1024px\">\t\t\t\t\t<\/a>\n\t\t\t\t\t\t\t<\/div>\n\t\t\t\t\t\t<h4 class=\"uagb-post__title uagb-post__text\">\n\t\t\t\t<a href=\"https:\/\/www.motorprosa.com\/en\/robert-friedrich-the-racer-in-the-wheelchair\/\" target=\"_self\" rel=\"bookmark noopener noreferrer\">Robert Friedrich \u2013 The Racer in the wheelchair<\/a>\n\t\t\t<\/h4>\n\t\t\t\t\t\t<div class='uagb-post__text uagb-post-grid-byline'>\n\t\t\t\t\t\t\t\t<span class=\"uagb-post__comment\">\n\t\t\t\t<span class=\"dashicons-admin-comments dashicons\"><\/span>\t\t\t\t\tNo Comments\t\t\t\t<\/span>\n\t\t\t\t\t\t\t<div class=\"uagb-post__text\">\n\t\t\t\t\t<span class='uagb-post__taxonomy'>\n\t\t\t\t\t\t<span class=\"dashicons-tag dashicons\"><\/span>\t\t\t\t\t\t<a href=\"https:\/\/www.motorprosa.com\/en\/category\/extremes\/\">Extremes<\/a>,&nbsp;<a href=\"https:\/\/www.motorprosa.com\/en\/category\/portraits-en\/\">Portraits<\/a>\t\t\t\t\t<\/span>\n\t\t\t\t<\/div>\n\t\t\t\t\t\t\t<\/div>\n\t\t\t\t\t\t\t<div class='uagb-post__text uagb-post__excerpt'>\n\t\t\t\t\tThe story of Robert Friedrich, motorcycle racer from Rosenheim and paraplegic. Absolutely impressive and inspiring.\t\t\t\t<\/div>\n\t\t\t\n\t\t\t\t\t\t\t\t\t<\/article>\n\t\t\t\t\t\t\t\t\t\t\t\t\t\t\t\t<article class=\"uagb-post__inner-wrap\">\t\t\t\t\t\t\t\t<div class='uagb-post__image'>\n\t\t\t\t\t\t\t\t\t<a href=\"https:\/\/www.motorprosa.com\/en\/100-years-moto-guzzi-history-technology\/\" target=\"_self\" rel=\"bookmark noopener noreferrer\" class='uagb-image-ratio-inherit'><img decoding=\"async\" width=\"1024\" height=\"575\" data-src=\"https:\/\/b2642856.assetcdn.net\/2.0\/2642856\/wp-content\/uploads\/2020\/02\/motorprosa-blog-header-moto-guzzi-1-effekt-1024x575.jpg?lossy=1&strip=1&webp=1\" class=\"attachment-large size-large lazyload\" alt=\"MotorProsa Blog Header: 100 Jahre Moto Guzzi (Effekt)\" data-srcset=\"https:\/\/b2642856.assetcdn.net\/2.0\/2642856\/wp-content\/uploads\/2020\/02\/motorprosa-blog-header-moto-guzzi-1-effekt-1024x575.jpg?lossy=1&strip=1&webp=1 1024w, https:\/\/b2642856.assetcdn.net\/2.0\/2642856\/wp-content\/uploads\/2020\/02\/motorprosa-blog-header-moto-guzzi-1-effekt-300x169.jpg?lossy=1&strip=1&webp=1 300w, https:\/\/b2642856.assetcdn.net\/2.0\/2642856\/wp-content\/uploads\/2020\/02\/motorprosa-blog-header-moto-guzzi-1-effekt-768x431.jpg?lossy=1&strip=1&webp=1 768w, https:\/\/b2642856.assetcdn.net\/2.0\/2642856\/wp-content\/uploads\/2020\/02\/motorprosa-blog-header-moto-guzzi-1-effekt.jpg?lossy=1&strip=1&webp=1 1200w, https:\/\/b2642856.assetcdn.net\/2.0\/2642856\/wp-content\/uploads\/2020\/02\/motorprosa-blog-header-moto-guzzi-1-effekt.jpg?size=240x135&lossy=1&strip=1&webp=1 240w, https:\/\/b2642856.assetcdn.net\/2.0\/2642856\/wp-content\/uploads\/2020\/02\/motorprosa-blog-header-moto-guzzi-1-effekt.jpg?size=480x270&lossy=1&strip=1&webp=1 480w, https:\/\/b2642856.assetcdn.net\/2.0\/2642856\/wp-content\/uploads\/2020\/02\/motorprosa-blog-header-moto-guzzi-1-effekt.jpg?size=960x539&lossy=1&strip=1&webp=1 960w\" data-sizes=\"auto\" title=\"\" src=\"data:image\/svg+xml;base64,PHN2ZyB3aWR0aD0iMSIgaGVpZ2h0PSIxIiB4bWxucz0iaHR0cDovL3d3dy53My5vcmcvMjAwMC9zdmciPjwvc3ZnPg==\" style=\"--smush-placeholder-width: 1024px; --smush-placeholder-aspect-ratio: 1024\/575;\" data-original-sizes=\"(max-width: 1024px) 100vw, 1024px\">\t\t\t\t\t<\/a>\n\t\t\t\t\t\t\t<\/div>\n\t\t\t\t\t\t<h4 class=\"uagb-post__title uagb-post__text\">\n\t\t\t\t<a href=\"https:\/\/www.motorprosa.com\/en\/100-years-moto-guzzi-history-technology\/\" target=\"_self\" rel=\"bookmark noopener noreferrer\">100 years Moto Guzzi \u2013 Patina, history, technology<\/a>\n\t\t\t<\/h4>\n\t\t\t\t\t\t<div class='uagb-post__text uagb-post-grid-byline'>\n\t\t\t\t\t\t\t\t<span class=\"uagb-post__comment\">\n\t\t\t\t<span class=\"dashicons-admin-comments dashicons\"><\/span>\t\t\t\t\tNo Comments\t\t\t\t<\/span>\n\t\t\t\t\t\t\t<div class=\"uagb-post__text\">\n\t\t\t\t\t<span class='uagb-post__taxonomy'>\n\t\t\t\t\t\t<span class=\"dashicons-tag dashicons\"><\/span>\t\t\t\t\t\t<a href=\"https:\/\/www.motorprosa.com\/en\/category\/motorcycles\/\">Motorcycles<\/a>,&nbsp;<a href=\"https:\/\/www.motorprosa.com\/en\/category\/picture-gallery\/\">Picture gallery<\/a>\t\t\t\t\t<\/span>\n\t\t\t\t<\/div>\n\t\t\t\t\t\t\t<\/div>\n\t\t\t\t\t\t\t<div class='uagb-post__text uagb-post__excerpt'>\n\t\t\t\t\tA visit to the Moto Guzzi factory &#8211; the exhibits in the Museum are fascinating!\t\t\t\t<\/div>\n\t\t\t\n\t\t\t\t\t\t\t\t\t<\/article>\n\t\t\t\t\t\t\t\t\t\t\t\t\t\t\t\t<article class=\"uagb-post__inner-wrap\">\t\t\t\t\t\t\t\t<div class='uagb-post__image'>\n\t\t\t\t\t\t\t\t\t<a href=\"https:\/\/www.motorprosa.com\/en\/federico-rossi-48-sweeps-in-a-wheelchair\/\" target=\"_self\" rel=\"bookmark noopener noreferrer\" class='uagb-image-ratio-inherit'><img decoding=\"async\" width=\"1024\" height=\"575\" data-src=\"https:\/\/b2642856.assetcdn.net\/2.0\/2642856\/wp-content\/uploads\/2022\/09\/motorprosa-blog-header-federico-rossi-1-effekt-1024x575.jpg?lossy=1&strip=1&webp=1\" class=\"attachment-large size-large lazyload\" alt=\"Federico Rossi - mit dem Rollstuhl auf das Stilfserjoch\" data-srcset=\"https:\/\/b2642856.assetcdn.net\/2.0\/2642856\/wp-content\/uploads\/2022\/09\/motorprosa-blog-header-federico-rossi-1-effekt-1024x575.jpg?lossy=1&strip=1&webp=1 1024w, https:\/\/b2642856.assetcdn.net\/2.0\/2642856\/wp-content\/uploads\/2022\/09\/motorprosa-blog-header-federico-rossi-1-effekt-300x169.jpg?lossy=1&strip=1&webp=1 300w, https:\/\/b2642856.assetcdn.net\/2.0\/2642856\/wp-content\/uploads\/2022\/09\/motorprosa-blog-header-federico-rossi-1-effekt-768x431.jpg?lossy=1&strip=1&webp=1 768w, https:\/\/b2642856.assetcdn.net\/2.0\/2642856\/wp-content\/uploads\/2022\/09\/motorprosa-blog-header-federico-rossi-1-effekt.jpg?lossy=1&strip=1&webp=1 1200w, https:\/\/b2642856.assetcdn.net\/2.0\/2642856\/wp-content\/uploads\/2022\/09\/motorprosa-blog-header-federico-rossi-1-effekt.jpg?size=240x135&lossy=1&strip=1&webp=1 240w, https:\/\/b2642856.assetcdn.net\/2.0\/2642856\/wp-content\/uploads\/2022\/09\/motorprosa-blog-header-federico-rossi-1-effekt.jpg?size=480x270&lossy=1&strip=1&webp=1 480w, https:\/\/b2642856.assetcdn.net\/2.0\/2642856\/wp-content\/uploads\/2022\/09\/motorprosa-blog-header-federico-rossi-1-effekt.jpg?size=960x539&lossy=1&strip=1&webp=1 960w\" data-sizes=\"auto\" title=\"\" src=\"data:image\/svg+xml;base64,PHN2ZyB3aWR0aD0iMSIgaGVpZ2h0PSIxIiB4bWxucz0iaHR0cDovL3d3dy53My5vcmcvMjAwMC9zdmciPjwvc3ZnPg==\" style=\"--smush-placeholder-width: 1024px; --smush-placeholder-aspect-ratio: 1024\/575;\" data-original-sizes=\"(max-width: 1024px) 100vw, 1024px\">\t\t\t\t\t<\/a>\n\t\t\t\t\t\t\t<\/div>\n\t\t\t\t\t\t<h4 class=\"uagb-post__title uagb-post__text\">\n\t\t\t\t<a href=\"https:\/\/www.motorprosa.com\/en\/federico-rossi-48-sweeps-in-a-wheelchair\/\" target=\"_self\" rel=\"bookmark noopener noreferrer\">Federico Rossi \u2013 48 sweeps in a wheelchair<\/a>\n\t\t\t<\/h4>\n\t\t\t\t\t\t<div class='uagb-post__text uagb-post-grid-byline'>\n\t\t\t\t\t\t\t\t<span class=\"uagb-post__comment\">\n\t\t\t\t<span class=\"dashicons-admin-comments dashicons\"><\/span>\t\t\t\t\tNo Comments\t\t\t\t<\/span>\n\t\t\t\t\t\t\t<div class=\"uagb-post__text\">\n\t\t\t\t\t<span class='uagb-post__taxonomy'>\n\t\t\t\t\t\t<span class=\"dashicons-tag dashicons\"><\/span>\t\t\t\t\t\t<a href=\"https:\/\/www.motorprosa.com\/en\/category\/200-years-stelvio-pass\/\">200 years Stelvio Pass<\/a>,&nbsp;<a href=\"https:\/\/www.motorprosa.com\/en\/category\/extremes\/\">Extremes<\/a>,&nbsp;<a href=\"https:\/\/www.motorprosa.com\/en\/category\/portraits-en\/\">Portraits<\/a>\t\t\t\t\t<\/span>\n\t\t\t\t<\/div>\n\t\t\t\t\t\t\t<\/div>\n\t\t\t\t\t\t\t<div class='uagb-post__text uagb-post__excerpt'>\n\t\t\t\t\tDriving up the Stelvio Pass. But in the extreme way: sitting in a wheelchair.\t\t\t\t<\/div>\n\t\t\t\n\t\t\t\t\t\t\t\t\t<\/article>\n\t\t\t\t\t\t\t\t\t\t\t\t\t\t\t\t<article class=\"uagb-post__inner-wrap\">\t\t\t\t\t\t\t\t<div class='uagb-post__image'>\n\t\t\t\t\t\t\t\t\t<a href=\"https:\/\/www.motorprosa.com\/en\/zero-dsr-x-17-3-the-californian-adventurer\/\" target=\"_self\" rel=\"bookmark noopener noreferrer\" class='uagb-image-ratio-inherit'><img decoding=\"async\" width=\"1024\" height=\"575\" data-src=\"https:\/\/b2642856.assetcdn.net\/2.0\/2642856\/wp-content\/uploads\/2022\/09\/motorprosa-blog-header-zero-dsr-x-1-effekt-1024x575.jpg?lossy=1&strip=1&webp=1\" class=\"attachment-large size-large lazyload\" alt=\"MotorProsa: Blog Header Zero DSR\/X (Effekt)\" data-srcset=\"https:\/\/b2642856.assetcdn.net\/2.0\/2642856\/wp-content\/uploads\/2022\/09\/motorprosa-blog-header-zero-dsr-x-1-effekt-1024x575.jpg?lossy=1&strip=1&webp=1 1024w, https:\/\/b2642856.assetcdn.net\/2.0\/2642856\/wp-content\/uploads\/2022\/09\/motorprosa-blog-header-zero-dsr-x-1-effekt-300x169.jpg?lossy=1&strip=1&webp=1 300w, https:\/\/b2642856.assetcdn.net\/2.0\/2642856\/wp-content\/uploads\/2022\/09\/motorprosa-blog-header-zero-dsr-x-1-effekt-768x431.jpg?lossy=1&strip=1&webp=1 768w, https:\/\/b2642856.assetcdn.net\/2.0\/2642856\/wp-content\/uploads\/2022\/09\/motorprosa-blog-header-zero-dsr-x-1-effekt.jpg?lossy=1&strip=1&webp=1 1200w, https:\/\/b2642856.assetcdn.net\/2.0\/2642856\/wp-content\/uploads\/2022\/09\/motorprosa-blog-header-zero-dsr-x-1-effekt.jpg?size=240x135&lossy=1&strip=1&webp=1 240w, https:\/\/b2642856.assetcdn.net\/2.0\/2642856\/wp-content\/uploads\/2022\/09\/motorprosa-blog-header-zero-dsr-x-1-effekt.jpg?size=480x270&lossy=1&strip=1&webp=1 480w, https:\/\/b2642856.assetcdn.net\/2.0\/2642856\/wp-content\/uploads\/2022\/09\/motorprosa-blog-header-zero-dsr-x-1-effekt.jpg?size=960x539&lossy=1&strip=1&webp=1 960w\" data-sizes=\"auto\" title=\"\" src=\"data:image\/svg+xml;base64,PHN2ZyB3aWR0aD0iMSIgaGVpZ2h0PSIxIiB4bWxucz0iaHR0cDovL3d3dy53My5vcmcvMjAwMC9zdmciPjwvc3ZnPg==\" style=\"--smush-placeholder-width: 1024px; --smush-placeholder-aspect-ratio: 1024\/575;\" data-original-sizes=\"(max-width: 1024px) 100vw, 1024px\">\t\t\t\t\t<\/a>\n\t\t\t\t\t\t\t<\/div>\n\t\t\t\t\t\t<h4 class=\"uagb-post__title uagb-post__text\">\n\t\t\t\t<a href=\"https:\/\/www.motorprosa.com\/en\/zero-dsr-x-17-3-the-californian-adventurer\/\" target=\"_self\" rel=\"bookmark noopener noreferrer\">Zero DSR\/X 17.3 \u2013 The Californian Adventurer<\/a>\n\t\t\t<\/h4>\n\t\t\t\t\t\t<div class='uagb-post__text uagb-post-grid-byline'>\n\t\t\t\t\t\t\t\t<span class=\"uagb-post__comment\">\n\t\t\t\t<span class=\"dashicons-admin-comments dashicons\"><\/span>\t\t\t\t\tNo Comments\t\t\t\t<\/span>\n\t\t\t\t\t\t\t<div class=\"uagb-post__text\">\n\t\t\t\t\t<span class='uagb-post__taxonomy'>\n\t\t\t\t\t\t<span class=\"dashicons-tag dashicons\"><\/span>\t\t\t\t\t\t<a href=\"https:\/\/www.motorprosa.com\/en\/category\/motorcycles\/zero-motorcycles\/\">Zero Motorcycles<\/a>,&nbsp;<a href=\"https:\/\/www.motorprosa.com\/en\/category\/electromobility\/\">Electromobility<\/a>\t\t\t\t\t<\/span>\n\t\t\t\t<\/div>\n\t\t\t\t\t\t\t<\/div>\n\t\t\t\t\t\t\t<div class='uagb-post__text uagb-post__excerpt'>\n\t\t\t\t\tLet\u2019s meet the new Zero DSR\/X! On the slopes of Mount Etna, the electrical experts from California presented it to the international press.\t\t\t\t<\/div>\n\t\t\t\n\t\t\t\t\t\t\t\t\t<\/article>\n\t\t\t\t\t\t\t\t\t\t\t\t\t\t\t\t<article class=\"uagb-post__inner-wrap\">\t\t\t\t\t\t\t\t<div class='uagb-post__image'>\n\t\t\t\t\t\t\t\t\t<a href=\"https:\/\/www.motorprosa.com\/en\/dream-roads-the-furka-pass-2429-m\/\" target=\"_self\" rel=\"bookmark noopener noreferrer\" class='uagb-image-ratio-inherit'><img decoding=\"async\" width=\"1024\" height=\"575\" data-src=\"https:\/\/b2642856.assetcdn.net\/2.0\/2642856\/wp-content\/uploads\/2022\/09\/motorprosa-blog-header-furkapass-1-effekt-1024x575.jpg?lossy=1&strip=1&webp=1\" class=\"attachment-large size-large lazyload\" alt=\"MotorProsa Blog: Header (Effekt) Furkapass\" data-srcset=\"https:\/\/b2642856.assetcdn.net\/2.0\/2642856\/wp-content\/uploads\/2022\/09\/motorprosa-blog-header-furkapass-1-effekt-1024x575.jpg?lossy=1&strip=1&webp=1 1024w, https:\/\/b2642856.assetcdn.net\/2.0\/2642856\/wp-content\/uploads\/2022\/09\/motorprosa-blog-header-furkapass-1-effekt-300x169.jpg?lossy=1&strip=1&webp=1 300w, https:\/\/b2642856.assetcdn.net\/2.0\/2642856\/wp-content\/uploads\/2022\/09\/motorprosa-blog-header-furkapass-1-effekt-768x431.jpg?lossy=1&strip=1&webp=1 768w, https:\/\/b2642856.assetcdn.net\/2.0\/2642856\/wp-content\/uploads\/2022\/09\/motorprosa-blog-header-furkapass-1-effekt.jpg?lossy=1&strip=1&webp=1 1200w, https:\/\/b2642856.assetcdn.net\/2.0\/2642856\/wp-content\/uploads\/2022\/09\/motorprosa-blog-header-furkapass-1-effekt.jpg?size=240x135&lossy=1&strip=1&webp=1 240w, https:\/\/b2642856.assetcdn.net\/2.0\/2642856\/wp-content\/uploads\/2022\/09\/motorprosa-blog-header-furkapass-1-effekt.jpg?size=480x270&lossy=1&strip=1&webp=1 480w, https:\/\/b2642856.assetcdn.net\/2.0\/2642856\/wp-content\/uploads\/2022\/09\/motorprosa-blog-header-furkapass-1-effekt.jpg?size=960x539&lossy=1&strip=1&webp=1 960w\" data-sizes=\"auto\" title=\"\" src=\"data:image\/svg+xml;base64,PHN2ZyB3aWR0aD0iMSIgaGVpZ2h0PSIxIiB4bWxucz0iaHR0cDovL3d3dy53My5vcmcvMjAwMC9zdmciPjwvc3ZnPg==\" style=\"--smush-placeholder-width: 1024px; --smush-placeholder-aspect-ratio: 1024\/575;\" data-original-sizes=\"(max-width: 1024px) 100vw, 1024px\">\t\t\t\t\t<\/a>\n\t\t\t\t\t\t\t<\/div>\n\t\t\t\t\t\t<h4 class=\"uagb-post__title uagb-post__text\">\n\t\t\t\t<a href=\"https:\/\/www.motorprosa.com\/en\/dream-roads-the-furka-pass-2429-m\/\" target=\"_self\" rel=\"bookmark noopener noreferrer\">Dream Roads: The Furka Pass (2429 m)<\/a>\n\t\t\t<\/h4>\n\t\t\t\t\t\t<div class='uagb-post__text uagb-post-grid-byline'>\n\t\t\t\t\t\t\t\t<span class=\"uagb-post__comment\">\n\t\t\t\t<span class=\"dashicons-admin-comments dashicons\"><\/span>\t\t\t\t\tNo Comments\t\t\t\t<\/span>\n\t\t\t\t\t\t\t<div class=\"uagb-post__text\">\n\t\t\t\t\t<span class='uagb-post__taxonomy'>\n\t\t\t\t\t\t<span class=\"dashicons-tag dashicons\"><\/span>\t\t\t\t\t\t<a href=\"https:\/\/www.motorprosa.com\/en\/category\/dream-roads\/\">Dream Roads<\/a>,&nbsp;<a href=\"https:\/\/www.motorprosa.com\/en\/category\/publications\/\">Publications<\/a>\t\t\t\t\t<\/span>\n\t\t\t\t<\/div>\n\t\t\t\t\t\t\t<\/div>\n\t\t\t\t\t\t\t<div class='uagb-post__text uagb-post__excerpt'>\n\t\t\t\t\tThe Furka Pass. When I saw this epic road for the first time \u2013 from the ramp of the Grimsel Pass \u2013 only one thing&#8230;\t\t\t\t<\/div>\n\t\t\t\n\t\t\t\t\t\t\t\t\t<\/article>\n\t\t\t\t\t\t\t\t\t\t\t\t\t\t\t\t<article class=\"uagb-post__inner-wrap\">\t\t\t\t\t\t\t\t<div class='uagb-post__image'>\n\t\t\t\t\t\t\t\t\t<a href=\"https:\/\/www.motorprosa.com\/en\/apple-blossom-in-the-vinschgau\/\" target=\"_self\" rel=\"bookmark noopener noreferrer\" class='uagb-image-ratio-inherit'><img decoding=\"async\" width=\"1024\" height=\"575\" data-src=\"https:\/\/b2642856.assetcdn.net\/2.0\/2642856\/wp-content\/uploads\/2022\/05\/MotorProsa-Blog-Header-Apfelbluete-Effekt-1024x575.jpg?lossy=1&strip=1&webp=1\" class=\"attachment-large size-large lazyload\" alt=\"MotorProsa Blog: Header (Effekt) Apfelbl\u00fcte im Vinschgau\" data-srcset=\"https:\/\/b2642856.assetcdn.net\/2.0\/2642856\/wp-content\/uploads\/2022\/05\/MotorProsa-Blog-Header-Apfelbluete-Effekt-1024x575.jpg?lossy=1&strip=1&webp=1 1024w, https:\/\/b2642856.assetcdn.net\/2.0\/2642856\/wp-content\/uploads\/2022\/05\/MotorProsa-Blog-Header-Apfelbluete-Effekt-300x169.jpg?lossy=1&strip=1&webp=1 300w, https:\/\/b2642856.assetcdn.net\/2.0\/2642856\/wp-content\/uploads\/2022\/05\/MotorProsa-Blog-Header-Apfelbluete-Effekt-768x431.jpg?lossy=1&strip=1&webp=1 768w, https:\/\/b2642856.assetcdn.net\/2.0\/2642856\/wp-content\/uploads\/2022\/05\/MotorProsa-Blog-Header-Apfelbluete-Effekt.jpg?lossy=1&strip=1&webp=1 1200w, https:\/\/b2642856.assetcdn.net\/2.0\/2642856\/wp-content\/uploads\/2022\/05\/MotorProsa-Blog-Header-Apfelbluete-Effekt.jpg?size=240x135&lossy=1&strip=1&webp=1 240w, https:\/\/b2642856.assetcdn.net\/2.0\/2642856\/wp-content\/uploads\/2022\/05\/MotorProsa-Blog-Header-Apfelbluete-Effekt.jpg?size=480x270&lossy=1&strip=1&webp=1 480w, https:\/\/b2642856.assetcdn.net\/2.0\/2642856\/wp-content\/uploads\/2022\/05\/MotorProsa-Blog-Header-Apfelbluete-Effekt.jpg?size=960x539&lossy=1&strip=1&webp=1 960w\" data-sizes=\"auto\" title=\"\" src=\"data:image\/svg+xml;base64,PHN2ZyB3aWR0aD0iMSIgaGVpZ2h0PSIxIiB4bWxucz0iaHR0cDovL3d3dy53My5vcmcvMjAwMC9zdmciPjwvc3ZnPg==\" style=\"--smush-placeholder-width: 1024px; --smush-placeholder-aspect-ratio: 1024\/575;\" data-original-sizes=\"(max-width: 1024px) 100vw, 1024px\">\t\t\t\t\t<\/a>\n\t\t\t\t\t\t\t<\/div>\n\t\t\t\t\t\t<h4 class=\"uagb-post__title uagb-post__text\">\n\t\t\t\t<a href=\"https:\/\/www.motorprosa.com\/en\/apple-blossom-in-the-vinschgau\/\" target=\"_self\" rel=\"bookmark noopener noreferrer\">Apple blossom in the Vinschgau (with picture gallery)<\/a>\n\t\t\t<\/h4>\n\t\t\t\t\t\t<div class='uagb-post__text uagb-post-grid-byline'>\n\t\t\t\t\t\t\t\t<span class=\"uagb-post__comment\">\n\t\t\t\t<span class=\"dashicons-admin-comments dashicons\"><\/span>\t\t\t\t\tNo Comments\t\t\t\t<\/span>\n\t\t\t\t\t\t\t<div class=\"uagb-post__text\">\n\t\t\t\t\t<span class='uagb-post__taxonomy'>\n\t\t\t\t\t\t<span class=\"dashicons-tag dashicons\"><\/span>\t\t\t\t\t\t<a href=\"https:\/\/www.motorprosa.com\/en\/category\/on-the-road\/\">On the Road<\/a>,&nbsp;<a href=\"https:\/\/www.motorprosa.com\/en\/category\/picture-gallery\/\">Picture gallery<\/a>\t\t\t\t\t<\/span>\n\t\t\t\t<\/div>\n\t\t\t\t\t\t\t<\/div>\n\t\t\t\t\t\t\t<div class='uagb-post__text uagb-post__excerpt'>\n\t\t\t\t\tThe Vinschgau Valley in the west of South Tyrol is one of the largest apple-growing areas in Europe.  Time to look for blossoming trees.\t\t\t\t<\/div>\n\t\t\t\n\t\t\t\t\t\t\t\t\t<\/article>\n\t\t\t\t\t\t\t\t\t\t\t\t\t\t\t\t<article class=\"uagb-post__inner-wrap\">\t\t\t\t\t\t\t\t<div class='uagb-post__image'>\n\t\t\t\t\t\t\t\t\t<a href=\"https:\/\/www.motorprosa.com\/en\/whats-the-magic-of-a-curve\/\" target=\"_self\" rel=\"bookmark noopener noreferrer\" class='uagb-image-ratio-inherit'><img decoding=\"async\" width=\"1024\" height=\"575\" data-src=\"https:\/\/b2642856.assetcdn.net\/2.0\/2642856\/wp-content\/uploads\/2022\/03\/motorprosa-blog-header-magie-der-kurve-1-effekt-1024x575.jpg?lossy=1&strip=1&webp=1\" class=\"attachment-large size-large lazyload\" alt=\"MotorProsa: Blog Header Die Magie der Kurve (Effekt)\" data-srcset=\"https:\/\/b2642856.assetcdn.net\/2.0\/2642856\/wp-content\/uploads\/2022\/03\/motorprosa-blog-header-magie-der-kurve-1-effekt-1024x575.jpg?lossy=1&strip=1&webp=1 1024w, https:\/\/b2642856.assetcdn.net\/2.0\/2642856\/wp-content\/uploads\/2022\/03\/motorprosa-blog-header-magie-der-kurve-1-effekt-300x169.jpg?lossy=1&strip=1&webp=1 300w, https:\/\/b2642856.assetcdn.net\/2.0\/2642856\/wp-content\/uploads\/2022\/03\/motorprosa-blog-header-magie-der-kurve-1-effekt-768x431.jpg?lossy=1&strip=1&webp=1 768w, https:\/\/b2642856.assetcdn.net\/2.0\/2642856\/wp-content\/uploads\/2022\/03\/motorprosa-blog-header-magie-der-kurve-1-effekt.jpg?lossy=1&strip=1&webp=1 1200w, https:\/\/b2642856.assetcdn.net\/2.0\/2642856\/wp-content\/uploads\/2022\/03\/motorprosa-blog-header-magie-der-kurve-1-effekt.jpg?size=240x135&lossy=1&strip=1&webp=1 240w, https:\/\/b2642856.assetcdn.net\/2.0\/2642856\/wp-content\/uploads\/2022\/03\/motorprosa-blog-header-magie-der-kurve-1-effekt.jpg?size=480x270&lossy=1&strip=1&webp=1 480w, https:\/\/b2642856.assetcdn.net\/2.0\/2642856\/wp-content\/uploads\/2022\/03\/motorprosa-blog-header-magie-der-kurve-1-effekt.jpg?size=960x539&lossy=1&strip=1&webp=1 960w\" data-sizes=\"auto\" title=\"\" src=\"data:image\/svg+xml;base64,PHN2ZyB3aWR0aD0iMSIgaGVpZ2h0PSIxIiB4bWxucz0iaHR0cDovL3d3dy53My5vcmcvMjAwMC9zdmciPjwvc3ZnPg==\" style=\"--smush-placeholder-width: 1024px; --smush-placeholder-aspect-ratio: 1024\/575;\" data-original-sizes=\"(max-width: 1024px) 100vw, 1024px\">\t\t\t\t\t<\/a>\n\t\t\t\t\t\t\t<\/div>\n\t\t\t\t\t\t<h4 class=\"uagb-post__title uagb-post__text\">\n\t\t\t\t<a href=\"https:\/\/www.motorprosa.com\/en\/whats-the-magic-of-a-curve\/\" target=\"_self\" rel=\"bookmark noopener noreferrer\">What&#8217;s the magic of a curve?<\/a>\n\t\t\t<\/h4>\n\t\t\t\t\t\t<div class='uagb-post__text uagb-post-grid-byline'>\n\t\t\t\t\t\t\t\t<span class=\"uagb-post__comment\">\n\t\t\t\t<span class=\"dashicons-admin-comments dashicons\"><\/span>\t\t\t\t\tNo Comments\t\t\t\t<\/span>\n\t\t\t\t\t\t\t<div class=\"uagb-post__text\">\n\t\t\t\t\t<span class='uagb-post__taxonomy'>\n\t\t\t\t\t\t<span class=\"dashicons-tag dashicons\"><\/span>\t\t\t\t\t\t<a href=\"https:\/\/www.motorprosa.com\/en\/category\/thoughts\/\">Thoughts<\/a>\t\t\t\t\t<\/span>\n\t\t\t\t<\/div>\n\t\t\t\t\t\t\t<\/div>\n\t\t\t\t\t\t\t<div class='uagb-post__text uagb-post__excerpt'>\n\t\t\t\t\tThe curve &#8211; loved, feared, hated and enjoyed. To me, a nice corner is THE number one reason to ride a motorcycle. Can this magic&#8230;\t\t\t\t<\/div>\n\t\t\t\n\t\t\t\t\t\t\t\t\t<\/article>\n\t\t\t\t\t\t\t\t\t\t\t\t\t\t\t\t<article class=\"uagb-post__inner-wrap\">\t\t\t\t\t\t\t\t<div class='uagb-post__image'>\n\t\t\t\t\t\t\t\t\t<a href=\"https:\/\/www.motorprosa.com\/en\/harley-davidson-road-king\/\" target=\"_self\" rel=\"bookmark noopener noreferrer\" class='uagb-image-ratio-inherit'><img decoding=\"async\" width=\"1024\" height=\"575\" data-src=\"https:\/\/b2642856.assetcdn.net\/2.0\/2642856\/wp-content\/uploads\/2022\/02\/motorprosa-blog-header-harley-davidson-road-king-1-effekt-1024x575.jpg?lossy=1&strip=1&webp=1\" class=\"attachment-large size-large lazyload\" alt=\"MotorProsa: Blog Header Harley-Davidson Road King 1 Effekt\" data-srcset=\"https:\/\/b2642856.assetcdn.net\/2.0\/2642856\/wp-content\/uploads\/2022\/02\/motorprosa-blog-header-harley-davidson-road-king-1-effekt-1024x575.jpg?lossy=1&strip=1&webp=1 1024w, https:\/\/b2642856.assetcdn.net\/2.0\/2642856\/wp-content\/uploads\/2022\/02\/motorprosa-blog-header-harley-davidson-road-king-1-effekt-300x169.jpg?lossy=1&strip=1&webp=1 300w, https:\/\/b2642856.assetcdn.net\/2.0\/2642856\/wp-content\/uploads\/2022\/02\/motorprosa-blog-header-harley-davidson-road-king-1-effekt-768x431.jpg?lossy=1&strip=1&webp=1 768w, https:\/\/b2642856.assetcdn.net\/2.0\/2642856\/wp-content\/uploads\/2022\/02\/motorprosa-blog-header-harley-davidson-road-king-1-effekt.jpg?lossy=1&strip=1&webp=1 1200w, https:\/\/b2642856.assetcdn.net\/2.0\/2642856\/wp-content\/uploads\/2022\/02\/motorprosa-blog-header-harley-davidson-road-king-1-effekt.jpg?size=240x135&lossy=1&strip=1&webp=1 240w, https:\/\/b2642856.assetcdn.net\/2.0\/2642856\/wp-content\/uploads\/2022\/02\/motorprosa-blog-header-harley-davidson-road-king-1-effekt.jpg?size=480x270&lossy=1&strip=1&webp=1 480w, https:\/\/b2642856.assetcdn.net\/2.0\/2642856\/wp-content\/uploads\/2022\/02\/motorprosa-blog-header-harley-davidson-road-king-1-effekt.jpg?size=960x539&lossy=1&strip=1&webp=1 960w\" data-sizes=\"auto\" title=\"\" src=\"data:image\/svg+xml;base64,PHN2ZyB3aWR0aD0iMSIgaGVpZ2h0PSIxIiB4bWxucz0iaHR0cDovL3d3dy53My5vcmcvMjAwMC9zdmciPjwvc3ZnPg==\" style=\"--smush-placeholder-width: 1024px; --smush-placeholder-aspect-ratio: 1024\/575;\" data-original-sizes=\"(max-width: 1024px) 100vw, 1024px\">\t\t\t\t\t<\/a>\n\t\t\t\t\t\t\t<\/div>\n\t\t\t\t\t\t<h4 class=\"uagb-post__title uagb-post__text\">\n\t\t\t\t<a href=\"https:\/\/www.motorprosa.com\/en\/harley-davidson-road-king\/\" target=\"_self\" rel=\"bookmark noopener noreferrer\">Harley-Davidson Road King 110th Anniversary Edition<\/a>\n\t\t\t<\/h4>\n\t\t\t\t\t\t<div class='uagb-post__text uagb-post-grid-byline'>\n\t\t\t\t\t\t\t\t<span class=\"uagb-post__comment\">\n\t\t\t\t<span class=\"dashicons-admin-comments dashicons\"><\/span>\t\t\t\t\tNo Comments\t\t\t\t<\/span>\n\t\t\t\t\t\t\t<div class=\"uagb-post__text\">\n\t\t\t\t\t<span class='uagb-post__taxonomy'>\n\t\t\t\t\t\t<span class=\"dashicons-tag dashicons\"><\/span>\t\t\t\t\t\t<a href=\"https:\/\/www.motorprosa.com\/en\/category\/motorcycles\/harley-davidson-en\/\">Harley Davidson<\/a>\t\t\t\t\t<\/span>\n\t\t\t\t<\/div>\n\t\t\t\t\t\t\t<\/div>\n\t\t\t\t\t\t\t<div class='uagb-post__text uagb-post__excerpt'>\n\t\t\t\t\tIntroducing my biggest, heaviest and loudest motorcycle: my Road King 110th Anniversary Edition from Harley-Davidson. Nomen est Omen!\t\t\t\t<\/div>\n\t\t\t\n\t\t\t\t\t\t\t\t\t<\/article>\n\t\t\t\t\t\t\t\t\t\t\t\t\t\t\t\t<article class=\"uagb-post__inner-wrap\">\t\t\t\t\t\t\t\t<div class='uagb-post__image'>\n\t\t\t\t\t\t\t\t\t<a href=\"https:\/\/www.motorprosa.com\/en\/dream-roads-the-susten-pass-2224-m\/\" target=\"_self\" rel=\"bookmark noopener noreferrer\" class='uagb-image-ratio-inherit'><img decoding=\"async\" width=\"1024\" height=\"575\" data-src=\"https:\/\/b2642856.assetcdn.net\/2.0\/2642856\/wp-content\/uploads\/2022\/01\/motorprosa-blog-header-traumstrasse-sustenpass-effekt-1-1024x575.jpg?lossy=1&strip=1&webp=1\" class=\"attachment-large size-large lazyload\" alt=\"MotorProsa: Traumstrasse Sustenpass (Effekt)\" data-srcset=\"https:\/\/b2642856.assetcdn.net\/2.0\/2642856\/wp-content\/uploads\/2022\/01\/motorprosa-blog-header-traumstrasse-sustenpass-effekt-1-1024x575.jpg?lossy=1&strip=1&webp=1 1024w, https:\/\/b2642856.assetcdn.net\/2.0\/2642856\/wp-content\/uploads\/2022\/01\/motorprosa-blog-header-traumstrasse-sustenpass-effekt-1-300x169.jpg?lossy=1&strip=1&webp=1 300w, https:\/\/b2642856.assetcdn.net\/2.0\/2642856\/wp-content\/uploads\/2022\/01\/motorprosa-blog-header-traumstrasse-sustenpass-effekt-1.jpg?lossy=1&strip=1&webp=1 1200w, https:\/\/b2642856.assetcdn.net\/2.0\/2642856\/wp-content\/uploads\/2022\/01\/motorprosa-blog-header-traumstrasse-sustenpass-effekt-1.jpg?size=240x135&lossy=1&strip=1&webp=1 240w, https:\/\/b2642856.assetcdn.net\/2.0\/2642856\/wp-content\/uploads\/2022\/01\/motorprosa-blog-header-traumstrasse-sustenpass-effekt-1.jpg?size=480x270&lossy=1&strip=1&webp=1 480w, https:\/\/b2642856.assetcdn.net\/2.0\/2642856\/wp-content\/uploads\/2022\/01\/motorprosa-blog-header-traumstrasse-sustenpass-effekt-1.jpg?size=720x404&lossy=1&strip=1&webp=1 720w, https:\/\/b2642856.assetcdn.net\/2.0\/2642856\/wp-content\/uploads\/2022\/01\/motorprosa-blog-header-traumstrasse-sustenpass-effekt-1.jpg?size=960x539&lossy=1&strip=1&webp=1 960w\" data-sizes=\"auto\" title=\"\" src=\"data:image\/svg+xml;base64,PHN2ZyB3aWR0aD0iMSIgaGVpZ2h0PSIxIiB4bWxucz0iaHR0cDovL3d3dy53My5vcmcvMjAwMC9zdmciPjwvc3ZnPg==\" style=\"--smush-placeholder-width: 1024px; --smush-placeholder-aspect-ratio: 1024\/575;\" data-original-sizes=\"(max-width: 1024px) 100vw, 1024px\">\t\t\t\t\t<\/a>\n\t\t\t\t\t\t\t<\/div>\n\t\t\t\t\t\t<h4 class=\"uagb-post__title uagb-post__text\">\n\t\t\t\t<a href=\"https:\/\/www.motorprosa.com\/en\/dream-roads-the-susten-pass-2224-m\/\" target=\"_self\" rel=\"bookmark noopener noreferrer\">Dream Roads: The Susten Pass (2224 m)<\/a>\n\t\t\t<\/h4>\n\t\t\t\t\t\t<div class='uagb-post__text uagb-post-grid-byline'>\n\t\t\t\t\t\t\t\t<span class=\"uagb-post__comment\">\n\t\t\t\t<span class=\"dashicons-admin-comments dashicons\"><\/span>\t\t\t\t\tNo Comments\t\t\t\t<\/span>\n\t\t\t\t\t\t\t<div class=\"uagb-post__text\">\n\t\t\t\t\t<span class='uagb-post__taxonomy'>\n\t\t\t\t\t\t<span class=\"dashicons-tag dashicons\"><\/span>\t\t\t\t\t\t<a href=\"https:\/\/www.motorprosa.com\/en\/category\/dream-roads\/\">Dream Roads<\/a>,&nbsp;<a href=\"https:\/\/www.motorprosa.com\/en\/category\/publications\/\">Publications<\/a>\t\t\t\t\t<\/span>\n\t\t\t\t<\/div>\n\t\t\t\t\t\t\t<\/div>\n\t\t\t\t\t\t\t<div class='uagb-post__text uagb-post__excerpt'>\n\t\t\t\t\tImagine if someone came up with the idea of building a road in the middle of the Alps just for tourist pleasure. <br>Unimaginable?\t\t\t\t<\/div>\n\t\t\t\n\t\t\t\t\t\t\t\t\t<\/article>\n\t\t\t\t\t\t\t\t\t\t\t\t\t\t\t\t<article class=\"uagb-post__inner-wrap\">\t\t\t\t\t\t\t\t<div class='uagb-post__image'>\n\t\t\t\t\t\t\t\t\t<a href=\"https:\/\/www.motorprosa.com\/en\/electric-journey-through-switzerland\/\" target=\"_self\" rel=\"bookmark noopener noreferrer\" class='uagb-image-ratio-inherit'><img decoding=\"async\" width=\"1024\" height=\"559\" data-src=\"https:\/\/b2642856.assetcdn.net\/2.0\/2642856\/wp-content\/uploads\/2021\/12\/motorprosa-blog-header-elektrisch-durch-die-schweiz-effekt-1024x559.jpg?lossy=1&strip=1&webp=1\" class=\"attachment-large size-large lazyload\" alt=\"MotorProsa: Blog Header Elektrisch durch die Schweiz (Effekt)\" data-srcset=\"https:\/\/b2642856.assetcdn.net\/2.0\/2642856\/wp-content\/uploads\/2021\/12\/motorprosa-blog-header-elektrisch-durch-die-schweiz-effekt-1024x559.jpg?lossy=1&strip=1&webp=1 1024w, https:\/\/b2642856.assetcdn.net\/2.0\/2642856\/wp-content\/uploads\/2021\/12\/motorprosa-blog-header-elektrisch-durch-die-schweiz-effekt-300x164.jpg?lossy=1&strip=1&webp=1 300w, https:\/\/b2642856.assetcdn.net\/2.0\/2642856\/wp-content\/uploads\/2021\/12\/motorprosa-blog-header-elektrisch-durch-die-schweiz-effekt.jpg?lossy=1&strip=1&webp=1 1200w, https:\/\/b2642856.assetcdn.net\/2.0\/2642856\/wp-content\/uploads\/2021\/12\/motorprosa-blog-header-elektrisch-durch-die-schweiz-effekt.jpg?size=240x131&lossy=1&strip=1&webp=1 240w, https:\/\/b2642856.assetcdn.net\/2.0\/2642856\/wp-content\/uploads\/2021\/12\/motorprosa-blog-header-elektrisch-durch-die-schweiz-effekt.jpg?size=480x262&lossy=1&strip=1&webp=1 480w, https:\/\/b2642856.assetcdn.net\/2.0\/2642856\/wp-content\/uploads\/2021\/12\/motorprosa-blog-header-elektrisch-durch-die-schweiz-effekt.jpg?size=720x393&lossy=1&strip=1&webp=1 720w, https:\/\/b2642856.assetcdn.net\/2.0\/2642856\/wp-content\/uploads\/2021\/12\/motorprosa-blog-header-elektrisch-durch-die-schweiz-effekt.jpg?size=960x524&lossy=1&strip=1&webp=1 960w\" data-sizes=\"auto\" title=\"\" src=\"data:image\/svg+xml;base64,PHN2ZyB3aWR0aD0iMSIgaGVpZ2h0PSIxIiB4bWxucz0iaHR0cDovL3d3dy53My5vcmcvMjAwMC9zdmciPjwvc3ZnPg==\" style=\"--smush-placeholder-width: 1024px; --smush-placeholder-aspect-ratio: 1024\/559;\" data-original-sizes=\"(max-width: 1024px) 100vw, 1024px\">\t\t\t\t\t<\/a>\n\t\t\t\t\t\t\t<\/div>\n\t\t\t\t\t\t<h4 class=\"uagb-post__title uagb-post__text\">\n\t\t\t\t<a href=\"https:\/\/www.motorprosa.com\/en\/electric-journey-through-switzerland\/\" target=\"_self\" rel=\"bookmark noopener noreferrer\">An electric journey through Switzerland<\/a>\n\t\t\t<\/h4>\n\t\t\t\t\t\t<div class='uagb-post__text uagb-post-grid-byline'>\n\t\t\t\t\t\t\t\t<span class=\"uagb-post__comment\">\n\t\t\t\t<span class=\"dashicons-admin-comments dashicons\"><\/span>\t\t\t\t\t19 Comments\t\t\t\t<\/span>\n\t\t\t\t\t\t\t<div class=\"uagb-post__text\">\n\t\t\t\t\t<span class='uagb-post__taxonomy'>\n\t\t\t\t\t\t<span class=\"dashicons-tag dashicons\"><\/span>\t\t\t\t\t\t<a href=\"https:\/\/www.motorprosa.com\/en\/category\/electromobility\/\">Electromobility<\/a>,&nbsp;<a href=\"https:\/\/www.motorprosa.com\/en\/category\/travel-reports\/\">Travel Reports<\/a>\t\t\t\t\t<\/span>\n\t\t\t\t<\/div>\n\t\t\t\t\t\t\t<\/div>\n\t\t\t\t\t\t\t<div class='uagb-post__text uagb-post__excerpt'>\n\t\t\t\t\tLet&#8217;s start my first electric journey. I&#8217;m setting off for the Swiss canton of Obwalden. 340 km \u2013 will I manage the distance in one&#8230;\t\t\t\t<\/div>\n\t\t\t\n\t\t\t\t\t\t\t\t\t<\/article>\n\t\t\t\t\t\t\t\t\t\t\t\t\t\t\t\t<article class=\"uagb-post__inner-wrap\">\t\t\t\t\t\t\t\t<div class='uagb-post__image'>\n\t\t\t\t\t\t\t\t\t<a href=\"https:\/\/www.motorprosa.com\/en\/cool-riding-the-zero-fxe\/\" target=\"_self\" rel=\"bookmark noopener noreferrer\" class='uagb-image-ratio-inherit'><img decoding=\"async\" width=\"1024\" height=\"559\" data-src=\"https:\/\/b2642856.assetcdn.net\/2.0\/2642856\/wp-content\/uploads\/2021\/11\/motorprosa-blog-header-zero-fxe-effekt-1024x559.jpg?lossy=1&strip=1&webp=1\" class=\"attachment-large size-large lazyload\" alt=\"MotorProsa: Blog &quot;Riding the Zero FXE&quot;\" data-srcset=\"https:\/\/b2642856.assetcdn.net\/2.0\/2642856\/wp-content\/uploads\/2021\/11\/motorprosa-blog-header-zero-fxe-effekt-1024x559.jpg?lossy=1&strip=1&webp=1 1024w, https:\/\/b2642856.assetcdn.net\/2.0\/2642856\/wp-content\/uploads\/2021\/11\/motorprosa-blog-header-zero-fxe-effekt-300x164.jpg?lossy=1&strip=1&webp=1 300w, https:\/\/b2642856.assetcdn.net\/2.0\/2642856\/wp-content\/uploads\/2021\/11\/motorprosa-blog-header-zero-fxe-effekt.jpg?lossy=1&strip=1&webp=1 1200w, https:\/\/b2642856.assetcdn.net\/2.0\/2642856\/wp-content\/uploads\/2021\/11\/motorprosa-blog-header-zero-fxe-effekt.jpg?size=240x131&lossy=1&strip=1&webp=1 240w, https:\/\/b2642856.assetcdn.net\/2.0\/2642856\/wp-content\/uploads\/2021\/11\/motorprosa-blog-header-zero-fxe-effekt.jpg?size=480x262&lossy=1&strip=1&webp=1 480w, https:\/\/b2642856.assetcdn.net\/2.0\/2642856\/wp-content\/uploads\/2021\/11\/motorprosa-blog-header-zero-fxe-effekt.jpg?size=720x393&lossy=1&strip=1&webp=1 720w, https:\/\/b2642856.assetcdn.net\/2.0\/2642856\/wp-content\/uploads\/2021\/11\/motorprosa-blog-header-zero-fxe-effekt.jpg?size=960x524&lossy=1&strip=1&webp=1 960w\" data-sizes=\"auto\" title=\"\" src=\"data:image\/svg+xml;base64,PHN2ZyB3aWR0aD0iMSIgaGVpZ2h0PSIxIiB4bWxucz0iaHR0cDovL3d3dy53My5vcmcvMjAwMC9zdmciPjwvc3ZnPg==\" style=\"--smush-placeholder-width: 1024px; --smush-placeholder-aspect-ratio: 1024\/559;\" data-original-sizes=\"(max-width: 1024px) 100vw, 1024px\">\t\t\t\t\t<\/a>\n\t\t\t\t\t\t\t<\/div>\n\t\t\t\t\t\t<h4 class=\"uagb-post__title uagb-post__text\">\n\t\t\t\t<a href=\"https:\/\/www.motorprosa.com\/en\/cool-riding-the-zero-fxe\/\" target=\"_self\" rel=\"bookmark noopener noreferrer\">Cool \u2013 Riding the Zero FXE 7.2<\/a>\n\t\t\t<\/h4>\n\t\t\t\t\t\t<div class='uagb-post__text uagb-post-grid-byline'>\n\t\t\t\t\t\t\t\t<span class=\"uagb-post__comment\">\n\t\t\t\t<span class=\"dashicons-admin-comments dashicons\"><\/span>\t\t\t\t\t1 Comment\t\t\t\t<\/span>\n\t\t\t\t\t\t\t<div class=\"uagb-post__text\">\n\t\t\t\t\t<span class='uagb-post__taxonomy'>\n\t\t\t\t\t\t<span class=\"dashicons-tag dashicons\"><\/span>\t\t\t\t\t\t<a href=\"https:\/\/www.motorprosa.com\/en\/category\/electromobility\/\">Electromobility<\/a>,&nbsp;<a href=\"https:\/\/www.motorprosa.com\/en\/category\/motorcycles\/zero-motorcycles\/\">Zero Motorcycles<\/a>\t\t\t\t\t<\/span>\n\t\t\t\t<\/div>\n\t\t\t\t\t\t\t<\/div>\n\t\t\t\t\t\t\t<div class='uagb-post__text uagb-post__excerpt'>\n\t\t\t\t\tRiding the new Zero FXE. Time to throw old ways overboard \u2013 with quirky memories of my noisy supermoto past, I get to ride the&#8230;\t\t\t\t<\/div>\n\t\t\t\n\t\t\t\t\t\t\t\t\t<\/article>\n\t\t\t\t\t\t\t\t\t\t\t\t\t\t\t\t<article class=\"uagb-post__inner-wrap\">\t\t\t\t\t\t\t\t<div class='uagb-post__image'>\n\t\t\t\t\t\t\t\t\t<a href=\"https:\/\/www.motorprosa.com\/en\/dams-in-the-venosta-valley\/\" target=\"_self\" rel=\"bookmark noopener noreferrer\" class='uagb-image-ratio-inherit'><img decoding=\"async\" width=\"1024\" height=\"559\" data-src=\"https:\/\/b2642856.assetcdn.net\/2.0\/2642856\/wp-content\/uploads\/2021\/10\/motorprosa-blog-header-talsperren-effekt-1024x559.jpg?lossy=1&strip=1&webp=1\" class=\"attachment-large size-large lazyload\" alt=\"MotorProsa: Talsperren im Vinschgau\" data-srcset=\"https:\/\/b2642856.assetcdn.net\/2.0\/2642856\/wp-content\/uploads\/2021\/10\/motorprosa-blog-header-talsperren-effekt-1024x559.jpg?lossy=1&strip=1&webp=1 1024w, https:\/\/b2642856.assetcdn.net\/2.0\/2642856\/wp-content\/uploads\/2021\/10\/motorprosa-blog-header-talsperren-effekt-300x164.jpg?lossy=1&strip=1&webp=1 300w, https:\/\/b2642856.assetcdn.net\/2.0\/2642856\/wp-content\/uploads\/2021\/10\/motorprosa-blog-header-talsperren-effekt.jpg?lossy=1&strip=1&webp=1 1200w, https:\/\/b2642856.assetcdn.net\/2.0\/2642856\/wp-content\/uploads\/2021\/10\/motorprosa-blog-header-talsperren-effekt.jpg?size=240x131&lossy=1&strip=1&webp=1 240w, https:\/\/b2642856.assetcdn.net\/2.0\/2642856\/wp-content\/uploads\/2021\/10\/motorprosa-blog-header-talsperren-effekt.jpg?size=480x262&lossy=1&strip=1&webp=1 480w, https:\/\/b2642856.assetcdn.net\/2.0\/2642856\/wp-content\/uploads\/2021\/10\/motorprosa-blog-header-talsperren-effekt.jpg?size=720x393&lossy=1&strip=1&webp=1 720w, https:\/\/b2642856.assetcdn.net\/2.0\/2642856\/wp-content\/uploads\/2021\/10\/motorprosa-blog-header-talsperren-effekt.jpg?size=960x524&lossy=1&strip=1&webp=1 960w\" data-sizes=\"auto\" title=\"\" src=\"data:image\/svg+xml;base64,PHN2ZyB3aWR0aD0iMSIgaGVpZ2h0PSIxIiB4bWxucz0iaHR0cDovL3d3dy53My5vcmcvMjAwMC9zdmciPjwvc3ZnPg==\" style=\"--smush-placeholder-width: 1024px; --smush-placeholder-aspect-ratio: 1024\/559;\" data-original-sizes=\"(max-width: 1024px) 100vw, 1024px\">\t\t\t\t\t<\/a>\n\t\t\t\t\t\t\t<\/div>\n\t\t\t\t\t\t<h4 class=\"uagb-post__title uagb-post__text\">\n\t\t\t\t<a href=\"https:\/\/www.motorprosa.com\/en\/dams-in-the-venosta-valley\/\" target=\"_self\" rel=\"bookmark noopener noreferrer\">Dams in the Venosta Valley<\/a>\n\t\t\t<\/h4>\n\t\t\t\t\t\t<div class='uagb-post__text uagb-post-grid-byline'>\n\t\t\t\t\t\t\t\t<span class=\"uagb-post__comment\">\n\t\t\t\t<span class=\"dashicons-admin-comments dashicons\"><\/span>\t\t\t\t\tNo Comments\t\t\t\t<\/span>\n\t\t\t\t\t\t\t<div class=\"uagb-post__text\">\n\t\t\t\t\t<span class='uagb-post__taxonomy'>\n\t\t\t\t\t\t<span class=\"dashicons-tag dashicons\"><\/span>\t\t\t\t\t\t<a href=\"https:\/\/www.motorprosa.com\/en\/category\/publications\/\">Publications<\/a>,&nbsp;<a href=\"https:\/\/www.motorprosa.com\/en\/category\/on-the-road\/\">On the Road<\/a>\t\t\t\t\t<\/span>\n\t\t\t\t<\/div>\n\t\t\t\t\t\t\t<\/div>\n\t\t\t\t\t\t\t<div class='uagb-post__text uagb-post__excerpt'>\n\t\t\t\t\tVisiting the largest dams in the Venosta Valley, in the west of South Tyrol &#8211; a tour to romantic lakes that rarely tell romantic stories.\t\t\t\t<\/div>\n\t\t\t\n\t\t\t\t\t\t\t\t\t<\/article>\n\t\t\t\t\t\t\t\t\t\t\t\t\t\t\t\t<article class=\"uagb-post__inner-wrap\">\t\t\t\t\t\t\t\t<div class='uagb-post__image'>\n\t\t\t\t\t\t\t\t\t<a href=\"https:\/\/www.motorprosa.com\/en\/ducati-748s-character\/\" target=\"_self\" rel=\"bookmark noopener noreferrer\" class='uagb-image-ratio-inherit'><img decoding=\"async\" width=\"1024\" height=\"575\" data-src=\"https:\/\/b2642856.assetcdn.net\/2.0\/2642856\/wp-content\/uploads\/2022\/02\/motorprosa-blog-header-ducati-748-charakter-in-maschinenform-1-effekt-1024x575.jpg?lossy=1&strip=1&webp=1\" class=\"attachment-large size-large lazyload\" alt=\"MotorProsa: Blog Header Ducati 748 - Charakter in Maschinenform (Effekt)\" data-srcset=\"https:\/\/b2642856.assetcdn.net\/2.0\/2642856\/wp-content\/uploads\/2022\/02\/motorprosa-blog-header-ducati-748-charakter-in-maschinenform-1-effekt-1024x575.jpg?lossy=1&strip=1&webp=1 1024w, https:\/\/b2642856.assetcdn.net\/2.0\/2642856\/wp-content\/uploads\/2022\/02\/motorprosa-blog-header-ducati-748-charakter-in-maschinenform-1-effekt-300x169.jpg?lossy=1&strip=1&webp=1 300w, https:\/\/b2642856.assetcdn.net\/2.0\/2642856\/wp-content\/uploads\/2022\/02\/motorprosa-blog-header-ducati-748-charakter-in-maschinenform-1-effekt.jpg?lossy=1&strip=1&webp=1 1200w, https:\/\/b2642856.assetcdn.net\/2.0\/2642856\/wp-content\/uploads\/2022\/02\/motorprosa-blog-header-ducati-748-charakter-in-maschinenform-1-effekt.jpg?size=240x135&lossy=1&strip=1&webp=1 240w, https:\/\/b2642856.assetcdn.net\/2.0\/2642856\/wp-content\/uploads\/2022\/02\/motorprosa-blog-header-ducati-748-charakter-in-maschinenform-1-effekt.jpg?size=480x270&lossy=1&strip=1&webp=1 480w, https:\/\/b2642856.assetcdn.net\/2.0\/2642856\/wp-content\/uploads\/2022\/02\/motorprosa-blog-header-ducati-748-charakter-in-maschinenform-1-effekt.jpg?size=720x404&lossy=1&strip=1&webp=1 720w, https:\/\/b2642856.assetcdn.net\/2.0\/2642856\/wp-content\/uploads\/2022\/02\/motorprosa-blog-header-ducati-748-charakter-in-maschinenform-1-effekt.jpg?size=960x539&lossy=1&strip=1&webp=1 960w\" data-sizes=\"auto\" title=\"\" src=\"data:image\/svg+xml;base64,PHN2ZyB3aWR0aD0iMSIgaGVpZ2h0PSIxIiB4bWxucz0iaHR0cDovL3d3dy53My5vcmcvMjAwMC9zdmciPjwvc3ZnPg==\" style=\"--smush-placeholder-width: 1024px; --smush-placeholder-aspect-ratio: 1024\/575;\" data-original-sizes=\"(max-width: 1024px) 100vw, 1024px\">\t\t\t\t\t<\/a>\n\t\t\t\t\t\t\t<\/div>\n\t\t\t\t\t\t<h4 class=\"uagb-post__title uagb-post__text\">\n\t\t\t\t<a href=\"https:\/\/www.motorprosa.com\/en\/ducati-748s-character\/\" target=\"_self\" rel=\"bookmark noopener noreferrer\">Ducati 748s \u2013 A motorcycle full of character<\/a>\n\t\t\t<\/h4>\n\t\t\t\t\t\t<div class='uagb-post__text uagb-post-grid-byline'>\n\t\t\t\t\t\t\t\t<span class=\"uagb-post__comment\">\n\t\t\t\t<span class=\"dashicons-admin-comments dashicons\"><\/span>\t\t\t\t\tNo Comments\t\t\t\t<\/span>\n\t\t\t\t\t\t\t<div class=\"uagb-post__text\">\n\t\t\t\t\t<span class='uagb-post__taxonomy'>\n\t\t\t\t\t\t<span class=\"dashicons-tag dashicons\"><\/span>\t\t\t\t\t\t<a href=\"https:\/\/www.motorprosa.com\/en\/category\/motorcycles\/ducati-en\/\">Ducati<\/a>\t\t\t\t\t<\/span>\n\t\t\t\t<\/div>\n\t\t\t\t\t\t\t<\/div>\n\t\t\t\t\t\t\t<div class='uagb-post__text uagb-post__excerpt'>\n\t\t\t\t\tCan a vehicle have character? Some claim it can, but after all every vehicle is a simple machine, without soul, isn&#8217;t it? Nevertheless, I dare&#8230;\t\t\t\t<\/div>\n\t\t\t\n\t\t\t\t\t\t\t\t\t<\/article>\n\t\t\t\t\t\t\t\t\t\t\t\t\t\t\t\t<article class=\"uagb-post__inner-wrap\">\t\t\t\t\t\t\t\t<div class='uagb-post__image'>\n\t\t\t\t\t\t\t\t\t<a href=\"https:\/\/www.motorprosa.com\/en\/the-journey-to-the-water\/\" target=\"_self\" rel=\"bookmark noopener noreferrer\" class='uagb-image-ratio-inherit'><img decoding=\"async\" width=\"1024\" height=\"605\" data-src=\"https:\/\/b2642856.assetcdn.net\/2.0\/2642856\/wp-content\/uploads\/2022\/01\/motorprosa-blog-header-reise-ans-wasser-1-effekt-1024x605.jpg?lossy=1&strip=1&webp=1\" class=\"attachment-large size-large lazyload\" alt=\"MotorProsa: Die Reise ans Wasser\" data-srcset=\"https:\/\/b2642856.assetcdn.net\/2.0\/2642856\/wp-content\/uploads\/2022\/01\/motorprosa-blog-header-reise-ans-wasser-1-effekt-1024x605.jpg?lossy=1&strip=1&webp=1 1024w, https:\/\/b2642856.assetcdn.net\/2.0\/2642856\/wp-content\/uploads\/2022\/01\/motorprosa-blog-header-reise-ans-wasser-1-effekt-300x177.jpg?lossy=1&strip=1&webp=1 300w, https:\/\/b2642856.assetcdn.net\/2.0\/2642856\/wp-content\/uploads\/2022\/01\/MotorProsa-Blog-Header-Reise-ans-Wasser-1-Effekt-1.jpg?lossy=1&strip=1&webp=1 1200w, https:\/\/b2642856.assetcdn.net\/2.0\/2642856\/wp-content\/uploads\/2022\/01\/MotorProsa-Blog-Header-Reise-ans-Wasser-1-Effekt-1.jpg?size=240x142&lossy=1&strip=1&webp=1 240w, https:\/\/b2642856.assetcdn.net\/2.0\/2642856\/wp-content\/uploads\/2022\/01\/MotorProsa-Blog-Header-Reise-ans-Wasser-1-Effekt-1.jpg?size=480x284&lossy=1&strip=1&webp=1 480w, https:\/\/b2642856.assetcdn.net\/2.0\/2642856\/wp-content\/uploads\/2022\/01\/MotorProsa-Blog-Header-Reise-ans-Wasser-1-Effekt-1.jpg?size=720x425&lossy=1&strip=1&webp=1 720w, https:\/\/b2642856.assetcdn.net\/2.0\/2642856\/wp-content\/uploads\/2022\/01\/MotorProsa-Blog-Header-Reise-ans-Wasser-1-Effekt-1.jpg?size=960x567&lossy=1&strip=1&webp=1 960w\" data-sizes=\"auto\" title=\"\" src=\"data:image\/svg+xml;base64,PHN2ZyB3aWR0aD0iMSIgaGVpZ2h0PSIxIiB4bWxucz0iaHR0cDovL3d3dy53My5vcmcvMjAwMC9zdmciPjwvc3ZnPg==\" style=\"--smush-placeholder-width: 1024px; --smush-placeholder-aspect-ratio: 1024\/605;\" data-original-sizes=\"(max-width: 1024px) 100vw, 1024px\">\t\t\t\t\t<\/a>\n\t\t\t\t\t\t\t<\/div>\n\t\t\t\t\t\t<h4 class=\"uagb-post__title uagb-post__text\">\n\t\t\t\t<a href=\"https:\/\/www.motorprosa.com\/en\/the-journey-to-the-water\/\" target=\"_self\" rel=\"bookmark noopener noreferrer\">The journey to the water<\/a>\n\t\t\t<\/h4>\n\t\t\t\t\t\t<div class='uagb-post__text uagb-post-grid-byline'>\n\t\t\t\t\t\t\t\t<span class=\"uagb-post__comment\">\n\t\t\t\t<span class=\"dashicons-admin-comments dashicons\"><\/span>\t\t\t\t\tNo Comments\t\t\t\t<\/span>\n\t\t\t\t\t\t\t<div class=\"uagb-post__text\">\n\t\t\t\t\t<span class='uagb-post__taxonomy'>\n\t\t\t\t\t\t<span class=\"dashicons-tag dashicons\"><\/span>\t\t\t\t\t\t<a href=\"https:\/\/www.motorprosa.com\/en\/category\/on-the-road\/\">On the Road<\/a>,&nbsp;<a href=\"https:\/\/www.motorprosa.com\/en\/category\/thoughts\/\">Thoughts<\/a>\t\t\t\t\t<\/span>\n\t\t\t\t<\/div>\n\t\t\t\t\t\t\t<\/div>\n\t\t\t\t\t\t\t<div class='uagb-post__text uagb-post__excerpt'>\n\t\t\t\t\tTake a ride with me, let&#8217;s go to the water: you&#8217;ll stand on the coast of the &#8220;Five Worlds&#8221;, on a warm summer evening.<br>Come on!\t\t\t\t<\/div>\n\t\t\t\n\t\t\t\t\t\t\t\t\t<\/article>\n\t\t\t\t\t\t\t\t\t\t\t\t\t\t\t\t<article class=\"uagb-post__inner-wrap\">\t\t\t\t\t\t\t\t<div class='uagb-post__image'>\n\t\t\t\t\t\t\t\t\t<a href=\"https:\/\/www.motorprosa.com\/en\/dream-roads-the-gavia-pass-2621-m\/\" target=\"_self\" rel=\"bookmark noopener noreferrer\" class='uagb-image-ratio-inherit'><img decoding=\"async\" width=\"1024\" height=\"559\" data-src=\"https:\/\/b2642856.assetcdn.net\/2.0\/2642856\/wp-content\/uploads\/2021\/10\/motorprosa-portrait-einer-traumstrasse-der-gavia-1024x559.jpg?lossy=1&strip=1&webp=1\" class=\"attachment-large size-large lazyload\" alt=\"Portrait einer Traumstra\u00dfe: der Gaviapass (Effekt)\" data-srcset=\"https:\/\/b2642856.assetcdn.net\/2.0\/2642856\/wp-content\/uploads\/2021\/10\/motorprosa-portrait-einer-traumstrasse-der-gavia-1024x559.jpg?lossy=1&strip=1&webp=1 1024w, https:\/\/b2642856.assetcdn.net\/2.0\/2642856\/wp-content\/uploads\/2021\/10\/motorprosa-portrait-einer-traumstrasse-der-gavia-300x164.jpg?lossy=1&strip=1&webp=1 300w, https:\/\/b2642856.assetcdn.net\/2.0\/2642856\/wp-content\/uploads\/2021\/10\/motorprosa-portrait-einer-traumstrasse-der-gavia.jpg?lossy=1&strip=1&webp=1 1200w, https:\/\/b2642856.assetcdn.net\/2.0\/2642856\/wp-content\/uploads\/2021\/10\/motorprosa-portrait-einer-traumstrasse-der-gavia.jpg?size=240x131&lossy=1&strip=1&webp=1 240w, https:\/\/b2642856.assetcdn.net\/2.0\/2642856\/wp-content\/uploads\/2021\/10\/motorprosa-portrait-einer-traumstrasse-der-gavia.jpg?size=480x262&lossy=1&strip=1&webp=1 480w, https:\/\/b2642856.assetcdn.net\/2.0\/2642856\/wp-content\/uploads\/2021\/10\/motorprosa-portrait-einer-traumstrasse-der-gavia.jpg?size=720x393&lossy=1&strip=1&webp=1 720w, https:\/\/b2642856.assetcdn.net\/2.0\/2642856\/wp-content\/uploads\/2021\/10\/motorprosa-portrait-einer-traumstrasse-der-gavia.jpg?size=960x524&lossy=1&strip=1&webp=1 960w\" data-sizes=\"auto\" title=\"\" src=\"data:image\/svg+xml;base64,PHN2ZyB3aWR0aD0iMSIgaGVpZ2h0PSIxIiB4bWxucz0iaHR0cDovL3d3dy53My5vcmcvMjAwMC9zdmciPjwvc3ZnPg==\" style=\"--smush-placeholder-width: 1024px; --smush-placeholder-aspect-ratio: 1024\/559;\" data-original-sizes=\"(max-width: 1024px) 100vw, 1024px\">\t\t\t\t\t<\/a>\n\t\t\t\t\t\t\t<\/div>\n\t\t\t\t\t\t<h4 class=\"uagb-post__title uagb-post__text\">\n\t\t\t\t<a href=\"https:\/\/www.motorprosa.com\/en\/dream-roads-the-gavia-pass-2621-m\/\" target=\"_self\" rel=\"bookmark noopener noreferrer\">Dream Roads: The Gavia Pass (2621 m)<\/a>\n\t\t\t<\/h4>\n\t\t\t\t\t\t<div class='uagb-post__text uagb-post-grid-byline'>\n\t\t\t\t\t\t\t\t<span class=\"uagb-post__comment\">\n\t\t\t\t<span class=\"dashicons-admin-comments dashicons\"><\/span>\t\t\t\t\tNo Comments\t\t\t\t<\/span>\n\t\t\t\t\t\t\t<div class=\"uagb-post__text\">\n\t\t\t\t\t<span class='uagb-post__taxonomy'>\n\t\t\t\t\t\t<span class=\"dashicons-tag dashicons\"><\/span>\t\t\t\t\t\t<a href=\"https:\/\/www.motorprosa.com\/en\/category\/publications\/\">Publications<\/a>,&nbsp;<a href=\"https:\/\/www.motorprosa.com\/en\/category\/dream-roads\/\">Dream Roads<\/a>\t\t\t\t\t<\/span>\n\t\t\t\t<\/div>\n\t\t\t\t\t\t\t<\/div>\n\t\t\t\t\t\t\t<div class='uagb-post__text uagb-post__excerpt'>\n\t\t\t\t\tNot the number 1 in terms of altitude \u2013 but definitely right up there in terms of experience: the Gavia. In the shadow of the&#8230;\t\t\t\t<\/div>\n\t\t\t\n\t\t\t\t\t\t\t\t\t<\/article>\n\t\t\t\t\t\t\t\t\t\t\t\t\t\t\t\t<article class=\"uagb-post__inner-wrap\">\t\t\t\t\t\t\t\t<div class='uagb-post__image'>\n\t\t\t\t\t\t\t\t\t<a href=\"https:\/\/www.motorprosa.com\/en\/bullet-brake-test\/\" target=\"_self\" rel=\"bookmark noopener noreferrer\" class='uagb-image-ratio-inherit'><img decoding=\"async\" width=\"1024\" height=\"575\" data-src=\"https:\/\/b2642856.assetcdn.net\/2.0\/2642856\/wp-content\/uploads\/2022\/01\/motorprosa-blog-header-bullet-brake-1-effekt-1024x575.jpg?lossy=1&strip=1&webp=1\" class=\"attachment-large size-large lazyload\" alt=\"MotorProsa: Blog Header Bullet Brake\" data-srcset=\"https:\/\/b2642856.assetcdn.net\/2.0\/2642856\/wp-content\/uploads\/2022\/01\/motorprosa-blog-header-bullet-brake-1-effekt-1024x575.jpg?lossy=1&strip=1&webp=1 1024w, https:\/\/b2642856.assetcdn.net\/2.0\/2642856\/wp-content\/uploads\/2022\/01\/motorprosa-blog-header-bullet-brake-1-effekt-300x169.jpg?lossy=1&strip=1&webp=1 300w, https:\/\/b2642856.assetcdn.net\/2.0\/2642856\/wp-content\/uploads\/2022\/01\/MotorProsa-Blog-Header-Bullet-Brake-1-Effekt-1.jpg?lossy=1&strip=1&webp=1 1200w, https:\/\/b2642856.assetcdn.net\/2.0\/2642856\/wp-content\/uploads\/2022\/01\/MotorProsa-Blog-Header-Bullet-Brake-1-Effekt-1.jpg?size=240x135&lossy=1&strip=1&webp=1 240w, https:\/\/b2642856.assetcdn.net\/2.0\/2642856\/wp-content\/uploads\/2022\/01\/MotorProsa-Blog-Header-Bullet-Brake-1-Effekt-1.jpg?size=480x270&lossy=1&strip=1&webp=1 480w, https:\/\/b2642856.assetcdn.net\/2.0\/2642856\/wp-content\/uploads\/2022\/01\/MotorProsa-Blog-Header-Bullet-Brake-1-Effekt-1.jpg?size=720x404&lossy=1&strip=1&webp=1 720w, https:\/\/b2642856.assetcdn.net\/2.0\/2642856\/wp-content\/uploads\/2022\/01\/MotorProsa-Blog-Header-Bullet-Brake-1-Effekt-1.jpg?size=960x539&lossy=1&strip=1&webp=1 960w\" data-sizes=\"auto\" title=\"\" src=\"data:image\/svg+xml;base64,PHN2ZyB3aWR0aD0iMSIgaGVpZ2h0PSIxIiB4bWxucz0iaHR0cDovL3d3dy53My5vcmcvMjAwMC9zdmciPjwvc3ZnPg==\" style=\"--smush-placeholder-width: 1024px; --smush-placeholder-aspect-ratio: 1024\/575;\" data-original-sizes=\"(max-width: 1024px) 100vw, 1024px\">\t\t\t\t\t<\/a>\n\t\t\t\t\t\t\t<\/div>\n\t\t\t\t\t\t<h4 class=\"uagb-post__title uagb-post__text\">\n\t\t\t\t<a href=\"https:\/\/www.motorprosa.com\/en\/bullet-brake-test\/\" target=\"_self\" rel=\"bookmark noopener noreferrer\">Bullet Brake, or: Your motorcycle brake can do more<\/a>\n\t\t\t<\/h4>\n\t\t\t\t\t\t<div class='uagb-post__text uagb-post-grid-byline'>\n\t\t\t\t\t\t\t\t<span class=\"uagb-post__comment\">\n\t\t\t\t<span class=\"dashicons-admin-comments dashicons\"><\/span>\t\t\t\t\tNo Comments\t\t\t\t<\/span>\n\t\t\t\t\t\t\t<div class=\"uagb-post__text\">\n\t\t\t\t\t<span class='uagb-post__taxonomy'>\n\t\t\t\t\t\t<span class=\"dashicons-tag dashicons\"><\/span>\t\t\t\t\t\t<a href=\"https:\/\/www.motorprosa.com\/en\/category\/electromobility\/\">Electromobility<\/a>,&nbsp;<a href=\"https:\/\/www.motorprosa.com\/en\/category\/tested\/\">Tested<\/a>,&nbsp;<a href=\"https:\/\/www.motorprosa.com\/en\/category\/motorcycles\/zero-motorcycles\/\">Zero Motorcycles<\/a>\t\t\t\t\t<\/span>\n\t\t\t\t<\/div>\n\t\t\t\t\t\t\t<\/div>\n\t\t\t\t\t\t\t<div class='uagb-post__text uagb-post__excerpt'>\n\t\t\t\t\tTesting the smart banjo bolt from Bullet Brake\u00a0\u2013 it solves a problem well known by drivers of electric motorcycles.\t\t\t\t<\/div>\n\t\t\t\n\t\t\t\t\t\t\t\t\t<\/article>\n\t\t\t\t\t\t\t\t\t\t\t\t\t\t\t\t<article class=\"uagb-post__inner-wrap\">\t\t\t\t\t\t\t\t<div class='uagb-post__image'>\n\t\t\t\t\t\t\t\t\t<a href=\"https:\/\/www.motorprosa.com\/en\/motorcycling-as-therapy\/\" target=\"_self\" rel=\"bookmark noopener noreferrer\" class='uagb-image-ratio-inherit'><img decoding=\"async\" width=\"1024\" height=\"559\" data-src=\"https:\/\/b2642856.assetcdn.net\/2.0\/2642856\/wp-content\/uploads\/2021\/10\/motorprosa-blog-header-therapeutisches-motorradfahren-effekt-1024x559.jpg?lossy=1&strip=1&webp=1\" class=\"attachment-large size-large lazyload\" alt=\"MotorProsa: Therapeutisches Motorradfahren\" data-srcset=\"https:\/\/b2642856.assetcdn.net\/2.0\/2642856\/wp-content\/uploads\/2021\/10\/motorprosa-blog-header-therapeutisches-motorradfahren-effekt-1024x559.jpg?lossy=1&strip=1&webp=1 1024w, https:\/\/b2642856.assetcdn.net\/2.0\/2642856\/wp-content\/uploads\/2021\/10\/motorprosa-blog-header-therapeutisches-motorradfahren-effekt-300x164.jpg?lossy=1&strip=1&webp=1 300w, https:\/\/b2642856.assetcdn.net\/2.0\/2642856\/wp-content\/uploads\/2021\/10\/motorprosa-blog-header-therapeutisches-motorradfahren-effekt.jpg?lossy=1&strip=1&webp=1 1200w, https:\/\/b2642856.assetcdn.net\/2.0\/2642856\/wp-content\/uploads\/2021\/10\/motorprosa-blog-header-therapeutisches-motorradfahren-effekt.jpg?size=240x131&lossy=1&strip=1&webp=1 240w, https:\/\/b2642856.assetcdn.net\/2.0\/2642856\/wp-content\/uploads\/2021\/10\/motorprosa-blog-header-therapeutisches-motorradfahren-effekt.jpg?size=480x262&lossy=1&strip=1&webp=1 480w, https:\/\/b2642856.assetcdn.net\/2.0\/2642856\/wp-content\/uploads\/2021\/10\/motorprosa-blog-header-therapeutisches-motorradfahren-effekt.jpg?size=720x393&lossy=1&strip=1&webp=1 720w, https:\/\/b2642856.assetcdn.net\/2.0\/2642856\/wp-content\/uploads\/2021\/10\/motorprosa-blog-header-therapeutisches-motorradfahren-effekt.jpg?size=960x524&lossy=1&strip=1&webp=1 960w\" data-sizes=\"auto\" title=\"\" src=\"data:image\/svg+xml;base64,PHN2ZyB3aWR0aD0iMSIgaGVpZ2h0PSIxIiB4bWxucz0iaHR0cDovL3d3dy53My5vcmcvMjAwMC9zdmciPjwvc3ZnPg==\" style=\"--smush-placeholder-width: 1024px; --smush-placeholder-aspect-ratio: 1024\/559;\" data-original-sizes=\"(max-width: 1024px) 100vw, 1024px\">\t\t\t\t\t<\/a>\n\t\t\t\t\t\t\t<\/div>\n\t\t\t\t\t\t<h4 class=\"uagb-post__title uagb-post__text\">\n\t\t\t\t<a href=\"https:\/\/www.motorprosa.com\/en\/motorcycling-as-therapy\/\" target=\"_self\" rel=\"bookmark noopener noreferrer\">Motorcycling as therapy<\/a>\n\t\t\t<\/h4>\n\t\t\t\t\t\t<div class='uagb-post__text uagb-post-grid-byline'>\n\t\t\t\t\t\t\t\t<span class=\"uagb-post__comment\">\n\t\t\t\t<span class=\"dashicons-admin-comments dashicons\"><\/span>\t\t\t\t\tNo Comments\t\t\t\t<\/span>\n\t\t\t\t\t\t\t<div class=\"uagb-post__text\">\n\t\t\t\t\t<span class='uagb-post__taxonomy'>\n\t\t\t\t\t\t<span class=\"dashicons-tag dashicons\"><\/span>\t\t\t\t\t\t<a href=\"https:\/\/www.motorprosa.com\/en\/category\/extremes\/\">Extremes<\/a>,&nbsp;<a href=\"https:\/\/www.motorprosa.com\/en\/category\/200-years-stelvio-pass\/\">200 years Stelvio Pass<\/a>,&nbsp;<a href=\"https:\/\/www.motorprosa.com\/en\/category\/about-me\/\">About Me<\/a>\t\t\t\t\t<\/span>\n\t\t\t\t<\/div>\n\t\t\t\t\t\t\t<\/div>\n\t\t\t\t\t\t\t<div class='uagb-post__text uagb-post__excerpt'>\n\t\t\t\t\tRiding a motorcycle as pain therapy? Sounds crazy, but well, when it really hurts, you&#8217;ll try anything to get relieve\u2026 A story from 2006.\t\t\t\t<\/div>\n\t\t\t\n\t\t\t\t\t\t\t\t\t<\/article>\n\t\t\t\t\t\t\t\t\t\t\t\t\t\t\t\t<article class=\"uagb-post__inner-wrap\">\t\t\t\t\t\t\t\t<div class='uagb-post__image'>\n\t\t\t\t\t\t\t\t\t<a href=\"https:\/\/www.motorprosa.com\/en\/magical-moments\/\" target=\"_self\" rel=\"bookmark noopener noreferrer\" class='uagb-image-ratio-inherit'><img decoding=\"async\" width=\"1024\" height=\"559\" data-src=\"https:\/\/b2642856.assetcdn.net\/2.0\/2642856\/wp-content\/uploads\/2021\/10\/motorprosa-blog-header-magische-momente-effekt-1024x559.jpg?lossy=1&strip=1&webp=1\" class=\"attachment-large size-large lazyload\" alt=\"MotorProsa: Magische Momente\" data-srcset=\"https:\/\/b2642856.assetcdn.net\/2.0\/2642856\/wp-content\/uploads\/2021\/10\/motorprosa-blog-header-magische-momente-effekt-1024x559.jpg?lossy=1&strip=1&webp=1 1024w, https:\/\/b2642856.assetcdn.net\/2.0\/2642856\/wp-content\/uploads\/2021\/10\/motorprosa-blog-header-magische-momente-effekt-300x164.jpg?lossy=1&strip=1&webp=1 300w, https:\/\/b2642856.assetcdn.net\/2.0\/2642856\/wp-content\/uploads\/2021\/10\/motorprosa-blog-header-magische-momente-effekt.jpg?lossy=1&strip=1&webp=1 1200w, https:\/\/b2642856.assetcdn.net\/2.0\/2642856\/wp-content\/uploads\/2021\/10\/motorprosa-blog-header-magische-momente-effekt.jpg?size=240x131&lossy=1&strip=1&webp=1 240w, https:\/\/b2642856.assetcdn.net\/2.0\/2642856\/wp-content\/uploads\/2021\/10\/motorprosa-blog-header-magische-momente-effekt.jpg?size=480x262&lossy=1&strip=1&webp=1 480w, https:\/\/b2642856.assetcdn.net\/2.0\/2642856\/wp-content\/uploads\/2021\/10\/motorprosa-blog-header-magische-momente-effekt.jpg?size=720x393&lossy=1&strip=1&webp=1 720w, https:\/\/b2642856.assetcdn.net\/2.0\/2642856\/wp-content\/uploads\/2021\/10\/motorprosa-blog-header-magische-momente-effekt.jpg?size=960x524&lossy=1&strip=1&webp=1 960w\" data-sizes=\"auto\" title=\"\" src=\"data:image\/svg+xml;base64,PHN2ZyB3aWR0aD0iMSIgaGVpZ2h0PSIxIiB4bWxucz0iaHR0cDovL3d3dy53My5vcmcvMjAwMC9zdmciPjwvc3ZnPg==\" style=\"--smush-placeholder-width: 1024px; --smush-placeholder-aspect-ratio: 1024\/559;\" data-original-sizes=\"(max-width: 1024px) 100vw, 1024px\">\t\t\t\t\t<\/a>\n\t\t\t\t\t\t\t<\/div>\n\t\t\t\t\t\t<h4 class=\"uagb-post__title uagb-post__text\">\n\t\t\t\t<a href=\"https:\/\/www.motorprosa.com\/en\/magical-moments\/\" target=\"_self\" rel=\"bookmark noopener noreferrer\">Magical Moments<\/a>\n\t\t\t<\/h4>\n\t\t\t\t\t\t<div class='uagb-post__text uagb-post-grid-byline'>\n\t\t\t\t\t\t\t\t<span class=\"uagb-post__comment\">\n\t\t\t\t<span class=\"dashicons-admin-comments dashicons\"><\/span>\t\t\t\t\tNo Comments\t\t\t\t<\/span>\n\t\t\t\t\t\t\t<div class=\"uagb-post__text\">\n\t\t\t\t\t<span class='uagb-post__taxonomy'>\n\t\t\t\t\t\t<span class=\"dashicons-tag dashicons\"><\/span>\t\t\t\t\t\t<a href=\"https:\/\/www.motorprosa.com\/en\/category\/dream-roads\/\">Dream Roads<\/a>,&nbsp;<a href=\"https:\/\/www.motorprosa.com\/en\/category\/200-years-stelvio-pass\/\">200 years Stelvio Pass<\/a>,&nbsp;<a href=\"https:\/\/www.motorprosa.com\/en\/category\/on-the-road\/\">On the Road<\/a>\t\t\t\t\t<\/span>\n\t\t\t\t<\/div>\n\t\t\t\t\t\t\t<\/div>\n\t\t\t\t\t\t\t<div class='uagb-post__text uagb-post__excerpt'>\n\t\t\t\t\tSunrise at an altitude of 2,800 metres \u2013 experiencing the beginning of a new day on the Stelvio is always unique.\t\t\t\t<\/div>\n\t\t\t\n\t\t\t\t\t\t\t\t\t<\/article>\n\t\t\t\t\t\t\t\t\t\t\t\t\t\t\t\t<article class=\"uagb-post__inner-wrap\">\t\t\t\t\t\t\t\t<div class='uagb-post__image'>\n\t\t\t\t\t\t\t\t\t<a href=\"https:\/\/www.motorprosa.com\/en\/am-i-rossi\/\" target=\"_self\" rel=\"bookmark noopener noreferrer\" class='uagb-image-ratio-inherit'><img decoding=\"async\" width=\"1024\" height=\"575\" data-src=\"https:\/\/b2642856.assetcdn.net\/2.0\/2642856\/wp-content\/uploads\/2022\/02\/motorprosa-blog-header-bin-ich-rossi-1-effekt-1024x575.jpg?lossy=1&strip=1&webp=1\" class=\"attachment-large size-large lazyload\" alt=\"MotorProsa: Blog Header &quot;Bin ich Rossi&quot; (Effekt)\" data-srcset=\"https:\/\/b2642856.assetcdn.net\/2.0\/2642856\/wp-content\/uploads\/2022\/02\/motorprosa-blog-header-bin-ich-rossi-1-effekt-1024x575.jpg?lossy=1&strip=1&webp=1 1024w, https:\/\/b2642856.assetcdn.net\/2.0\/2642856\/wp-content\/uploads\/2022\/02\/motorprosa-blog-header-bin-ich-rossi-1-effekt-300x169.jpg?lossy=1&strip=1&webp=1 300w, https:\/\/b2642856.assetcdn.net\/2.0\/2642856\/wp-content\/uploads\/2022\/02\/motorprosa-blog-header-bin-ich-rossi-1-effekt.jpg?lossy=1&strip=1&webp=1 1200w, https:\/\/b2642856.assetcdn.net\/2.0\/2642856\/wp-content\/uploads\/2022\/02\/motorprosa-blog-header-bin-ich-rossi-1-effekt.jpg?size=240x135&lossy=1&strip=1&webp=1 240w, https:\/\/b2642856.assetcdn.net\/2.0\/2642856\/wp-content\/uploads\/2022\/02\/motorprosa-blog-header-bin-ich-rossi-1-effekt.jpg?size=480x270&lossy=1&strip=1&webp=1 480w, https:\/\/b2642856.assetcdn.net\/2.0\/2642856\/wp-content\/uploads\/2022\/02\/motorprosa-blog-header-bin-ich-rossi-1-effekt.jpg?size=720x404&lossy=1&strip=1&webp=1 720w, https:\/\/b2642856.assetcdn.net\/2.0\/2642856\/wp-content\/uploads\/2022\/02\/motorprosa-blog-header-bin-ich-rossi-1-effekt.jpg?size=960x539&lossy=1&strip=1&webp=1 960w\" data-sizes=\"auto\" title=\"\" src=\"data:image\/svg+xml;base64,PHN2ZyB3aWR0aD0iMSIgaGVpZ2h0PSIxIiB4bWxucz0iaHR0cDovL3d3dy53My5vcmcvMjAwMC9zdmciPjwvc3ZnPg==\" style=\"--smush-placeholder-width: 1024px; --smush-placeholder-aspect-ratio: 1024\/575;\" data-original-sizes=\"(max-width: 1024px) 100vw, 1024px\">\t\t\t\t\t<\/a>\n\t\t\t\t\t\t\t<\/div>\n\t\t\t\t\t\t<h4 class=\"uagb-post__title uagb-post__text\">\n\t\t\t\t<a href=\"https:\/\/www.motorprosa.com\/en\/am-i-rossi\/\" target=\"_self\" rel=\"bookmark noopener noreferrer\">Am I Rossi?<\/a>\n\t\t\t<\/h4>\n\t\t\t\t\t\t<div class='uagb-post__text uagb-post-grid-byline'>\n\t\t\t\t\t\t\t\t<span class=\"uagb-post__comment\">\n\t\t\t\t<span class=\"dashicons-admin-comments dashicons\"><\/span>\t\t\t\t\tNo Comments\t\t\t\t<\/span>\n\t\t\t\t\t\t\t<div class=\"uagb-post__text\">\n\t\t\t\t\t<span class='uagb-post__taxonomy'>\n\t\t\t\t\t\t<span class=\"dashicons-tag dashicons\"><\/span>\t\t\t\t\t\t<a href=\"https:\/\/www.motorprosa.com\/en\/category\/thoughts\/\">Thoughts<\/a>,&nbsp;<a href=\"https:\/\/www.motorprosa.com\/en\/category\/about-me\/\">About Me<\/a>\t\t\t\t\t<\/span>\n\t\t\t\t<\/div>\n\t\t\t\t\t\t\t<\/div>\n\t\t\t\t\t\t\t<div class='uagb-post__text uagb-post__excerpt'>\n\t\t\t\t\tOn the supermotos I experienced the craziest stories &#8211; during THIS action in the saddle of my KTM I briefly asked myself: &#8220;Am I Rossi?&#8221;\t\t\t\t<\/div>\n\t\t\t\n\t\t\t\t\t\t\t\t\t<\/article>\n\t\t\t\t\t\t\t\t\t\t\t\t\t\t\t\t<article class=\"uagb-post__inner-wrap\">\t\t\t\t\t\t\t\t<div class='uagb-post__image'>\n\t\t\t\t\t\t\t\t\t<a href=\"https:\/\/www.motorprosa.com\/en\/motorcycling-why\/\" target=\"_self\" rel=\"bookmark noopener noreferrer\" class='uagb-image-ratio-inherit'><img decoding=\"async\" width=\"1024\" height=\"591\" data-src=\"https:\/\/b2642856.assetcdn.net\/2.0\/2642856\/wp-content\/uploads\/2021\/10\/motorprosa-blog-header-motorradfahren-warum-effekt-1024x591.jpg?lossy=1&strip=1&webp=1\" class=\"attachment-large size-large lazyload\" alt=\"MotorProsa: Motorradfahren - Warum? Der Versuch einer Antwort\" data-srcset=\"https:\/\/b2642856.assetcdn.net\/2.0\/2642856\/wp-content\/uploads\/2021\/10\/motorprosa-blog-header-motorradfahren-warum-effekt-1024x591.jpg?lossy=1&strip=1&webp=1 1024w, https:\/\/b2642856.assetcdn.net\/2.0\/2642856\/wp-content\/uploads\/2021\/10\/motorprosa-blog-header-motorradfahren-warum-effekt-300x173.jpg?lossy=1&strip=1&webp=1 300w, https:\/\/b2642856.assetcdn.net\/2.0\/2642856\/wp-content\/uploads\/2021\/10\/motorprosa-blog-header-motorradfahren-warum-effekt.jpg?lossy=1&strip=1&webp=1 1200w, https:\/\/b2642856.assetcdn.net\/2.0\/2642856\/wp-content\/uploads\/2021\/10\/motorprosa-blog-header-motorradfahren-warum-effekt.jpg?size=240x139&lossy=1&strip=1&webp=1 240w, https:\/\/b2642856.assetcdn.net\/2.0\/2642856\/wp-content\/uploads\/2021\/10\/motorprosa-blog-header-motorradfahren-warum-effekt.jpg?size=480x277&lossy=1&strip=1&webp=1 480w, https:\/\/b2642856.assetcdn.net\/2.0\/2642856\/wp-content\/uploads\/2021\/10\/motorprosa-blog-header-motorradfahren-warum-effekt.jpg?size=720x416&lossy=1&strip=1&webp=1 720w, https:\/\/b2642856.assetcdn.net\/2.0\/2642856\/wp-content\/uploads\/2021\/10\/motorprosa-blog-header-motorradfahren-warum-effekt.jpg?size=960x554&lossy=1&strip=1&webp=1 960w\" data-sizes=\"auto\" title=\"\" src=\"data:image\/svg+xml;base64,PHN2ZyB3aWR0aD0iMSIgaGVpZ2h0PSIxIiB4bWxucz0iaHR0cDovL3d3dy53My5vcmcvMjAwMC9zdmciPjwvc3ZnPg==\" style=\"--smush-placeholder-width: 1024px; --smush-placeholder-aspect-ratio: 1024\/591;\" data-original-sizes=\"(max-width: 1024px) 100vw, 1024px\">\t\t\t\t\t<\/a>\n\t\t\t\t\t\t\t<\/div>\n\t\t\t\t\t\t<h4 class=\"uagb-post__title uagb-post__text\">\n\t\t\t\t<a href=\"https:\/\/www.motorprosa.com\/en\/motorcycling-why\/\" target=\"_self\" rel=\"bookmark noopener noreferrer\">Motorcycling&nbsp;\u2013 Why? An attempt at an answer<\/a>\n\t\t\t<\/h4>\n\t\t\t\t\t\t<div class='uagb-post__text uagb-post-grid-byline'>\n\t\t\t\t\t\t\t\t<span class=\"uagb-post__comment\">\n\t\t\t\t<span class=\"dashicons-admin-comments dashicons\"><\/span>\t\t\t\t\tNo Comments\t\t\t\t<\/span>\n\t\t\t\t\t\t\t<div class=\"uagb-post__text\">\n\t\t\t\t\t<span class='uagb-post__taxonomy'>\n\t\t\t\t\t\t<span class=\"dashicons-tag dashicons\"><\/span>\t\t\t\t\t\t<a href=\"https:\/\/www.motorprosa.com\/en\/category\/about-me\/\">About Me<\/a>,&nbsp;<a href=\"https:\/\/www.motorprosa.com\/en\/category\/thoughts\/\">Thoughts<\/a>\t\t\t\t\t<\/span>\n\t\t\t\t<\/div>\n\t\t\t\t\t\t\t<\/div>\n\t\t\t\t\t\t\t<div class='uagb-post__text uagb-post__excerpt'>\n\t\t\t\t\tMotorcycling &#8211; how can you explain it to someone who doesn&#8217;t know it? Trying to sort out my thoughts, my memories and my reasons for&#8230;\t\t\t\t<\/div>\n\t\t\t\n\t\t\t\t\t\t\t\t\t<\/article>\n\t\t\t\t\t\t\t\t\t\t\t\t\t\t\t\t<article class=\"uagb-post__inner-wrap\">\t\t\t\t\t\t\t\t<div class='uagb-post__image'>\n\t\t\t\t\t\t\t\t\t<a href=\"https:\/\/www.motorprosa.com\/en\/ride-with-the-supermodel\/\" target=\"_self\" rel=\"bookmark noopener noreferrer\" class='uagb-image-ratio-inherit'><img decoding=\"async\" width=\"1024\" height=\"559\" data-src=\"https:\/\/b2642856.assetcdn.net\/2.0\/2642856\/wp-content\/uploads\/2021\/10\/motorprosa-blog-header-90-60-90-effekt-1024x559.jpg?lossy=1&strip=1&webp=1\" class=\"attachment-large size-large lazyload\" alt=\"MotorProsa: 90-60-60 oder: Die Sache mit den Kurven\" data-srcset=\"https:\/\/b2642856.assetcdn.net\/2.0\/2642856\/wp-content\/uploads\/2021\/10\/motorprosa-blog-header-90-60-90-effekt-1024x559.jpg?lossy=1&strip=1&webp=1 1024w, https:\/\/b2642856.assetcdn.net\/2.0\/2642856\/wp-content\/uploads\/2021\/10\/motorprosa-blog-header-90-60-90-effekt-300x164.jpg?lossy=1&strip=1&webp=1 300w, https:\/\/b2642856.assetcdn.net\/2.0\/2642856\/wp-content\/uploads\/2021\/10\/motorprosa-blog-header-90-60-90-effekt.jpg?lossy=1&strip=1&webp=1 1200w, https:\/\/b2642856.assetcdn.net\/2.0\/2642856\/wp-content\/uploads\/2021\/10\/motorprosa-blog-header-90-60-90-effekt.jpg?size=240x131&lossy=1&strip=1&webp=1 240w, https:\/\/b2642856.assetcdn.net\/2.0\/2642856\/wp-content\/uploads\/2021\/10\/motorprosa-blog-header-90-60-90-effekt.jpg?size=480x262&lossy=1&strip=1&webp=1 480w, https:\/\/b2642856.assetcdn.net\/2.0\/2642856\/wp-content\/uploads\/2021\/10\/motorprosa-blog-header-90-60-90-effekt.jpg?size=720x393&lossy=1&strip=1&webp=1 720w, https:\/\/b2642856.assetcdn.net\/2.0\/2642856\/wp-content\/uploads\/2021\/10\/motorprosa-blog-header-90-60-90-effekt.jpg?size=960x524&lossy=1&strip=1&webp=1 960w\" data-sizes=\"auto\" title=\"\" src=\"data:image\/svg+xml;base64,PHN2ZyB3aWR0aD0iMSIgaGVpZ2h0PSIxIiB4bWxucz0iaHR0cDovL3d3dy53My5vcmcvMjAwMC9zdmciPjwvc3ZnPg==\" style=\"--smush-placeholder-width: 1024px; --smush-placeholder-aspect-ratio: 1024\/559;\" data-original-sizes=\"(max-width: 1024px) 100vw, 1024px\">\t\t\t\t\t<\/a>\n\t\t\t\t\t\t\t<\/div>\n\t\t\t\t\t\t<h4 class=\"uagb-post__title uagb-post__text\">\n\t\t\t\t<a href=\"https:\/\/www.motorprosa.com\/en\/ride-with-the-supermodel\/\" target=\"_self\" rel=\"bookmark noopener noreferrer\">Ride with the supermodel<\/a>\n\t\t\t<\/h4>\n\t\t\t\t\t\t<div class='uagb-post__text uagb-post-grid-byline'>\n\t\t\t\t\t\t\t\t<span class=\"uagb-post__comment\">\n\t\t\t\t<span class=\"dashicons-admin-comments dashicons\"><\/span>\t\t\t\t\tNo Comments\t\t\t\t<\/span>\n\t\t\t\t\t\t\t<div class=\"uagb-post__text\">\n\t\t\t\t\t<span class='uagb-post__taxonomy'>\n\t\t\t\t\t\t<span class=\"dashicons-tag dashicons\"><\/span>\t\t\t\t\t\t<a href=\"https:\/\/www.motorprosa.com\/en\/category\/about-me\/\">About Me<\/a>,&nbsp;<a href=\"https:\/\/www.motorprosa.com\/en\/category\/motorcycles\/ducati-en\/\">Ducati<\/a>\t\t\t\t\t<\/span>\n\t\t\t\t<\/div>\n\t\t\t\t\t\t\t<\/div>\n\t\t\t\t\t\t\t<div class='uagb-post__text uagb-post__excerpt'>\n\t\t\t\t\tAn eventful ride with a supermodel &#8211; with a big surprise at the end. I&#8217;ll always remember this story ..\t\t\t\t<\/div>\n\t\t\t\n\t\t\t\t\t\t\t\t\t<\/article>\n\t\t\t\t\t\t\t\t\t\t\t\t\t\t\t\t<article class=\"uagb-post__inner-wrap\">\t\t\t\t\t\t\t\t<div class='uagb-post__image'>\n\t\t\t\t\t\t\t\t\t<a href=\"https:\/\/www.motorprosa.com\/en\/the-light-painter-uli-biggemann-a-portrait\/\" target=\"_self\" rel=\"bookmark noopener noreferrer\" class='uagb-image-ratio-inherit'><img decoding=\"async\" width=\"1024\" height=\"575\" data-src=\"https:\/\/b2642856.assetcdn.net\/2.0\/2642856\/wp-content\/uploads\/2022\/02\/motorprosa-blog-header-der-lichtmaler-1-effekt-1024x575.jpg?lossy=1&strip=1&webp=1\" class=\"attachment-large size-large lazyload\" alt=\"MotorProsa: Blog Portrait Uli Biggemann (Effekt)\" data-srcset=\"https:\/\/b2642856.assetcdn.net\/2.0\/2642856\/wp-content\/uploads\/2022\/02\/motorprosa-blog-header-der-lichtmaler-1-effekt-1024x575.jpg?lossy=1&strip=1&webp=1 1024w, https:\/\/b2642856.assetcdn.net\/2.0\/2642856\/wp-content\/uploads\/2022\/02\/motorprosa-blog-header-der-lichtmaler-1-effekt-300x169.jpg?lossy=1&strip=1&webp=1 300w, https:\/\/b2642856.assetcdn.net\/2.0\/2642856\/wp-content\/uploads\/2022\/02\/motorprosa-blog-header-der-lichtmaler-1-effekt.jpg?lossy=1&strip=1&webp=1 1200w, https:\/\/b2642856.assetcdn.net\/2.0\/2642856\/wp-content\/uploads\/2022\/02\/motorprosa-blog-header-der-lichtmaler-1-effekt.jpg?size=240x135&lossy=1&strip=1&webp=1 240w, https:\/\/b2642856.assetcdn.net\/2.0\/2642856\/wp-content\/uploads\/2022\/02\/motorprosa-blog-header-der-lichtmaler-1-effekt.jpg?size=480x270&lossy=1&strip=1&webp=1 480w, https:\/\/b2642856.assetcdn.net\/2.0\/2642856\/wp-content\/uploads\/2022\/02\/motorprosa-blog-header-der-lichtmaler-1-effekt.jpg?size=720x404&lossy=1&strip=1&webp=1 720w, https:\/\/b2642856.assetcdn.net\/2.0\/2642856\/wp-content\/uploads\/2022\/02\/motorprosa-blog-header-der-lichtmaler-1-effekt.jpg?size=960x539&lossy=1&strip=1&webp=1 960w\" data-sizes=\"auto\" title=\"\" src=\"data:image\/svg+xml;base64,PHN2ZyB3aWR0aD0iMSIgaGVpZ2h0PSIxIiB4bWxucz0iaHR0cDovL3d3dy53My5vcmcvMjAwMC9zdmciPjwvc3ZnPg==\" style=\"--smush-placeholder-width: 1024px; --smush-placeholder-aspect-ratio: 1024\/575;\" data-original-sizes=\"(max-width: 1024px) 100vw, 1024px\">\t\t\t\t\t<\/a>\n\t\t\t\t\t\t\t<\/div>\n\t\t\t\t\t\t<h4 class=\"uagb-post__title uagb-post__text\">\n\t\t\t\t<a href=\"https:\/\/www.motorprosa.com\/en\/the-light-painter-uli-biggemann-a-portrait\/\" target=\"_self\" rel=\"bookmark noopener noreferrer\">The &#8220;Light painter&#8221; Uli Biggemann: a portrait<\/a>\n\t\t\t<\/h4>\n\t\t\t\t\t\t<div class='uagb-post__text uagb-post-grid-byline'>\n\t\t\t\t\t\t\t\t<span class=\"uagb-post__comment\">\n\t\t\t\t<span class=\"dashicons-admin-comments dashicons\"><\/span>\t\t\t\t\tNo Comments\t\t\t\t<\/span>\n\t\t\t\t\t\t\t<div class=\"uagb-post__text\">\n\t\t\t\t\t<span class='uagb-post__taxonomy'>\n\t\t\t\t\t\t<span class=\"dashicons-tag dashicons\"><\/span>\t\t\t\t\t\t<a href=\"https:\/\/www.motorprosa.com\/en\/category\/portraits-en\/\">Portraits<\/a>,&nbsp;<a href=\"https:\/\/www.motorprosa.com\/en\/category\/photography\/\">Photography<\/a>\t\t\t\t\t<\/span>\n\t\t\t\t<\/div>\n\t\t\t\t\t\t\t<\/div>\n\t\t\t\t\t\t\t<div class='uagb-post__text uagb-post__excerpt'>\n\t\t\t\t\tUli Biggemann, the man behind moppetfoto.de, is a master of his craft. I got to know him during a special experience. A Portrait.\t\t\t\t<\/div>\n\t\t\t\n\t\t\t\t\t\t\t\t\t<\/article>\n\t\t\t\t\t\t\t\t\t\t\t\t\t\t\t\t<article class=\"uagb-post__inner-wrap\">\t\t\t\t\t\t\t\t<div class='uagb-post__image'>\n\t\t\t\t\t\t\t\t\t<a href=\"https:\/\/www.motorprosa.com\/en\/stelvio-count-from-1-to-10\/\" target=\"_self\" rel=\"bookmark noopener noreferrer\" class='uagb-image-ratio-inherit'><img decoding=\"async\" width=\"1024\" height=\"559\" data-src=\"https:\/\/b2642856.assetcdn.net\/2.0\/2642856\/wp-content\/uploads\/2021\/10\/motorprosa-blog-header-zaehl-von-1-bis-10-effekt-1024x559.jpg?lossy=1&strip=1&webp=1\" class=\"attachment-large size-large lazyload\" alt=\"MotorProsa: Stilfserjoch - Z\u00e4hl von 1 bis 10\" data-srcset=\"https:\/\/b2642856.assetcdn.net\/2.0\/2642856\/wp-content\/uploads\/2021\/10\/motorprosa-blog-header-zaehl-von-1-bis-10-effekt-1024x559.jpg?lossy=1&strip=1&webp=1 1024w, https:\/\/b2642856.assetcdn.net\/2.0\/2642856\/wp-content\/uploads\/2021\/10\/motorprosa-blog-header-zaehl-von-1-bis-10-effekt-300x164.jpg?lossy=1&strip=1&webp=1 300w, https:\/\/b2642856.assetcdn.net\/2.0\/2642856\/wp-content\/uploads\/2021\/10\/motorprosa-blog-header-zaehl-von-1-bis-10-effekt.jpg?lossy=1&strip=1&webp=1 1200w, https:\/\/b2642856.assetcdn.net\/2.0\/2642856\/wp-content\/uploads\/2021\/10\/motorprosa-blog-header-zaehl-von-1-bis-10-effekt.jpg?size=240x131&lossy=1&strip=1&webp=1 240w, https:\/\/b2642856.assetcdn.net\/2.0\/2642856\/wp-content\/uploads\/2021\/10\/motorprosa-blog-header-zaehl-von-1-bis-10-effekt.jpg?size=480x262&lossy=1&strip=1&webp=1 480w, https:\/\/b2642856.assetcdn.net\/2.0\/2642856\/wp-content\/uploads\/2021\/10\/motorprosa-blog-header-zaehl-von-1-bis-10-effekt.jpg?size=720x393&lossy=1&strip=1&webp=1 720w, https:\/\/b2642856.assetcdn.net\/2.0\/2642856\/wp-content\/uploads\/2021\/10\/motorprosa-blog-header-zaehl-von-1-bis-10-effekt.jpg?size=960x524&lossy=1&strip=1&webp=1 960w\" data-sizes=\"auto\" title=\"\" src=\"data:image\/svg+xml;base64,PHN2ZyB3aWR0aD0iMSIgaGVpZ2h0PSIxIiB4bWxucz0iaHR0cDovL3d3dy53My5vcmcvMjAwMC9zdmciPjwvc3ZnPg==\" style=\"--smush-placeholder-width: 1024px; --smush-placeholder-aspect-ratio: 1024\/559;\" data-original-sizes=\"(max-width: 1024px) 100vw, 1024px\">\t\t\t\t\t<\/a>\n\t\t\t\t\t\t\t<\/div>\n\t\t\t\t\t\t<h4 class=\"uagb-post__title uagb-post__text\">\n\t\t\t\t<a href=\"https:\/\/www.motorprosa.com\/en\/stelvio-count-from-1-to-10\/\" target=\"_self\" rel=\"bookmark noopener noreferrer\">Stelvio &#8211; Count from 1 to 10!<\/a>\n\t\t\t<\/h4>\n\t\t\t\t\t\t<div class='uagb-post__text uagb-post-grid-byline'>\n\t\t\t\t\t\t\t\t<span class=\"uagb-post__comment\">\n\t\t\t\t<span class=\"dashicons-admin-comments dashicons\"><\/span>\t\t\t\t\tNo Comments\t\t\t\t<\/span>\n\t\t\t\t\t\t\t<div class=\"uagb-post__text\">\n\t\t\t\t\t<span class='uagb-post__taxonomy'>\n\t\t\t\t\t\t<span class=\"dashicons-tag dashicons\"><\/span>\t\t\t\t\t\t<a href=\"https:\/\/www.motorprosa.com\/en\/category\/200-years-stelvio-pass\/\">200 years Stelvio Pass<\/a>,&nbsp;<a href=\"https:\/\/www.motorprosa.com\/en\/category\/dream-roads\/\">Dream Roads<\/a>,&nbsp;<a href=\"https:\/\/www.motorprosa.com\/en\/category\/photography\/\">Photography<\/a>\t\t\t\t\t<\/span>\n\t\t\t\t<\/div>\n\t\t\t\t\t\t\t<\/div>\n\t\t\t\t\t\t\t<div class='uagb-post__text uagb-post__excerpt'>\n\t\t\t\t\tA picture gallery of the first 10 hairpin bends of the Stelvio, the &#8220;world wonder of road construction&#8221;. <br><br>Have fun looking at them!\t\t\t\t<\/div>\n\t\t\t\n\t\t\t\t\t\t\t\t\t<\/article>\n\t\t\t\t\t\t\t\t\t\t\t\t\t\t\t\t<article class=\"uagb-post__inner-wrap\">\t\t\t\t\t\t\t\t<div class='uagb-post__image'>\n\t\t\t\t\t\t\t\t\t<a href=\"https:\/\/www.motorprosa.com\/en\/a-message-from-your-knee-pad\/\" target=\"_self\" rel=\"bookmark noopener noreferrer\" class='uagb-image-ratio-inherit'><img decoding=\"async\" width=\"1024\" height=\"559\" data-src=\"https:\/\/b2642856.assetcdn.net\/2.0\/2642856\/wp-content\/uploads\/2021\/10\/motorprosa-blog-header-knieschleifer-effekt-1024x559.jpg?lossy=1&strip=1&webp=1\" class=\"attachment-large size-large lazyload\" alt=\"MotorProsa: Eine Nachricht von Deinem Knieschleifer\" data-srcset=\"https:\/\/b2642856.assetcdn.net\/2.0\/2642856\/wp-content\/uploads\/2021\/10\/motorprosa-blog-header-knieschleifer-effekt-1024x559.jpg?lossy=1&strip=1&webp=1 1024w, https:\/\/b2642856.assetcdn.net\/2.0\/2642856\/wp-content\/uploads\/2021\/10\/motorprosa-blog-header-knieschleifer-effekt-300x164.jpg?lossy=1&strip=1&webp=1 300w, https:\/\/b2642856.assetcdn.net\/2.0\/2642856\/wp-content\/uploads\/2021\/10\/motorprosa-blog-header-knieschleifer-effekt.jpg?lossy=1&strip=1&webp=1 1200w, https:\/\/b2642856.assetcdn.net\/2.0\/2642856\/wp-content\/uploads\/2021\/10\/motorprosa-blog-header-knieschleifer-effekt.jpg?size=240x131&lossy=1&strip=1&webp=1 240w, https:\/\/b2642856.assetcdn.net\/2.0\/2642856\/wp-content\/uploads\/2021\/10\/motorprosa-blog-header-knieschleifer-effekt.jpg?size=480x262&lossy=1&strip=1&webp=1 480w, https:\/\/b2642856.assetcdn.net\/2.0\/2642856\/wp-content\/uploads\/2021\/10\/motorprosa-blog-header-knieschleifer-effekt.jpg?size=720x393&lossy=1&strip=1&webp=1 720w, https:\/\/b2642856.assetcdn.net\/2.0\/2642856\/wp-content\/uploads\/2021\/10\/motorprosa-blog-header-knieschleifer-effekt.jpg?size=960x524&lossy=1&strip=1&webp=1 960w\" data-sizes=\"auto\" title=\"\" src=\"data:image\/svg+xml;base64,PHN2ZyB3aWR0aD0iMSIgaGVpZ2h0PSIxIiB4bWxucz0iaHR0cDovL3d3dy53My5vcmcvMjAwMC9zdmciPjwvc3ZnPg==\" style=\"--smush-placeholder-width: 1024px; --smush-placeholder-aspect-ratio: 1024\/559;\" data-original-sizes=\"(max-width: 1024px) 100vw, 1024px\">\t\t\t\t\t<\/a>\n\t\t\t\t\t\t\t<\/div>\n\t\t\t\t\t\t<h4 class=\"uagb-post__title uagb-post__text\">\n\t\t\t\t<a href=\"https:\/\/www.motorprosa.com\/en\/a-message-from-your-knee-pad\/\" target=\"_self\" rel=\"bookmark noopener noreferrer\">A message from your knee pad<\/a>\n\t\t\t<\/h4>\n\t\t\t\t\t\t<div class='uagb-post__text uagb-post-grid-byline'>\n\t\t\t\t\t\t\t\t<span class=\"uagb-post__comment\">\n\t\t\t\t<span class=\"dashicons-admin-comments dashicons\"><\/span>\t\t\t\t\tNo Comments\t\t\t\t<\/span>\n\t\t\t\t\t\t\t<div class=\"uagb-post__text\">\n\t\t\t\t\t<span class='uagb-post__taxonomy'>\n\t\t\t\t\t\t<span class=\"dashicons-tag dashicons\"><\/span>\t\t\t\t\t\t<a href=\"https:\/\/www.motorprosa.com\/en\/category\/a-message-from\/\">A Message from &#8230;<\/a>,&nbsp;<a href=\"https:\/\/www.motorprosa.com\/en\/category\/sarcasm\/\">Sarcasm<\/a>\t\t\t\t\t<\/span>\n\t\t\t\t<\/div>\n\t\t\t\t\t\t\t<\/div>\n\t\t\t\t\t\t\t<div class='uagb-post__text uagb-post__excerpt'>\n\t\t\t\t\tHello! It&#8217;s me, your knee pad. Please forgive my strange voice, but my throat has been scratchy since our last trip. Shall we talk about&#8230;\t\t\t\t<\/div>\n\t\t\t\n\t\t\t\t\t\t\t\t\t<\/article>\n\t\t\t\t\t\t\t\t\t\t\t\t\t\t\t\t<article class=\"uagb-post__inner-wrap\">\t\t\t\t\t\t\t\t<div class='uagb-post__image'>\n\t\t\t\t\t\t\t\t\t<a href=\"https:\/\/www.motorprosa.com\/en\/in-the-snow-with-my-motorcycle\/\" target=\"_self\" rel=\"bookmark noopener noreferrer\" class='uagb-image-ratio-inherit'><img decoding=\"async\" width=\"1024\" height=\"559\" data-src=\"https:\/\/b2642856.assetcdn.net\/2.0\/2642856\/wp-content\/uploads\/2021\/10\/motorprosa-blog-header-motorrad-im-schnee-effekt-1024x559.jpg?lossy=1&strip=1&webp=1\" class=\"attachment-large size-large lazyload\" alt=\"MotorProsa: Mit meinem Motorrad im Schnee\" data-srcset=\"https:\/\/b2642856.assetcdn.net\/2.0\/2642856\/wp-content\/uploads\/2021\/10\/motorprosa-blog-header-motorrad-im-schnee-effekt-1024x559.jpg?lossy=1&strip=1&webp=1 1024w, https:\/\/b2642856.assetcdn.net\/2.0\/2642856\/wp-content\/uploads\/2021\/10\/motorprosa-blog-header-motorrad-im-schnee-effekt-300x164.jpg?lossy=1&strip=1&webp=1 300w, https:\/\/b2642856.assetcdn.net\/2.0\/2642856\/wp-content\/uploads\/2021\/10\/motorprosa-blog-header-motorrad-im-schnee-effekt.jpg?lossy=1&strip=1&webp=1 1200w, https:\/\/b2642856.assetcdn.net\/2.0\/2642856\/wp-content\/uploads\/2021\/10\/motorprosa-blog-header-motorrad-im-schnee-effekt.jpg?size=240x131&lossy=1&strip=1&webp=1 240w, https:\/\/b2642856.assetcdn.net\/2.0\/2642856\/wp-content\/uploads\/2021\/10\/motorprosa-blog-header-motorrad-im-schnee-effekt.jpg?size=480x262&lossy=1&strip=1&webp=1 480w, https:\/\/b2642856.assetcdn.net\/2.0\/2642856\/wp-content\/uploads\/2021\/10\/motorprosa-blog-header-motorrad-im-schnee-effekt.jpg?size=720x393&lossy=1&strip=1&webp=1 720w, https:\/\/b2642856.assetcdn.net\/2.0\/2642856\/wp-content\/uploads\/2021\/10\/motorprosa-blog-header-motorrad-im-schnee-effekt.jpg?size=960x524&lossy=1&strip=1&webp=1 960w\" data-sizes=\"auto\" title=\"\" src=\"data:image\/svg+xml;base64,PHN2ZyB3aWR0aD0iMSIgaGVpZ2h0PSIxIiB4bWxucz0iaHR0cDovL3d3dy53My5vcmcvMjAwMC9zdmciPjwvc3ZnPg==\" style=\"--smush-placeholder-width: 1024px; --smush-placeholder-aspect-ratio: 1024\/559;\" data-original-sizes=\"(max-width: 1024px) 100vw, 1024px\">\t\t\t\t\t<\/a>\n\t\t\t\t\t\t\t<\/div>\n\t\t\t\t\t\t<h4 class=\"uagb-post__title uagb-post__text\">\n\t\t\t\t<a href=\"https:\/\/www.motorprosa.com\/en\/in-the-snow-with-my-motorcycle\/\" target=\"_self\" rel=\"bookmark noopener noreferrer\">In the snow with my motorcycle<\/a>\n\t\t\t<\/h4>\n\t\t\t\t\t\t<div class='uagb-post__text uagb-post-grid-byline'>\n\t\t\t\t\t\t\t\t<span class=\"uagb-post__comment\">\n\t\t\t\t<span class=\"dashicons-admin-comments dashicons\"><\/span>\t\t\t\t\t1 Comment\t\t\t\t<\/span>\n\t\t\t\t\t\t\t<div class=\"uagb-post__text\">\n\t\t\t\t\t<span class='uagb-post__taxonomy'>\n\t\t\t\t\t\t<span class=\"dashicons-tag dashicons\"><\/span>\t\t\t\t\t\t<a href=\"https:\/\/www.motorprosa.com\/en\/category\/on-the-road\/\">On the Road<\/a>,&nbsp;<a href=\"https:\/\/www.motorprosa.com\/en\/category\/motorcycles\/ducati-en\/\">Ducati<\/a>\t\t\t\t\t<\/span>\n\t\t\t\t<\/div>\n\t\t\t\t\t\t\t<\/div>\n\t\t\t\t\t\t\t<div class='uagb-post__text uagb-post__excerpt'>\n\t\t\t\t\tNovember, in the middle of the South Tyrolean Alps. The temperatures are around zero, the landscape is covered in snow. Crystal clear visibility, empty roads&#8230;\t\t\t\t<\/div>\n\t\t\t\n\t\t\t\t\t\t\t\t\t<\/article>\n\t\t\t\t\t\t\t\t\t\t\t\t\t\t\t\t<article class=\"uagb-post__inner-wrap\">\t\t\t\t\t\t\t\t<div class='uagb-post__image'>\n\t\t\t\t\t\t\t\t\t<a href=\"https:\/\/www.motorprosa.com\/en\/lets-climb-the-stelvio-together\/\" target=\"_self\" rel=\"bookmark noopener noreferrer\" class='uagb-image-ratio-inherit'><img decoding=\"async\" width=\"1024\" height=\"559\" data-src=\"https:\/\/b2642856.assetcdn.net\/2.0\/2642856\/wp-content\/uploads\/2021\/10\/motorprosa-blog-header-gemeinsam-aufs-joch-effekt-1024x559.jpg?lossy=1&strip=1&webp=1\" class=\"attachment-large size-large lazyload\" alt=\"MotorProsa: Gemeinsam auf&#039;s Stilfser Joch\" data-srcset=\"https:\/\/b2642856.assetcdn.net\/2.0\/2642856\/wp-content\/uploads\/2021\/10\/motorprosa-blog-header-gemeinsam-aufs-joch-effekt-1024x559.jpg?lossy=1&strip=1&webp=1 1024w, https:\/\/b2642856.assetcdn.net\/2.0\/2642856\/wp-content\/uploads\/2021\/10\/motorprosa-blog-header-gemeinsam-aufs-joch-effekt-300x164.jpg?lossy=1&strip=1&webp=1 300w, https:\/\/b2642856.assetcdn.net\/2.0\/2642856\/wp-content\/uploads\/2021\/10\/motorprosa-blog-header-gemeinsam-aufs-joch-effekt.jpg?lossy=1&strip=1&webp=1 1200w, https:\/\/b2642856.assetcdn.net\/2.0\/2642856\/wp-content\/uploads\/2021\/10\/motorprosa-blog-header-gemeinsam-aufs-joch-effekt.jpg?size=240x131&lossy=1&strip=1&webp=1 240w, https:\/\/b2642856.assetcdn.net\/2.0\/2642856\/wp-content\/uploads\/2021\/10\/motorprosa-blog-header-gemeinsam-aufs-joch-effekt.jpg?size=480x262&lossy=1&strip=1&webp=1 480w, https:\/\/b2642856.assetcdn.net\/2.0\/2642856\/wp-content\/uploads\/2021\/10\/motorprosa-blog-header-gemeinsam-aufs-joch-effekt.jpg?size=720x393&lossy=1&strip=1&webp=1 720w, https:\/\/b2642856.assetcdn.net\/2.0\/2642856\/wp-content\/uploads\/2021\/10\/motorprosa-blog-header-gemeinsam-aufs-joch-effekt.jpg?size=960x524&lossy=1&strip=1&webp=1 960w\" data-sizes=\"auto\" title=\"\" src=\"data:image\/svg+xml;base64,PHN2ZyB3aWR0aD0iMSIgaGVpZ2h0PSIxIiB4bWxucz0iaHR0cDovL3d3dy53My5vcmcvMjAwMC9zdmciPjwvc3ZnPg==\" style=\"--smush-placeholder-width: 1024px; --smush-placeholder-aspect-ratio: 1024\/559;\" data-original-sizes=\"(max-width: 1024px) 100vw, 1024px\">\t\t\t\t\t<\/a>\n\t\t\t\t\t\t\t<\/div>\n\t\t\t\t\t\t<h4 class=\"uagb-post__title uagb-post__text\">\n\t\t\t\t<a href=\"https:\/\/www.motorprosa.com\/en\/lets-climb-the-stelvio-together\/\" target=\"_self\" rel=\"bookmark noopener noreferrer\">Let&#8217;s climb the Stelvio together!<\/a>\n\t\t\t<\/h4>\n\t\t\t\t\t\t<div class='uagb-post__text uagb-post-grid-byline'>\n\t\t\t\t\t\t\t\t<span class=\"uagb-post__comment\">\n\t\t\t\t<span class=\"dashicons-admin-comments dashicons\"><\/span>\t\t\t\t\tNo Comments\t\t\t\t<\/span>\n\t\t\t\t\t\t\t<div class=\"uagb-post__text\">\n\t\t\t\t\t<span class='uagb-post__taxonomy'>\n\t\t\t\t\t\t<span class=\"dashicons-tag dashicons\"><\/span>\t\t\t\t\t\t<a href=\"https:\/\/www.motorprosa.com\/en\/category\/200-years-stelvio-pass\/\">200 years Stelvio Pass<\/a>,&nbsp;<a href=\"https:\/\/www.motorprosa.com\/en\/category\/dream-roads\/\">Dream Roads<\/a>,&nbsp;<a href=\"https:\/\/www.motorprosa.com\/en\/category\/sarcasm\/\">Sarcasm<\/a>\t\t\t\t\t<\/span>\n\t\t\t\t<\/div>\n\t\t\t\t\t\t\t<\/div>\n\t\t\t\t\t\t\t<div class='uagb-post__text uagb-post__excerpt'>\n\t\t\t\t\tFancy playing a mind game? &#8217;cause car drivers, cyclists and motorcyclists travel together on the Stelvio \u2013 what might be going through their minds?\t\t\t\t<\/div>\n\t\t\t\n\t\t\t\t\t\t\t\t\t<\/article>\n\t\t\t\t\t\t\t\t\t\t\t\t\t\t\t\t<article class=\"uagb-post__inner-wrap\">\t\t\t\t\t\t\t\t<div class='uagb-post__image'>\n\t\t\t\t\t\t\t\t\t<a href=\"https:\/\/www.motorprosa.com\/en\/zero-sr-f-nix-nada-niente\/\" target=\"_self\" rel=\"bookmark noopener noreferrer\" class='uagb-image-ratio-inherit'><img decoding=\"async\" width=\"1024\" height=\"575\" data-src=\"https:\/\/b2642856.assetcdn.net\/2.0\/2642856\/wp-content\/uploads\/2022\/02\/motorprosa-blog-header-zero-srf-nix-nada-niente-1-effekt-1024x575.jpg?lossy=1&strip=1&webp=1\" class=\"attachment-large size-large lazyload\" alt=\"MotorProsa: Blog Header Zero SR\/F - Nix. Nada. Niente. Effekt\" data-srcset=\"https:\/\/b2642856.assetcdn.net\/2.0\/2642856\/wp-content\/uploads\/2022\/02\/motorprosa-blog-header-zero-srf-nix-nada-niente-1-effekt-1024x575.jpg?lossy=1&strip=1&webp=1 1024w, https:\/\/b2642856.assetcdn.net\/2.0\/2642856\/wp-content\/uploads\/2022\/02\/motorprosa-blog-header-zero-srf-nix-nada-niente-1-effekt-300x169.jpg?lossy=1&strip=1&webp=1 300w, https:\/\/b2642856.assetcdn.net\/2.0\/2642856\/wp-content\/uploads\/2022\/02\/motorprosa-blog-header-zero-srf-nix-nada-niente-1-effekt.jpg?lossy=1&strip=1&webp=1 1200w, https:\/\/b2642856.assetcdn.net\/2.0\/2642856\/wp-content\/uploads\/2022\/02\/motorprosa-blog-header-zero-srf-nix-nada-niente-1-effekt.jpg?size=240x135&lossy=1&strip=1&webp=1 240w, https:\/\/b2642856.assetcdn.net\/2.0\/2642856\/wp-content\/uploads\/2022\/02\/motorprosa-blog-header-zero-srf-nix-nada-niente-1-effekt.jpg?size=480x270&lossy=1&strip=1&webp=1 480w, https:\/\/b2642856.assetcdn.net\/2.0\/2642856\/wp-content\/uploads\/2022\/02\/motorprosa-blog-header-zero-srf-nix-nada-niente-1-effekt.jpg?size=720x404&lossy=1&strip=1&webp=1 720w, https:\/\/b2642856.assetcdn.net\/2.0\/2642856\/wp-content\/uploads\/2022\/02\/motorprosa-blog-header-zero-srf-nix-nada-niente-1-effekt.jpg?size=960x539&lossy=1&strip=1&webp=1 960w\" data-sizes=\"auto\" title=\"\" src=\"data:image\/svg+xml;base64,PHN2ZyB3aWR0aD0iMSIgaGVpZ2h0PSIxIiB4bWxucz0iaHR0cDovL3d3dy53My5vcmcvMjAwMC9zdmciPjwvc3ZnPg==\" style=\"--smush-placeholder-width: 1024px; --smush-placeholder-aspect-ratio: 1024\/575;\" data-original-sizes=\"(max-width: 1024px) 100vw, 1024px\">\t\t\t\t\t<\/a>\n\t\t\t\t\t\t\t<\/div>\n\t\t\t\t\t\t<h4 class=\"uagb-post__title uagb-post__text\">\n\t\t\t\t<a href=\"https:\/\/www.motorprosa.com\/en\/zero-sr-f-nix-nada-niente\/\" target=\"_self\" rel=\"bookmark noopener noreferrer\">4 weeks Zero SR\/F \u2013 Nix? Nada? Niente?<\/a>\n\t\t\t<\/h4>\n\t\t\t\t\t\t<div class='uagb-post__text uagb-post-grid-byline'>\n\t\t\t\t\t\t\t\t<span class=\"uagb-post__comment\">\n\t\t\t\t<span class=\"dashicons-admin-comments dashicons\"><\/span>\t\t\t\t\tNo Comments\t\t\t\t<\/span>\n\t\t\t\t\t\t\t<div class=\"uagb-post__text\">\n\t\t\t\t\t<span class='uagb-post__taxonomy'>\n\t\t\t\t\t\t<span class=\"dashicons-tag dashicons\"><\/span>\t\t\t\t\t\t<a href=\"https:\/\/www.motorprosa.com\/en\/category\/electromobility\/\">Electromobility<\/a>,&nbsp;<a href=\"https:\/\/www.motorprosa.com\/en\/category\/motorcycles\/zero-motorcycles\/\">Zero Motorcycles<\/a>\t\t\t\t\t<\/span>\n\t\t\t\t<\/div>\n\t\t\t\t\t\t\t<\/div>\n\t\t\t\t\t\t\t<div class='uagb-post__text uagb-post__excerpt'>\n\t\t\t\t\tA new quality of motorcycle riding, experienced on the Zero SR\/F. Weightless, silent power and highly emotional dynamic experiences \u2013 on an electric motorcycle! Unimaginable?&#8230;\t\t\t\t<\/div>\n\t\t\t\n\t\t\t\t\t\t\t\t\t<\/article>\n\t\t\t\t\t\t\t\t\t\t\t\t\t\t\t\t<article class=\"uagb-post__inner-wrap\">\t\t\t\t\t\t\t\t<div class='uagb-post__image'>\n\t\t\t\t\t\t\t\t\t<a href=\"https:\/\/www.motorprosa.com\/en\/zero-sr-f-the-electric-way-of-drive\/\" target=\"_self\" rel=\"bookmark noopener noreferrer\" class='uagb-image-ratio-inherit'><img decoding=\"async\" width=\"1024\" height=\"559\" data-src=\"https:\/\/b2642856.assetcdn.net\/2.0\/2642856\/wp-content\/uploads\/2021\/10\/motorprosa-blog-header-electrical-way-of-drive-effekt-1024x559.jpg?lossy=1&strip=1&webp=1\" class=\"attachment-large size-large lazyload\" alt=\"The Electrical Way of Drive: Zero SR\/F\" data-srcset=\"https:\/\/b2642856.assetcdn.net\/2.0\/2642856\/wp-content\/uploads\/2021\/10\/motorprosa-blog-header-electrical-way-of-drive-effekt-1024x559.jpg?lossy=1&strip=1&webp=1 1024w, https:\/\/b2642856.assetcdn.net\/2.0\/2642856\/wp-content\/uploads\/2021\/10\/motorprosa-blog-header-electrical-way-of-drive-effekt-300x164.jpg?lossy=1&strip=1&webp=1 300w, https:\/\/b2642856.assetcdn.net\/2.0\/2642856\/wp-content\/uploads\/2021\/10\/motorprosa-blog-header-electrical-way-of-drive-effekt.jpg?lossy=1&strip=1&webp=1 1200w, https:\/\/b2642856.assetcdn.net\/2.0\/2642856\/wp-content\/uploads\/2021\/10\/motorprosa-blog-header-electrical-way-of-drive-effekt.jpg?size=240x131&lossy=1&strip=1&webp=1 240w, https:\/\/b2642856.assetcdn.net\/2.0\/2642856\/wp-content\/uploads\/2021\/10\/motorprosa-blog-header-electrical-way-of-drive-effekt.jpg?size=480x262&lossy=1&strip=1&webp=1 480w, https:\/\/b2642856.assetcdn.net\/2.0\/2642856\/wp-content\/uploads\/2021\/10\/motorprosa-blog-header-electrical-way-of-drive-effekt.jpg?size=720x393&lossy=1&strip=1&webp=1 720w, https:\/\/b2642856.assetcdn.net\/2.0\/2642856\/wp-content\/uploads\/2021\/10\/motorprosa-blog-header-electrical-way-of-drive-effekt.jpg?size=960x524&lossy=1&strip=1&webp=1 960w\" data-sizes=\"auto\" title=\"\" src=\"data:image\/svg+xml;base64,PHN2ZyB3aWR0aD0iMSIgaGVpZ2h0PSIxIiB4bWxucz0iaHR0cDovL3d3dy53My5vcmcvMjAwMC9zdmciPjwvc3ZnPg==\" style=\"--smush-placeholder-width: 1024px; --smush-placeholder-aspect-ratio: 1024\/559;\" data-original-sizes=\"(max-width: 1024px) 100vw, 1024px\">\t\t\t\t\t<\/a>\n\t\t\t\t\t\t\t<\/div>\n\t\t\t\t\t\t<h4 class=\"uagb-post__title uagb-post__text\">\n\t\t\t\t<a href=\"https:\/\/www.motorprosa.com\/en\/zero-sr-f-the-electric-way-of-drive\/\" target=\"_self\" rel=\"bookmark noopener noreferrer\">Zero SR\/F: The Electric Way of Drive<\/a>\n\t\t\t<\/h4>\n\t\t\t\t\t\t<div class='uagb-post__text uagb-post-grid-byline'>\n\t\t\t\t\t\t\t\t<span class=\"uagb-post__comment\">\n\t\t\t\t<span class=\"dashicons-admin-comments dashicons\"><\/span>\t\t\t\t\tNo Comments\t\t\t\t<\/span>\n\t\t\t\t\t\t\t<div class=\"uagb-post__text\">\n\t\t\t\t\t<span class='uagb-post__taxonomy'>\n\t\t\t\t\t\t<span class=\"dashicons-tag dashicons\"><\/span>\t\t\t\t\t\t<a href=\"https:\/\/www.motorprosa.com\/en\/category\/electromobility\/\">Electromobility<\/a>,&nbsp;<a href=\"https:\/\/www.motorprosa.com\/en\/category\/motorcycles\/zero-motorcycles\/\">Zero Motorcycles<\/a>\t\t\t\t\t<\/span>\n\t\t\t\t<\/div>\n\t\t\t\t\t\t\t<\/div>\n\t\t\t\t\t\t\t<div class='uagb-post__text uagb-post__excerpt'>\n\t\t\t\t\tOn the road with the all-electric Zero SR\/F 14.4, the alternative Power Naked from the USA. Impressions of a first tour, lasting as long as&#8230;\t\t\t\t<\/div>\n\t\t\t\n\t\t\t\t\t\t\t\t\t<\/article>\n\t\t\t\t\t\t\t\t\t\t\t\t\t\t\t\t<article class=\"uagb-post__inner-wrap\">\t\t\t\t\t\t\t\t<div class='uagb-post__image'>\n\t\t\t\t\t\t\t\t\t<a href=\"https:\/\/www.motorprosa.com\/en\/once-i-had-a-flat-tyre\/\" target=\"_self\" rel=\"bookmark noopener noreferrer\" class='uagb-image-ratio-inherit'><img decoding=\"async\" width=\"1024\" height=\"575\" data-src=\"https:\/\/b2642856.assetcdn.net\/2.0\/2642856\/wp-content\/uploads\/2022\/02\/motorprosa-blog-header-supermoto-platten-1-effekt-1024x575.jpg?lossy=1&strip=1&webp=1\" class=\"attachment-large size-large lazyload\" alt=\"MotorProsa: Blog Header &quot;Als ich einmal einen Platten hatte&quot; Effekt\" data-srcset=\"https:\/\/b2642856.assetcdn.net\/2.0\/2642856\/wp-content\/uploads\/2022\/02\/motorprosa-blog-header-supermoto-platten-1-effekt-1024x575.jpg?lossy=1&strip=1&webp=1 1024w, https:\/\/b2642856.assetcdn.net\/2.0\/2642856\/wp-content\/uploads\/2022\/02\/motorprosa-blog-header-supermoto-platten-1-effekt-300x169.jpg?lossy=1&strip=1&webp=1 300w, https:\/\/b2642856.assetcdn.net\/2.0\/2642856\/wp-content\/uploads\/2022\/02\/motorprosa-blog-header-supermoto-platten-1-effekt.jpg?lossy=1&strip=1&webp=1 1200w, https:\/\/b2642856.assetcdn.net\/2.0\/2642856\/wp-content\/uploads\/2022\/02\/motorprosa-blog-header-supermoto-platten-1-effekt.jpg?size=240x135&lossy=1&strip=1&webp=1 240w, https:\/\/b2642856.assetcdn.net\/2.0\/2642856\/wp-content\/uploads\/2022\/02\/motorprosa-blog-header-supermoto-platten-1-effekt.jpg?size=480x270&lossy=1&strip=1&webp=1 480w, https:\/\/b2642856.assetcdn.net\/2.0\/2642856\/wp-content\/uploads\/2022\/02\/motorprosa-blog-header-supermoto-platten-1-effekt.jpg?size=720x404&lossy=1&strip=1&webp=1 720w, https:\/\/b2642856.assetcdn.net\/2.0\/2642856\/wp-content\/uploads\/2022\/02\/motorprosa-blog-header-supermoto-platten-1-effekt.jpg?size=960x539&lossy=1&strip=1&webp=1 960w\" data-sizes=\"auto\" title=\"\" src=\"data:image\/svg+xml;base64,PHN2ZyB3aWR0aD0iMSIgaGVpZ2h0PSIxIiB4bWxucz0iaHR0cDovL3d3dy53My5vcmcvMjAwMC9zdmciPjwvc3ZnPg==\" style=\"--smush-placeholder-width: 1024px; --smush-placeholder-aspect-ratio: 1024\/575;\" data-original-sizes=\"(max-width: 1024px) 100vw, 1024px\">\t\t\t\t\t<\/a>\n\t\t\t\t\t\t\t<\/div>\n\t\t\t\t\t\t<h4 class=\"uagb-post__title uagb-post__text\">\n\t\t\t\t<a href=\"https:\/\/www.motorprosa.com\/en\/once-i-had-a-flat-tyre\/\" target=\"_self\" rel=\"bookmark noopener noreferrer\">Once I had a flat tyre<\/a>\n\t\t\t<\/h4>\n\t\t\t\t\t\t<div class='uagb-post__text uagb-post-grid-byline'>\n\t\t\t\t\t\t\t\t<span class=\"uagb-post__comment\">\n\t\t\t\t<span class=\"dashicons-admin-comments dashicons\"><\/span>\t\t\t\t\tNo Comments\t\t\t\t<\/span>\n\t\t\t\t\t\t\t<div class=\"uagb-post__text\">\n\t\t\t\t\t<span class='uagb-post__taxonomy'>\n\t\t\t\t\t\t<span class=\"dashicons-tag dashicons\"><\/span>\t\t\t\t\t\t<a href=\"https:\/\/www.motorprosa.com\/en\/category\/motorcycles\/ktm-en\/\">KTM<\/a>,&nbsp;<a href=\"https:\/\/www.motorprosa.com\/en\/category\/motorcycles\/\">Motorcycles<\/a>\t\t\t\t\t<\/span>\n\t\t\t\t<\/div>\n\t\t\t\t\t\t\t<\/div>\n\t\t\t\t\t\t\t<div class='uagb-post__text uagb-post__excerpt'>\n\t\t\t\t\t<p>I wrote the craziest Tales from the Curve in the saddle of a KTM LC4 625 SCSM. With this motorcycle, a crazy, sharp Supermoto, nothing&#8230;\t\t\t\t<\/div>\n\t\t\t\n\t\t\t\t\t\t\t\t\t<\/article>\n\t\t\t\t\t\t\t\t\t\t\t\t\t\t\t\t<article class=\"uagb-post__inner-wrap\">\t\t\t\t\t\t\t\t<div class='uagb-post__image'>\n\t\t\t\t\t\t\t\t\t<a href=\"https:\/\/www.motorprosa.com\/en\/depression\/\" target=\"_self\" rel=\"bookmark noopener noreferrer\" class='uagb-image-ratio-inherit'><img decoding=\"async\" width=\"1024\" height=\"591\" data-src=\"https:\/\/b2642856.assetcdn.net\/2.0\/2642856\/wp-content\/uploads\/2021\/10\/motorprosa-blog-header-depression-effekt-1024x591.jpg?lossy=1&strip=1&webp=1\" class=\"attachment-large size-large lazyload\" alt=\"MotorProsa: Mein Leben mit der Depression\" data-srcset=\"https:\/\/b2642856.assetcdn.net\/2.0\/2642856\/wp-content\/uploads\/2021\/10\/motorprosa-blog-header-depression-effekt-1024x591.jpg?lossy=1&strip=1&webp=1 1024w, https:\/\/b2642856.assetcdn.net\/2.0\/2642856\/wp-content\/uploads\/2021\/10\/motorprosa-blog-header-depression-effekt-300x173.jpg?lossy=1&strip=1&webp=1 300w, https:\/\/b2642856.assetcdn.net\/2.0\/2642856\/wp-content\/uploads\/2021\/10\/motorprosa-blog-header-depression-effekt.jpg?lossy=1&strip=1&webp=1 1200w, https:\/\/b2642856.assetcdn.net\/2.0\/2642856\/wp-content\/uploads\/2021\/10\/motorprosa-blog-header-depression-effekt.jpg?size=240x139&lossy=1&strip=1&webp=1 240w, https:\/\/b2642856.assetcdn.net\/2.0\/2642856\/wp-content\/uploads\/2021\/10\/motorprosa-blog-header-depression-effekt.jpg?size=480x277&lossy=1&strip=1&webp=1 480w, https:\/\/b2642856.assetcdn.net\/2.0\/2642856\/wp-content\/uploads\/2021\/10\/motorprosa-blog-header-depression-effekt.jpg?size=720x416&lossy=1&strip=1&webp=1 720w, https:\/\/b2642856.assetcdn.net\/2.0\/2642856\/wp-content\/uploads\/2021\/10\/motorprosa-blog-header-depression-effekt.jpg?size=960x554&lossy=1&strip=1&webp=1 960w\" data-sizes=\"auto\" title=\"\" src=\"data:image\/svg+xml;base64,PHN2ZyB3aWR0aD0iMSIgaGVpZ2h0PSIxIiB4bWxucz0iaHR0cDovL3d3dy53My5vcmcvMjAwMC9zdmciPjwvc3ZnPg==\" style=\"--smush-placeholder-width: 1024px; --smush-placeholder-aspect-ratio: 1024\/591;\" data-original-sizes=\"(max-width: 1024px) 100vw, 1024px\">\t\t\t\t\t<\/a>\n\t\t\t\t\t\t\t<\/div>\n\t\t\t\t\t\t<h4 class=\"uagb-post__title uagb-post__text\">\n\t\t\t\t<a href=\"https:\/\/www.motorprosa.com\/en\/depression\/\" target=\"_self\" rel=\"bookmark noopener noreferrer\">Depression<\/a>\n\t\t\t<\/h4>\n\t\t\t\t\t\t<div class='uagb-post__text uagb-post-grid-byline'>\n\t\t\t\t\t\t\t\t<span class=\"uagb-post__comment\">\n\t\t\t\t<span class=\"dashicons-admin-comments dashicons\"><\/span>\t\t\t\t\tNo Comments\t\t\t\t<\/span>\n\t\t\t\t\t\t\t<div class=\"uagb-post__text\">\n\t\t\t\t\t<span class='uagb-post__taxonomy'>\n\t\t\t\t\t\t<span class=\"dashicons-tag dashicons\"><\/span>\t\t\t\t\t\t<a href=\"https:\/\/www.motorprosa.com\/en\/category\/about-me\/\">About Me<\/a>,&nbsp;<a href=\"https:\/\/www.motorprosa.com\/en\/category\/extremes\/\">Extremes<\/a>\t\t\t\t\t<\/span>\n\t\t\t\t<\/div>\n\t\t\t\t\t\t\t<\/div>\n\t\t\t\t\t\t\t<div class='uagb-post__text uagb-post__excerpt'>\n\t\t\t\t\tLiving with Depression. Difficult times, years long gone, which I fortunately only remember darkly (sic!).\t\t\t\t<\/div>\n\t\t\t\n\t\t\t\t\t\t\t\t\t<\/article>\n\t\t\t\t\t\t\t\t\t\t\t\t\t\t\t\t<article class=\"uagb-post__inner-wrap\">\t\t\t\t\t\t\t\t<div class='uagb-post__image'>\n\t\t\t\t\t\t\t\t\t<a href=\"https:\/\/www.motorprosa.com\/en\/energica-ego-new-motorcycling\/\" target=\"_self\" rel=\"bookmark noopener noreferrer\" class='uagb-image-ratio-inherit'><img decoding=\"async\" width=\"1024\" height=\"559\" data-src=\"https:\/\/b2642856.assetcdn.net\/2.0\/2642856\/wp-content\/uploads\/2021\/10\/motorprosa-blog-header-stromaufwaerts-effekt-1024x559.jpg?lossy=1&strip=1&webp=1\" class=\"attachment-large size-large lazyload\" alt=\"MotorProsa: Energica Ego - Neues Motorradfahren\" data-srcset=\"https:\/\/b2642856.assetcdn.net\/2.0\/2642856\/wp-content\/uploads\/2021\/10\/motorprosa-blog-header-stromaufwaerts-effekt-1024x559.jpg?lossy=1&strip=1&webp=1 1024w, https:\/\/b2642856.assetcdn.net\/2.0\/2642856\/wp-content\/uploads\/2021\/10\/motorprosa-blog-header-stromaufwaerts-effekt-300x164.jpg?lossy=1&strip=1&webp=1 300w, https:\/\/b2642856.assetcdn.net\/2.0\/2642856\/wp-content\/uploads\/2021\/10\/motorprosa-blog-header-stromaufwaerts-effekt.jpg?lossy=1&strip=1&webp=1 1200w, https:\/\/b2642856.assetcdn.net\/2.0\/2642856\/wp-content\/uploads\/2021\/10\/motorprosa-blog-header-stromaufwaerts-effekt.jpg?size=240x131&lossy=1&strip=1&webp=1 240w, https:\/\/b2642856.assetcdn.net\/2.0\/2642856\/wp-content\/uploads\/2021\/10\/motorprosa-blog-header-stromaufwaerts-effekt.jpg?size=480x262&lossy=1&strip=1&webp=1 480w, https:\/\/b2642856.assetcdn.net\/2.0\/2642856\/wp-content\/uploads\/2021\/10\/motorprosa-blog-header-stromaufwaerts-effekt.jpg?size=720x393&lossy=1&strip=1&webp=1 720w, https:\/\/b2642856.assetcdn.net\/2.0\/2642856\/wp-content\/uploads\/2021\/10\/motorprosa-blog-header-stromaufwaerts-effekt.jpg?size=960x524&lossy=1&strip=1&webp=1 960w\" data-sizes=\"auto\" title=\"\" src=\"data:image\/svg+xml;base64,PHN2ZyB3aWR0aD0iMSIgaGVpZ2h0PSIxIiB4bWxucz0iaHR0cDovL3d3dy53My5vcmcvMjAwMC9zdmciPjwvc3ZnPg==\" style=\"--smush-placeholder-width: 1024px; --smush-placeholder-aspect-ratio: 1024\/559;\" data-original-sizes=\"(max-width: 1024px) 100vw, 1024px\">\t\t\t\t\t<\/a>\n\t\t\t\t\t\t\t<\/div>\n\t\t\t\t\t\t<h4 class=\"uagb-post__title uagb-post__text\">\n\t\t\t\t<a href=\"https:\/\/www.motorprosa.com\/en\/energica-ego-new-motorcycling\/\" target=\"_self\" rel=\"bookmark noopener noreferrer\">Energica Ego \u2013 New Motorcycling<\/a>\n\t\t\t<\/h4>\n\t\t\t\t\t\t<div class='uagb-post__text uagb-post-grid-byline'>\n\t\t\t\t\t\t\t\t<span class=\"uagb-post__comment\">\n\t\t\t\t<span class=\"dashicons-admin-comments dashicons\"><\/span>\t\t\t\t\tNo Comments\t\t\t\t<\/span>\n\t\t\t\t\t\t\t<div class=\"uagb-post__text\">\n\t\t\t\t\t<span class='uagb-post__taxonomy'>\n\t\t\t\t\t\t<span class=\"dashicons-tag dashicons\"><\/span>\t\t\t\t\t\t<a href=\"https:\/\/www.motorprosa.com\/en\/category\/electromobility\/\">Electromobility<\/a>,&nbsp;<a href=\"https:\/\/www.motorprosa.com\/en\/category\/motorcycles\/\">Motorcycles<\/a>\t\t\t\t\t<\/span>\n\t\t\t\t<\/div>\n\t\t\t\t\t\t\t<\/div>\n\t\t\t\t\t\t\t<div class='uagb-post__text uagb-post__excerpt'>\n\t\t\t\t\tOn the road with the beautiful Energica Ego and the Eva Esse Esse 9 &#8211; unique italian motorbikes with an unusual drivetrain.\t\t\t\t<\/div>\n\t\t\t\n\t\t\t\t\t\t\t\t\t<\/article>\n\t\t\t\t\t\t\t\t\t\t\t\t\t\t\t\t<article class=\"uagb-post__inner-wrap\">\t\t\t\t\t\t\t\t<div class='uagb-post__image'>\n\t\t\t\t\t\t\t\t\t<a href=\"https:\/\/www.motorprosa.com\/en\/stelvio-pass-on-a-bicycle-the-last-4-bends\/\" target=\"_self\" rel=\"bookmark noopener noreferrer\" class='uagb-image-ratio-inherit'><img decoding=\"async\" width=\"1024\" height=\"575\" data-src=\"https:\/\/b2642856.assetcdn.net\/2.0\/2642856\/wp-content\/uploads\/2025\/01\/MotorProsa-Blog-Header-Die-letzten-4-Kehren-Effekt-1024x575.jpg?lossy=1&strip=1&webp=1\" class=\"attachment-large size-large lazyload\" alt=\"\" data-srcset=\"https:\/\/b2642856.assetcdn.net\/2.0\/2642856\/wp-content\/uploads\/2025\/01\/MotorProsa-Blog-Header-Die-letzten-4-Kehren-Effekt-1024x575.jpg?lossy=1&strip=1&webp=1 1024w, https:\/\/b2642856.assetcdn.net\/2.0\/2642856\/wp-content\/uploads\/2025\/01\/MotorProsa-Blog-Header-Die-letzten-4-Kehren-Effekt-300x169.jpg?lossy=1&strip=1&webp=1 300w, https:\/\/b2642856.assetcdn.net\/2.0\/2642856\/wp-content\/uploads\/2025\/01\/MotorProsa-Blog-Header-Die-letzten-4-Kehren-Effekt-768x431.jpg?lossy=1&strip=1&webp=1 768w, https:\/\/b2642856.assetcdn.net\/2.0\/2642856\/wp-content\/uploads\/2025\/01\/MotorProsa-Blog-Header-Die-letzten-4-Kehren-Effekt.jpg?lossy=1&strip=1&webp=1 1200w, https:\/\/b2642856.assetcdn.net\/2.0\/2642856\/wp-content\/uploads\/2025\/01\/MotorProsa-Blog-Header-Die-letzten-4-Kehren-Effekt.jpg?size=240x135&lossy=1&strip=1&webp=1 240w, https:\/\/b2642856.assetcdn.net\/2.0\/2642856\/wp-content\/uploads\/2025\/01\/MotorProsa-Blog-Header-Die-letzten-4-Kehren-Effekt.jpg?size=480x270&lossy=1&strip=1&webp=1 480w, https:\/\/b2642856.assetcdn.net\/2.0\/2642856\/wp-content\/uploads\/2025\/01\/MotorProsa-Blog-Header-Die-letzten-4-Kehren-Effekt.jpg?size=960x539&lossy=1&strip=1&webp=1 960w\" data-sizes=\"auto\" title=\"\" src=\"data:image\/svg+xml;base64,PHN2ZyB3aWR0aD0iMSIgaGVpZ2h0PSIxIiB4bWxucz0iaHR0cDovL3d3dy53My5vcmcvMjAwMC9zdmciPjwvc3ZnPg==\" style=\"--smush-placeholder-width: 1024px; --smush-placeholder-aspect-ratio: 1024\/575;\" data-original-sizes=\"(max-width: 1024px) 100vw, 1024px\">\t\t\t\t\t<\/a>\n\t\t\t\t\t\t\t<\/div>\n\t\t\t\t\t\t<h4 class=\"uagb-post__title uagb-post__text\">\n\t\t\t\t<a href=\"https:\/\/www.motorprosa.com\/en\/stelvio-pass-on-a-bicycle-the-last-4-bends\/\" target=\"_self\" rel=\"bookmark noopener noreferrer\">Stelvio Pass on a bicycle: The last 4 bends<\/a>\n\t\t\t<\/h4>\n\t\t\t\t\t\t<div class='uagb-post__text uagb-post-grid-byline'>\n\t\t\t\t\t\t\t\t<span class=\"uagb-post__comment\">\n\t\t\t\t<span class=\"dashicons-admin-comments dashicons\"><\/span>\t\t\t\t\tNo Comments\t\t\t\t<\/span>\n\t\t\t\t\t\t\t<div class=\"uagb-post__text\">\n\t\t\t\t\t<span class='uagb-post__taxonomy'>\n\t\t\t\t\t\t<span class=\"dashicons-tag dashicons\"><\/span>\t\t\t\t\t\t<a href=\"https:\/\/www.motorprosa.com\/en\/category\/about-me\/project-2018\/\">Project 2018<\/a>,&nbsp;<a href=\"https:\/\/www.motorprosa.com\/en\/category\/200-years-stelvio-pass\/\">200 years Stelvio Pass<\/a>\t\t\t\t\t<\/span>\n\t\t\t\t<\/div>\n\t\t\t\t\t\t\t<\/div>\n\t\t\t\t\t\t\t<div class='uagb-post__text uagb-post__excerpt'>\n\t\t\t\t\tThe last 4 bends of the Stelvio Pass. After a whole summer of trying and failing, I finally made it to the top. By bicycle.\t\t\t\t<\/div>\n\t\t\t\n\t\t\t\t\t\t\t\t\t<\/article>\n\t\t\t\t\t\t\t\t\t\t\t\t\t\t\t\t<article class=\"uagb-post__inner-wrap\">\t\t\t\t\t\t\t\t<div class='uagb-post__image'>\n\t\t\t\t\t\t\t\t\t<a href=\"https:\/\/www.motorprosa.com\/en\/stelvio-on-a-bicycle-1000-vertical-metres\/\" target=\"_self\" rel=\"bookmark noopener noreferrer\" class='uagb-image-ratio-inherit'><img decoding=\"async\" width=\"1024\" height=\"575\" data-src=\"https:\/\/b2642856.assetcdn.net\/2.0\/2642856\/wp-content\/uploads\/2020\/02\/MotorProsa-Blog-Header-1000-Hoehenmeter-1-Effekt-1024x575.jpg?lossy=1&strip=1&webp=1\" class=\"attachment-large size-large lazyload\" alt=\"\" data-srcset=\"https:\/\/b2642856.assetcdn.net\/2.0\/2642856\/wp-content\/uploads\/2020\/02\/MotorProsa-Blog-Header-1000-Hoehenmeter-1-Effekt-1024x575.jpg?lossy=1&strip=1&webp=1 1024w, https:\/\/b2642856.assetcdn.net\/2.0\/2642856\/wp-content\/uploads\/2020\/02\/MotorProsa-Blog-Header-1000-Hoehenmeter-1-Effekt-300x169.jpg?lossy=1&strip=1&webp=1 300w, https:\/\/b2642856.assetcdn.net\/2.0\/2642856\/wp-content\/uploads\/2020\/02\/MotorProsa-Blog-Header-1000-Hoehenmeter-1-Effekt-768x431.jpg?lossy=1&strip=1&webp=1 768w, https:\/\/b2642856.assetcdn.net\/2.0\/2642856\/wp-content\/uploads\/2020\/02\/MotorProsa-Blog-Header-1000-Hoehenmeter-1-Effekt.jpg?lossy=1&strip=1&webp=1 1200w, https:\/\/b2642856.assetcdn.net\/2.0\/2642856\/wp-content\/uploads\/2020\/02\/MotorProsa-Blog-Header-1000-Hoehenmeter-1-Effekt.jpg?size=240x135&lossy=1&strip=1&webp=1 240w, https:\/\/b2642856.assetcdn.net\/2.0\/2642856\/wp-content\/uploads\/2020\/02\/MotorProsa-Blog-Header-1000-Hoehenmeter-1-Effekt.jpg?size=480x270&lossy=1&strip=1&webp=1 480w, https:\/\/b2642856.assetcdn.net\/2.0\/2642856\/wp-content\/uploads\/2020\/02\/MotorProsa-Blog-Header-1000-Hoehenmeter-1-Effekt.jpg?size=960x539&lossy=1&strip=1&webp=1 960w\" data-sizes=\"auto\" title=\"\" src=\"data:image\/svg+xml;base64,PHN2ZyB3aWR0aD0iMSIgaGVpZ2h0PSIxIiB4bWxucz0iaHR0cDovL3d3dy53My5vcmcvMjAwMC9zdmciPjwvc3ZnPg==\" style=\"--smush-placeholder-width: 1024px; --smush-placeholder-aspect-ratio: 1024\/575;\" data-original-sizes=\"(max-width: 1024px) 100vw, 1024px\">\t\t\t\t\t<\/a>\n\t\t\t\t\t\t\t<\/div>\n\t\t\t\t\t\t<h4 class=\"uagb-post__title uagb-post__text\">\n\t\t\t\t<a href=\"https:\/\/www.motorprosa.com\/en\/stelvio-on-a-bicycle-1000-vertical-metres\/\" target=\"_self\" rel=\"bookmark noopener noreferrer\">Stelvio Pass on a bicycle: 1000 vertical metres<\/a>\n\t\t\t<\/h4>\n\t\t\t\t\t\t<div class='uagb-post__text uagb-post-grid-byline'>\n\t\t\t\t\t\t\t\t<span class=\"uagb-post__comment\">\n\t\t\t\t<span class=\"dashicons-admin-comments dashicons\"><\/span>\t\t\t\t\tNo Comments\t\t\t\t<\/span>\n\t\t\t\t\t\t\t<div class=\"uagb-post__text\">\n\t\t\t\t\t<span class='uagb-post__taxonomy'>\n\t\t\t\t\t\t<span class=\"dashicons-tag dashicons\"><\/span>\t\t\t\t\t\t<a href=\"https:\/\/www.motorprosa.com\/en\/category\/about-me\/project-2018\/\">Project 2018<\/a>,&nbsp;<a href=\"https:\/\/www.motorprosa.com\/en\/category\/200-years-stelvio-pass\/\">200 years Stelvio Pass<\/a>\t\t\t\t\t<\/span>\n\t\t\t\t<\/div>\n\t\t\t\t\t\t\t<\/div>\n\t\t\t\t\t\t\t<div class='uagb-post__text uagb-post__excerpt'>\n\t\t\t\t\tIt needs time and it hurts. But I have a plan &#8211; I want do get onto the Stelvio Pass on a bicycle. One big&#8230;\t\t\t\t<\/div>\n\t\t\t\n\t\t\t\t\t\t\t\t\t<\/article>\n\t\t\t\t\t\t\t\t\t\t\t\t\t\t\t\t<article class=\"uagb-post__inner-wrap\">\t\t\t\t\t\t\t\t<div class='uagb-post__image'>\n\t\t\t\t\t\t\t\t\t<a href=\"https:\/\/www.motorprosa.com\/en\/stelvio-on-a-bicycle-100-vertical-metres\/\" target=\"_self\" rel=\"bookmark noopener noreferrer\" class='uagb-image-ratio-inherit'><img decoding=\"async\" width=\"1024\" height=\"575\" data-src=\"https:\/\/b2642856.assetcdn.net\/2.0\/2642856\/wp-content\/uploads\/2025\/01\/MotorProsa-Blog-Header-100-Hoehenmeter-1-Effekt-1024x575.jpg?lossy=1&strip=1&webp=1\" class=\"attachment-large size-large lazyload\" alt=\"\" data-srcset=\"https:\/\/b2642856.assetcdn.net\/2.0\/2642856\/wp-content\/uploads\/2025\/01\/MotorProsa-Blog-Header-100-Hoehenmeter-1-Effekt-1024x575.jpg?lossy=1&strip=1&webp=1 1024w, https:\/\/b2642856.assetcdn.net\/2.0\/2642856\/wp-content\/uploads\/2025\/01\/MotorProsa-Blog-Header-100-Hoehenmeter-1-Effekt-300x169.jpg?lossy=1&strip=1&webp=1 300w, https:\/\/b2642856.assetcdn.net\/2.0\/2642856\/wp-content\/uploads\/2025\/01\/MotorProsa-Blog-Header-100-Hoehenmeter-1-Effekt-768x431.jpg?lossy=1&strip=1&webp=1 768w, https:\/\/b2642856.assetcdn.net\/2.0\/2642856\/wp-content\/uploads\/2025\/01\/MotorProsa-Blog-Header-100-Hoehenmeter-1-Effekt.jpg?lossy=1&strip=1&webp=1 1200w, https:\/\/b2642856.assetcdn.net\/2.0\/2642856\/wp-content\/uploads\/2025\/01\/MotorProsa-Blog-Header-100-Hoehenmeter-1-Effekt.jpg?size=240x135&lossy=1&strip=1&webp=1 240w, https:\/\/b2642856.assetcdn.net\/2.0\/2642856\/wp-content\/uploads\/2025\/01\/MotorProsa-Blog-Header-100-Hoehenmeter-1-Effekt.jpg?size=480x270&lossy=1&strip=1&webp=1 480w, https:\/\/b2642856.assetcdn.net\/2.0\/2642856\/wp-content\/uploads\/2025\/01\/MotorProsa-Blog-Header-100-Hoehenmeter-1-Effekt.jpg?size=960x539&lossy=1&strip=1&webp=1 960w\" data-sizes=\"auto\" title=\"\" src=\"data:image\/svg+xml;base64,PHN2ZyB3aWR0aD0iMSIgaGVpZ2h0PSIxIiB4bWxucz0iaHR0cDovL3d3dy53My5vcmcvMjAwMC9zdmciPjwvc3ZnPg==\" style=\"--smush-placeholder-width: 1024px; --smush-placeholder-aspect-ratio: 1024\/575;\" data-original-sizes=\"(max-width: 1024px) 100vw, 1024px\">\t\t\t\t\t<\/a>\n\t\t\t\t\t\t\t<\/div>\n\t\t\t\t\t\t<h4 class=\"uagb-post__title uagb-post__text\">\n\t\t\t\t<a href=\"https:\/\/www.motorprosa.com\/en\/stelvio-on-a-bicycle-100-vertical-metres\/\" target=\"_self\" rel=\"bookmark noopener noreferrer\">Stelvio Pass on a bicycle: 100 vertical metres<\/a>\n\t\t\t<\/h4>\n\t\t\t\t\t\t<div class='uagb-post__text uagb-post-grid-byline'>\n\t\t\t\t\t\t\t\t<span class=\"uagb-post__comment\">\n\t\t\t\t<span class=\"dashicons-admin-comments dashicons\"><\/span>\t\t\t\t\tNo Comments\t\t\t\t<\/span>\n\t\t\t\t\t\t\t<div class=\"uagb-post__text\">\n\t\t\t\t\t<span class='uagb-post__taxonomy'>\n\t\t\t\t\t\t<span class=\"dashicons-tag dashicons\"><\/span>\t\t\t\t\t\t<a href=\"https:\/\/www.motorprosa.com\/en\/category\/about-me\/project-2018\/\">Project 2018<\/a>,&nbsp;<a href=\"https:\/\/www.motorprosa.com\/en\/category\/200-years-stelvio-pass\/\">200 years Stelvio Pass<\/a>\t\t\t\t\t<\/span>\n\t\t\t\t<\/div>\n\t\t\t\t\t\t\t<\/div>\n\t\t\t\t\t\t\t<div class='uagb-post__text uagb-post__excerpt'>\n\t\t\t\t\tLet&#8217;s do it &#8211; climb the Stelvio Pass on a bicycle. It souds like a great idea, but the first 100 vertical metres tell me&#8230;\t\t\t\t<\/div>\n\t\t\t\n\t\t\t\t\t\t\t\t\t<\/article>\n\t\t\t\t\t\t\t\t\t\t\t\t\t\t\t\t<article class=\"uagb-post__inner-wrap\">\t\t\t\t\t\t\t\t<div class='uagb-post__image'>\n\t\t\t\t\t\t\t\t\t<a href=\"https:\/\/www.motorprosa.com\/en\/ultracycling-go-further-than-the-rest\/\" target=\"_self\" rel=\"bookmark noopener noreferrer\" class='uagb-image-ratio-inherit'><img decoding=\"async\" width=\"1024\" height=\"575\" data-src=\"https:\/\/b2642856.assetcdn.net\/2.0\/2642856\/wp-content\/uploads\/2025\/01\/MotorProsa-Blog-Header-Ultracycling-Effekt-1024x575.jpg?lossy=1&strip=1&webp=1\" class=\"attachment-large size-large lazyload\" alt=\"\" data-srcset=\"https:\/\/b2642856.assetcdn.net\/2.0\/2642856\/wp-content\/uploads\/2025\/01\/MotorProsa-Blog-Header-Ultracycling-Effekt-1024x575.jpg?lossy=1&strip=1&webp=1 1024w, https:\/\/b2642856.assetcdn.net\/2.0\/2642856\/wp-content\/uploads\/2025\/01\/MotorProsa-Blog-Header-Ultracycling-Effekt-300x169.jpg?lossy=1&strip=1&webp=1 300w, https:\/\/b2642856.assetcdn.net\/2.0\/2642856\/wp-content\/uploads\/2025\/01\/MotorProsa-Blog-Header-Ultracycling-Effekt-768x431.jpg?lossy=1&strip=1&webp=1 768w, https:\/\/b2642856.assetcdn.net\/2.0\/2642856\/wp-content\/uploads\/2025\/01\/MotorProsa-Blog-Header-Ultracycling-Effekt.jpg?lossy=1&strip=1&webp=1 1200w, https:\/\/b2642856.assetcdn.net\/2.0\/2642856\/wp-content\/uploads\/2025\/01\/MotorProsa-Blog-Header-Ultracycling-Effekt.jpg?size=240x135&lossy=1&strip=1&webp=1 240w, https:\/\/b2642856.assetcdn.net\/2.0\/2642856\/wp-content\/uploads\/2025\/01\/MotorProsa-Blog-Header-Ultracycling-Effekt.jpg?size=480x270&lossy=1&strip=1&webp=1 480w, https:\/\/b2642856.assetcdn.net\/2.0\/2642856\/wp-content\/uploads\/2025\/01\/MotorProsa-Blog-Header-Ultracycling-Effekt.jpg?size=960x539&lossy=1&strip=1&webp=1 960w\" data-sizes=\"auto\" title=\"\" src=\"data:image\/svg+xml;base64,PHN2ZyB3aWR0aD0iMSIgaGVpZ2h0PSIxIiB4bWxucz0iaHR0cDovL3d3dy53My5vcmcvMjAwMC9zdmciPjwvc3ZnPg==\" style=\"--smush-placeholder-width: 1024px; --smush-placeholder-aspect-ratio: 1024\/575;\" data-original-sizes=\"(max-width: 1024px) 100vw, 1024px\">\t\t\t\t\t<\/a>\n\t\t\t\t\t\t\t<\/div>\n\t\t\t\t\t\t<h4 class=\"uagb-post__title uagb-post__text\">\n\t\t\t\t<a href=\"https:\/\/www.motorprosa.com\/en\/ultracycling-go-further-than-the-rest\/\" target=\"_self\" rel=\"bookmark noopener noreferrer\">Ultracycling \u2013 Go further than the rest<\/a>\n\t\t\t<\/h4>\n\t\t\t\t\t\t<div class='uagb-post__text uagb-post-grid-byline'>\n\t\t\t\t\t\t\t\t<span class=\"uagb-post__comment\">\n\t\t\t\t<span class=\"dashicons-admin-comments dashicons\"><\/span>\t\t\t\t\tNo Comments\t\t\t\t<\/span>\n\t\t\t\t\t\t\t<div class=\"uagb-post__text\">\n\t\t\t\t\t<span class='uagb-post__taxonomy'>\n\t\t\t\t\t\t<span class=\"dashicons-tag dashicons\"><\/span>\t\t\t\t\t\t<a href=\"https:\/\/www.motorprosa.com\/en\/category\/about-me\/project-2018\/\">Project 2018<\/a>,&nbsp;<a href=\"https:\/\/www.motorprosa.com\/en\/category\/200-years-stelvio-pass\/\">200 years Stelvio Pass<\/a>\t\t\t\t\t<\/span>\n\t\t\t\t<\/div>\n\t\t\t\t\t\t\t<\/div>\n\t\t\t\t\t\t\t<div class='uagb-post__text uagb-post__excerpt'>\n\t\t\t\t\tUltracycling and what my first encounter with this extreme sport triggered in me.\t\t\t\t<\/div>\n\t\t\t\n\t\t\t\t\t\t\t\t\t<\/article>\n\t\t\t\t\t\t\t\t\t\t\t<\/div>\n\t\t\t\n\n\n<div style=\"height:50px\" aria-hidden=\"true\" class=\"wp-block-spacer\"><\/div>\n","protected":false},"excerpt":{"rendered":"<p>All MotorProsa tales at a glance. Just click your way through!<\/p>\n","protected":false},"author":1,"featured_media":0,"parent":0,"menu_order":6,"comment_status":"closed","ping_status":"closed","template":"","meta":{"_uag_custom_page_level_css":"","_lmt_disableupdate":"","_lmt_disable":"","yasr_overall_rating":0,"yasr_post_is_review":"","yasr_auto_insert_disabled":"","yasr_review_type":"","footnotes":""},"class_list":["post-4244","page","type-page","status-publish","infinite-scroll-item","no-featured-image-padding"],"yasr_visitor_votes":{"stars_attributes":{"read_only":false,"span_bottom":false},"number_of_votes":0,"sum_votes":0},"uagb_featured_image_src":{"full":false,"thumbnail":false,"medium":false,"medium_large":false,"large":false,"1536x1536":false,"2048x2048":false,"mailpoet_newsletter_max":false},"uagb_author_info":{"display_name":"J\u00fcrgen 'JvS' Theiner","author_link":"https:\/\/www.motorprosa.com\/en\/author\/infomotorprosa-com\/"},"uagb_comment_info":0,"uagb_excerpt":"All MotorProsa tales at a glance. Just click your way through!","_links":{"self":[{"href":"https:\/\/www.motorprosa.com\/en\/wp-json\/wp\/v2\/pages\/4244","targetHints":{"allow":["GET"]}}],"collection":[{"href":"https:\/\/www.motorprosa.com\/en\/wp-json\/wp\/v2\/pages"}],"about":[{"href":"https:\/\/www.motorprosa.com\/en\/wp-json\/wp\/v2\/types\/page"}],"author":[{"embeddable":true,"href":"https:\/\/www.motorprosa.com\/en\/wp-json\/wp\/v2\/users\/1"}],"replies":[{"embeddable":true,"href":"https:\/\/www.motorprosa.com\/en\/wp-json\/wp\/v2\/comments?post=4244"}],"version-history":[{"count":0,"href":"https:\/\/www.motorprosa.com\/en\/wp-json\/wp\/v2\/pages\/4244\/revisions"}],"wp:attachment":[{"href":"https:\/\/www.motorprosa.com\/en\/wp-json\/wp\/v2\/media?parent=4244"}],"curies":[{"name":"wp","href":"https:\/\/api.w.org\/{rel}","templated":true}]}}